{"id":720,"date":"2021-03-28T23:06:19","date_gmt":"2021-03-28T21:06:19","guid":{"rendered":"https:\/\/utwstarachowice.pl\/2021\/03\/28\/sprawozdanie-utw-za-2020-rok\/"},"modified":"2021-03-28T23:06:19","modified_gmt":"2021-03-28T21:06:19","slug":"sprawozdanie-utw-za-2020-rok","status":"publish","type":"page","link":"https:\/\/utwstarachowice.pl\/?page_id=720","title":{"rendered":"SPRAWOZDANIE UTW ZA 2020 ROK"},"content":{"rendered":"<p align=\"center\"><span style=\"font-size: large;\"><strong>Sprawozdanie z dzia\u0142alno\u015bci merytorycznej Uniwersytetu Trzeciego Wieku<\/strong><\/span><\/p>\n<p align=\"center\"><span style=\"font-size: large;\"><strong>w Starachowicach w 2020 roku.<\/strong><\/span><\/p>\n<p><span style=\"font-size: large;\">\u00a0<\/span><\/p>\n<p><span style=\"font-size: large;\">Rok 2020 by\u0142 rokiem szczeg\u00f3lnym w dzia\u0142alno\u015bci Uniwersytetu Trzeciego Wieku\u00a0 ale r\u00f3wnie\u017c \u00a0w \u017cyciu ca\u0142ego kraju \u2013 to rok pandemii Covid-19.<\/span><\/p>\n<p><span style=\"font-size: large;\">\u00a0<\/span><\/p>\n<p><span style=\"font-size: large;\">04.01. &#8211; uczestniczyli\u015bmy w projekcji filmu \u201e Aleksander Newski\u201d.<\/span><\/p>\n<p><span style=\"font-size: large;\">12.01. &#8211; wzi\u0119li\u015bmy udzia\u0142 w Finale Wielkiej Orkiestry \u015awi\u0105tecznej Pomocy\u201d, kt\u00f3ry odby\u0142 si\u0119 w Starachowickim Centrum Kultury. Tradycyjnie nasi S\u0142uchacze przygotowali wypieki, samodzielnie wykonane przedmioty r\u0119kodzie\u0142a artystycznego oraz dostarczyli przedmioty na aukcj\u0119. UTW zaj\u0119\u0142o trzecie miejsce w Starachowicach pod k\u0105tem zebranych funduszy.<\/span><\/p>\n<p><span style=\"font-size: large;\">16.01. \u2013 uczestniczyli\u015bmy w\u00a0 spotkaniu Noworocznym \u00a0w ZSZ, kt\u00f3ry u\u015bwietni\u0142 wyst\u0119p zespo\u0142u \u201e Srebrne Nuty\u201d, oraz wiersze w wykonaniu naszych S\u0142uchaczy.<\/span><\/p>\n<p><span style=\"font-size: large;\">16.01. &#8211; odby\u0142 si\u0119 wyk\u0142ad dr Krzysztofa G\u0119bury \u2013 \u201eDziedzictwo kulturowe kres\u00f3w\u201d.<\/span><\/p>\n<p><span style=\"font-size: large;\">21.01. \u2013 odby\u0142o si\u0119 spotkanie z autorami ksi\u0105\u017cki \u201eS\u0142owa jak kamienie \u2013 mowa nienawi\u015bci \u2013 k\u0142amstwa i agresja w sieci.\u201d<\/span><\/p>\n<p><span style=\"font-size: large;\">24.01. \u2013 wyjechali\u015bmy do Uniwersytetu Jana Kochanowskiego w Kielcach na zaj\u0119cia w pracowni chemicznej w ramach projektu \u201e Aktywny Senior\u201d.<\/span><\/p>\n<p><span style=\"font-size: large;\">25.01. \u2013 spacer edukacyjny pt. &#8222;Od Wierzbnika do Starachowic\u201d poprowadzi\u0142 Pawe\u0142 Ko\u0142odziejski.<\/span><\/p>\n<p><span style=\"font-size: large;\">01.02. \u2013 wzi\u0119li\u015bmy udzia\u0142 w projekcji filmu \u201ePancernik Potiomkin\u201d<\/span><\/p>\n<p><span style=\"font-size: large;\">11.02. \u2013 rozpocz\u0119\u0142y si\u0119 zaj\u0119cia w ramach projektu \u201eAktywny senior\u201d- modu\u0142 III \u2013 Ze sztuk\u0105 na ty\u00a0 \u00a0oraz IV modu\u0142- Chodzi o to aby j\u0119zyk gi\u0119tki powiedzia\u0142 wszystko co pomy\u015bli g\u0142owa.<\/span><\/p>\n<p><span style=\"font-size: large;\">14.02. &#8211; uczestniczyli\u015bmy\u00a0 w zabawie\u00a0 Walentynkowej\u00a0 w Starachowickiej Sp\u00f3\u0142dzielni Mieszkaniowej.<\/span><\/p>\n<p><span style=\"font-size: large;\">14. 02. &#8211; odby\u0142 si\u0119 wyk\u0142ad \u00a0Joanny Adamczyk Dziubi\u0144skiej pt. &#8222;Dubaj naj..naj..\u201d<\/span><\/p>\n<p><span style=\"font-size: large;\">16.02.\u00a0 &#8211; wyjechali\u015bmy na spektakl teatralny do Radomia pt. \u201e Ryzykowna forsa\u201d<\/span><\/p>\n<p><span style=\"font-size: large;\">17.02.\u00a0 &#8211; odby\u0142 si\u0119 spacer edukacyjny wok\u00f3\u0142 zalewu w W\u0105chocku zako\u0144czony ogniskiem integracyjnym,<\/span><\/p>\n<p><span style=\"font-size: large;\">05.03. \u2013 odby\u0142y si\u0119 uroczyste obchody \u201e Dnia Kobiet\u201d w Starachowickiej Sp\u00f3\u0142dzielni Mieszkaniowej.<\/span><\/p>\n<p><span style=\"font-size: large;\">07. 03. &#8211; Spacer edukacyjny z El\u017cbiet\u0105 Durlej \u015bladami \u201e Historia getta \u017cydowskiego\u201d<\/span><\/p>\n<p><span style=\"font-size: large;\">07.03 \u2013 uczestniczyli\u015bmy w projekcji\u00a0 filmu \u201e Rozkoszne go\u015bcinno\u015bci\u201d<\/span><\/p>\n<p><span style=\"font-size: large;\">Od. 12.03. zaj\u0119cia w UTW zosta\u0142y zawieszone z powodu panuj\u0105cej pandemii Covid -19.<\/span><\/p>\n<p><span style=\"font-size: large;\">Sekcja j\u0119zyka niemieckiego kontynuowa\u0142a zaj\u0119cia on-line przy pomocy r\u00f3\u017cnych komunikator\u00f3w, zaplanowany program edukacyjny zosta\u0142 zrealizowany.<\/span><\/p>\n<p><span style=\"font-size: large;\">Poniewa\u017c ferie zimowe trwa\u0142y do 27 lutego dlatego pozosta\u0142e sekcje spotka\u0142y si\u0119 1 lub 2 krotnie i nie zrealizowa\u0142y programu.<\/span><\/p>\n<p><span style=\"font-size: large;\">08.05. &#8211;\u00a0 z okazji Dnia Bibliotekarza sekcja literacka i poetycka przekaza\u0142y bibliotece \u017cyczenia i dedykacj\u0119 pt. \u201eNocne rodze\u0144stwa rozmowy\u201d.<\/span><\/p>\n<p><span style=\"font-size: large;\">02.06. &#8211; wzi\u0119li\u015bmy udzia\u0142 w akcji sprz\u0105tania terenu wok\u00f3\u0142 zbiornika wodnego Piachy<\/span><\/p>\n<p><span style=\"font-size: large;\">&#8211;\u00a0 od 03.06. ruszy\u0142y zaj\u0119cia ruchowe \u00a0jogi i zumby \u00a0pocz\u0105tkowo prowadzone na terenie boiska przy ul. Glinianej, kt\u00f3re by\u0142y kontynuowane w okresie wakacyjnym.<\/span><\/p>\n<p><span style=\"font-size: large;\">26.06 \u2013 odby\u0142o si\u0119 Walne Zebranie Sprawozdawcze UTW.<\/span><\/p>\n<p><span style=\"font-size: large;\">27.06. \u2013 na zako\u0144czenie roku \u00a0odby\u0142 si\u0119 spacer\u00a0 \u00a0wok\u00f3\u0142 Starachowic zako\u0144czony ogniskiem w Parowozowni.<\/span><\/p>\n<p><span style=\"font-size: large;\">Poniewa\u017c w roku akademickim 2019\/ 2020\u00a0 wi\u0119kszo\u015b\u0107 zaj\u0119\u0107 nie mog\u0142a si\u0119 odby\u0107, dlatego w wakacje,\u00a0 w okresie zniesionych obostrze\u0144 i przy zachowaniu bezpiecze\u0144stwa sanitarnego kontynuowali\u015bmy zaj\u0119cia w terenie.<\/span><\/p>\n<p><span style=\"font-size: large;\">14.07. \u2013 zorganizowali\u015bmy wsp\u00f3lnie z Nadle\u015bnictwem Starachowice wyjazd do Le\u015bnicz\u00f3wki \u201e Klepacze\u201d po\u0142\u0105czony ze spacerem po lesie i \u00a0ogniskiem.<\/span><\/p>\n<p><span style=\"font-size: large;\">21. 07. &#8211; pojechali\u015bmy na wycieczk\u0119 do Centrum Edukacji Przyrodniczej i Arboretum w Marculach.<\/span><\/p>\n<p><span style=\"font-size: large;\">&#8211; w okresie wakacji cz\u0142onkowie sekcji edukacji obywatelskiej spotykali si\u0119 w ka\u017cdy poniedzia\u0142ek w Spo\u0142eczno\u015bciowym Ogrodzie UTW.<\/span><\/p>\n<p><span style=\"font-size: large;\">13.08. &#8211; odby\u0142 si\u0119 spacer edukacyjny prowadzony przez Tomasza Cygana do &#8222;Cyga\u0144skiej Kapy&#8221;.<\/span><\/p>\n<p><span style=\"font-size: large;\">24.08. w ramach projektu\u00a0 grupa S\u0142uchaczy UTW wyjecha\u0142a do UJK w Kielcach na zaj\u0119cia warsztatowe pt. \u201eCzas zatrzymany w obiektywie\u201d.<\/span><\/p>\n<p><span style=\"font-size: large;\">06. 09. \u2013 Przedstawiciele Samorz\u0105du Studenckiego UTW z\u0142o\u017cyli kwiaty pod pomnikiem Obro\u0144c\u00f3w Starachowic.<\/span><\/p>\n<p><span style=\"font-size: large;\">10. 09. &#8211; odby\u0142 si\u0119 spacer organizowany przez cz\u0142onk\u00f3w ko\u0142a\u00a0 PTTK przy UTW do miejsc upami\u0119tniaj\u0105cych Powstanie Styczniowe\u00a0 w Budach Brodzkich i M\u0142ynku. W\u0119dr\u00f3wk\u0119 poprowadzi\u0142 Tomasz Cygan.<\/span><\/p>\n<p><span style=\"font-size: large;\">Od. 15. 09. kontynuowali\u015bmy zaj\u0119cia w ramach projektu \u201e Aktywny Senior.<\/span><\/p>\n<p><span style=\"font-size: large;\">Zosta\u0142y zrealizowane 3 modu\u0142y: \u201eZe sztuk\u0105 na ty\u201d \u2013 uczestniczy\u0142o w nim 26 os\u00f3b, \u201eChodzi o to aby j\u0119zyk gi\u0119tki wypowiedzia\u0142 wszystko co pomy\u015bli g\u0142owa\u201d \u2013 udzia\u0142 wzi\u0119\u0142o 20 os\u00f3b oraz modu\u0142 \u201eCudze chwalicie swego nie znacie\u201d \u2013 uczestniczy\u0142o w nim 26 os\u00f3b.<\/span><\/p>\n<p><span style=\"font-size: large;\">18.09. &#8211; w ramach obchod\u00f3w Dnia Seniora grupa 20 S\u0142uchaczy uczestniczy\u0142a w spacerze z kijkami nordic walking do Willi Rosochacz.<\/span><\/p>\n<p><span style=\"font-size: large;\">19.09. \u2013 w ramach akcji \u201eSprz\u0105tanie \u015bwiata\u201d uczestniczyli\u015bmy w porz\u0105dkowaniu terenu wok\u00f3\u0142 zbiornika wodnego \u201e Piachy\u201d. Na miejscu zbi\u00f3rki powita\u0142 nas i\u00a0 podzi\u0119kowa\u0142 za udzia\u0142 Prezydent Starachowic Marek Materek. Akcja sprz\u0105tania zako\u0144czy\u0142a si\u0119 wsp\u00f3lnym ogniskiem.<\/span><\/p>\n<p><span style=\"font-size: large;\">21.09. wzi\u0119li\u015bmy udzia\u0142 w akcji sadzenia lasu zorganizowanej przez Nadle\u015bnictwo Starachowice.<\/span><\/p>\n<p><span style=\"font-size: large;\">23.09. &#8211;\u00a0 odby\u0142o si\u0119 Nadzwyczajne Walne Zebranie Cz\u0142onk\u00f3w UTW, na kt\u00f3rym zatwierdzili\u015bmy nowy Statut oraz wysoko\u015b\u0107 sk\u0142adki cz\u0142onkowskiej.<\/span><\/p>\n<p><span style=\"font-size: large;\">26.09. &#8211; S\u0142uchacze UTW wzi\u0119li udzia\u0142 w zaj\u0119ciach warsztatowych i wyk\u0142adzie Wioletty Sobieraj w ramach projektu \u201e Mnisi i Cystersi\u201d, kt\u00f3ry odby\u0142 si\u0119 w Opactwie Cysters\u00f3w w W\u0105chocku.<\/span><\/p>\n<p><span style=\"font-size: large;\">03.10. \u2013 w ramach projektu \u201e Aktywny Senior\u201d odby\u0142 si\u0119 rajd Nordic Walking zako\u0144czony obiadem w Willi Rosochacz.<\/span><\/p>\n<p><span style=\"font-size: large;\">05.10. \u2013 odby\u0142a\u00a0 w Starostwie Powiatowym w Starachowicach uroczysta inauguracja Roku Akademickiego 2020\/2021.<\/span><\/p>\n<p><span style=\"font-size: large;\">13.10. &#8211; odby\u0142 si\u0119 w ramach sekcji literackiej w Miejskiej Bibliotece wyk\u0142ad o tw\u00f3rczo\u015bci Leopolda Tyrmanda przeprowadzony przez pracownika UJK w Kielcach.<\/span><\/p>\n<p><span style=\"font-size: large;\">14.10. \u2013 30 cz\u0142onk\u00f3w UTW pojecha\u0142o na wycieczk\u0119 do Wi\u015blicy, kt\u00f3ra by\u0142a dofinansowana z projektu przez Starostwo Powiatowe w Starachowicach. Przewodnikiem wycieczki by\u0142a El\u017cbieta Durlej.<\/span><\/p>\n<p><span style=\"font-size: large;\">16.10. \u2013 wzi\u0119li\u015bmy udzia\u0142 w wernisa\u017cu wystawy w Muzeum Przyrody i Techniki pt&#8221;Przemys\u0142 domowy-zabytkowe sztu\u0107ce\u00a0 i zastawy sto\u0142owe&#8221;.<\/span><\/p>\n<p><span style=\"font-size: large;\">19.10. \u2013 odby\u0142 si\u0119 wyk\u0142ad Zbigniewa Kopa\u0144skiego Pt. Historia Starachowic w starej fotografii<\/span><\/p>\n<p><span style=\"font-size: large;\">Od 24.10. \u2013 z powodu zwi\u0119kszonej ilo\u015bci zachorowa\u0144 i\u00a0 wprowadzenia w ca\u0142ym kraju czerwonej strefy,zaj\u0119cia w UTW zosta\u0142y zawieszone do odwo\u0142ania.<br \/><\/span><\/p>\n<p><span style=\"font-size: large;\">Zaj\u0119cia on-line prowadzone by\u0142y przez sekcj\u0119:<\/span><\/p>\n<p><span style=\"font-size: large;\">1.-j\u0119zyka niemieckiego,kt\u00f3ra pracowa\u0142a on-line w 2 grupach.\u0141\u0105cznie odby\u0142o si\u0119 30 godzin zaj\u0119\u0107,z kt\u00f3rych korzysta\u0142o 20 S\u0142uchaczy.Modyfikowany plan zosta\u0142 zrealizowany.<\/span><\/p>\n<p><span style=\"font-size: large;\">2.-sekcja psychologiczna kontynuowa\u0142a zaj\u0119cia poprzez wysy\u0142anie do S\u0142uchaczy tre\u015bci skanowanych artyku\u0142\u00f3w,dyskusje on-line i telefoniczne rozmowy daj\u0105ce wsparcie w trudnych chwilach i podtrzymuj\u0105ce\u00a0 wi\u0119zi.Z tej\u00a0 formy zaj\u0119\u0107 korzysta\u0142o 21 S\u0142uchaczy.Tematy artyku\u0142\u00f3w dotyczy\u0142y sposob\u00f3w radzenia sobie ze stresem oraz z l\u0119kiem spowodowanym pandemi\u0105.Porusza\u0142y problemy osobowo\u015bci ,warto\u015bci przyjazni oraz kontakt\u00f3w spo\u0142ecznych.<\/span><\/p>\n<p><span style=\"font-size: large;\">3.-sekcja j\u0119zyka rosyjskiego prowadzi\u0142a zaj\u0119cia on-line w 3 grupach. Z zaj\u0119\u0107 korzysta\u0142o 15 S\u0142uchaczy .Plan pracy zosta\u0142 cz\u0119\u015bciowo zrealizowany.<\/span><\/p>\n<p><span style=\"font-size: large;\">4.-sekcja poetycka &#8222;Feniks&#8221;-pracowa\u0142a zdalnie ,zebrano materia\u0142y pami\u0105tkowe ,zdj\u0119cia i wykonano &#8222;Pami\u0105tkow\u0105 Ksi\u0119g\u0119 grupy poetyckiej Feniks&#8221;obejmuj\u0105c\u0105 lata 2012-2020.Ksi\u0119ga kr\u0105\u017cy\u0142a od poety do poety by\u0142a przez S\u0142uchaczy\u00a0 uzupe\u0142niana. Sekcja wys\u0142a\u0142a\u00a0 2 prace literackie na konkurs\u00a0 z okazji 50- lecia Uniwersytetu Jana Kochanowskiego w Kielcach pt. \u201e Pie\u015bni\u00a0 i fraszki \u2013 s\u0142owne igraszki\u201d.\u00a0 Barbara Gos i\u00a0 Lucjana El\u017cbieta Nowak \u00a0otrzyma\u0142y dyplomy od Rektora UJK za uczestnictwo w konkursie.<\/span><\/p>\n<p><span style=\"font-size: large;\">\u00a0Pozosta\u0142e sekcje w II semestrze zawiesi\u0142y swoj\u0105 dzia\u0142alno\u015b\u0107 z powodu panuj\u0105cej pandemii Covid-19.<\/span><\/p>\n<p><span style=\"font-size: large;\">Opracowa\u0142a:<\/span><\/p>\n<p><span style=\"font-size: large;\">Wiceprezes Zarz\u0105du Anna Tokarska.<\/span><\/p>\n","protected":false},"excerpt":{"rendered":"<p>Sprawozdanie z dzia\u0142alno\u015bci merytorycznej Uniwersytetu Trzeciego Wieku w Starachowicach w 2020 roku. \u00a0 Rok 2020 by\u0142 rokiem szczeg\u00f3lnym w dzia\u0142alno\u015bci &hellip;<\/p>\n","protected":false},"author":3,"featured_media":0,"parent":0,"menu_order":2,"comment_status":"open","ping_status":"open","template":"","meta":{"footnotes":""},"categories":[8],"tags":[],"_links":{"self":[{"href":"https:\/\/utwstarachowice.pl\/index.php?rest_route=\/wp\/v2\/pages\/720"}],"collection":[{"href":"https:\/\/utwstarachowice.pl\/index.php?rest_route=\/wp\/v2\/pages"}],"about":[{"href":"https:\/\/utwstarachowice.pl\/index.php?rest_route=\/wp\/v2\/types\/page"}],"author":[{"embeddable":true,"href":"https:\/\/utwstarachowice.pl\/index.php?rest_route=\/wp\/v2\/users\/3"}],"replies":[{"embeddable":true,"href":"https:\/\/utwstarachowice.pl\/index.php?rest_route=%2Fwp%2Fv2%2Fcomments&post=720"}],"version-history":[{"count":0,"href":"https:\/\/utwstarachowice.pl\/index.php?rest_route=\/wp\/v2\/pages\/720\/revisions"}],"wp:attachment":[{"href":"https:\/\/utwstarachowice.pl\/index.php?rest_route=%2Fwp%2Fv2%2Fmedia&parent=720"}],"wp:term":[{"taxonomy":"category","embeddable":true,"href":"https:\/\/utwstarachowice.pl\/index.php?rest_route=%2Fwp%2Fv2%2Fcategories&post=720"},{"taxonomy":"post_tag","embeddable":true,"href":"https:\/\/utwstarachowice.pl\/index.php?rest_route=%2Fwp%2Fv2%2Ftags&post=720"}],"curies":[{"name":"wp","href":"https:\/\/api.w.org\/{rel}","templated":true}]}}