{"id":560,"date":"2020-02-25T16:59:09","date_gmt":"2020-02-25T15:59:09","guid":{"rendered":"https:\/\/utwstarachowice.pl\/2020\/02\/25\/sprawozdanie-za-rok-2019\/"},"modified":"2020-02-25T16:59:09","modified_gmt":"2020-02-25T15:59:09","slug":"sprawozdanie-za-rok-2019","status":"publish","type":"page","link":"https:\/\/utwstarachowice.pl\/?page_id=560","title":{"rendered":"SPRAWOZDANIE ZA ROK 2019"},"content":{"rendered":"<p><span style=\"font-family: arial, helvetica, sans-serif; font-size: medium;\">Sprawozdanie z dzia\u0142alno\u015bci UTW w Starachowicach w 2019 roku.<\/span><\/p>\n<p><span style=\"font-family: arial, helvetica, sans-serif; font-size: medium;\">-.09 stycznia wzi\u0119li\u015bmy udzia\u0142 w uroczysto\u015bciach z okazji Powstania Styczniowego na Polanie Langiewicza.<\/span><\/p>\n<p><span style=\"font-family: arial, helvetica, sans-serif; font-size: medium;\">-10 stycznia s\u0142uchacze UTW uczestniczyli w spektaklu&#8221;\u017bo\u0142nierz Kr\u00f3lowej Madagaskaru&#8221; w Teatrze Polskim w Warszawie.<\/span><\/p>\n<p><span style=\"font-family: arial, helvetica, sans-serif; font-size: medium;\">-13 stycznia organizowali\u015bmy stoisko z wypiekami i r\u0119kodzie\u0142em cz\u0142onk\u00f3w UTW w SCK i wspomagali\u015bmy akcj\u0119 Fina\u0142u Wielkiej Orkiestry \u015awi\u0105tecznej Pomocy.<\/span><\/p>\n<p><span style=\"font-family: arial, helvetica, sans-serif; font-size: medium;\">-23 stycznia odby\u0142a si\u0119 wycieczka z wnukami do Pacanowa.<\/span><\/p>\n<p><span style=\"font-family: arial, helvetica, sans-serif; font-size: medium;\">-04 lutego uczestniczyli\u015bmy w wyk\u0142adzie dr Jacka \u0141api\u0144skiego pt.&#8221;Rozw\u00f3j osobisty&#8221;.<\/span><\/p>\n<p><span style=\"font-family: arial, helvetica, sans-serif; font-size: medium;\">-03 marca brali\u015bmy udzia\u0142 w warsztatach kulinarnych w ZSZ nr 1.<\/span><\/p>\n<p><span style=\"font-family: arial, helvetica, sans-serif; font-size: medium;\">-05 marca mieli\u015bmy wsp\u00f3lne spotkanie z okazji Dnia Kobiet.<\/span><\/p>\n<p><span style=\"font-family: arial, helvetica, sans-serif; font-size: medium;\">-09 marca odby\u0142 si\u0119 wyjazd do Filharmonii na spektakl&#8221;Gor\u0105ce kuba\u0144skie rytmy-salsa jest kobieta&#8221;.<\/span><\/p>\n<p><span style=\"font-family: arial, helvetica, sans-serif; font-size: medium;\">-27 marca wyjechali\u015bmy do Teatru Starego w Krakowie na spektakl&#8221;Gould&#8221;.<\/span><\/p>\n<p><span style=\"font-family: arial, helvetica, sans-serif; font-size: medium;\">-26 kwietnia odby\u0142o si\u0119 Spotkanie Wielkanocne w Dworku \u015awi\u0119tokrzyskim.<\/span><\/p>\n<p><span style=\"font-family: arial, helvetica, sans-serif; font-size: medium;\">-18 maja odby\u0142y si\u0119 na placu pod Ska\u0142kami &#8222;Juwenalia&#8217; UTW.<\/span><\/p>\n<p><span style=\"font-family: arial, helvetica, sans-serif; font-size: medium;\">22. maja 2019r. podczas walnego zebrania sprawozdawczo -wyborczego cz\u0142onk\u00f3w UTW zosta\u0142 wybrany nowy Zarz\u0105d. Na pro\u015bb\u0119 ust\u0119puj\u0105cego Zarz\u0105du do ko\u0144ca czerwca poprzedni Zarz\u0105d realizowa\u0142 rozpocz\u0119te wcze\u015bniej przedsi\u0119wzi\u0119cia . W czerwcu wzi\u0119li\u015bmy udzia\u0142 w :<\/span><br \/><span style=\"font-family: arial, helvetica, sans-serif; font-size: medium;\">&#8211; Jarmarku Starzecha;<\/span><br \/><span style=\"font-family: arial, helvetica, sans-serif; font-size: medium;\">&#8211; Rajdzie Nording Waking z przemarszem do W\u00f3lki Milanowskiej by\u0142o to przedsi\u0119wzi\u0119cie dotowane z \u015brodk\u00f3w Starostwa Powiatowego<\/span><br \/><span style=\"font-family: arial, helvetica, sans-serif; font-size: medium;\">&#8211; w wycieczce do \u015awi\u0119tej Katarzyny, w ramach projektu z Urz\u0119du Marsza\u0142kowskiego<\/span><br \/><span style=\"font-family: arial, helvetica, sans-serif; font-size: medium;\">&#8211; w wycieczce na terenie gminy Bieliny, po\u0142\u0105czonej z gr\u0105 terenow\u0105 opart\u0105 na ludowych legendach \u015bwi\u0119tokrzyskich. Wakacje by\u0142y dla nowego Zarz\u0105du okresem wyt\u0119\u017conej pracy zwi\u0105zanej z przeprowadzk\u0105 do nowej siedziby przy ulicy Glinianej 10a, oraz z pozyskiwaniem i transportem sprz\u0119tu i mebli po likwidowanych szko\u0142ach gimnazjalnych. <\/span><br \/><span style=\"font-family: arial, helvetica, sans-serif; font-size: medium;\">&#8211; w lipcu delegacja UTW uczestniczy\u0142a w ods\u0142oni\u0119ciu pomnika z 1922 r. , kt\u00f3ry by\u0142 wyremontowany z \u015brodk\u00f3w zebranych podczas kwesty w listopadzie 2018r.<\/span><br \/><span style=\"font-family: arial, helvetica, sans-serif; font-size: medium;\"> 15 sierpnia delegacja s\u0142uchaczy UTW uczestniczy\u0142a w uroczysto\u015bciach organizowanych przez Prezydenta Miasta pod pomnikiem Niepodleg\u0142o\u015bci, z\u0142o\u017cyli\u015bmy pod pomnikiem okoliczno\u015bciowy wieniec;<\/span><br \/><span style=\"font-family: arial, helvetica, sans-serif; font-size: medium;\">&#8211; 24 sierpnia 30 cz\u0142on\u00f3w UTW wzi\u0119\u0142o udzia\u0142 w Paradzie Senior\u00f3w w Warszawie;<\/span><br \/><span style=\"font-family: arial, helvetica, sans-serif; font-size: medium;\">&#8211; 9 wrze\u015bnia uczestniczyli\u015bmy w V Dniach Seniora, kt\u00f3ry rozpocz\u0105\u0142 si\u0119 odta\u0144czeniem tradycyjnego poloneza pod &#8221; Ska\u0142kami&#8221;;<\/span><br \/><span style=\"font-family: arial, helvetica, sans-serif; font-size: medium;\">&#8211; we wrze\u015bniu delegacja UTW z\u0142o\u017cy\u0142a r\u00f3wnie\u017c wieniec pod pomnikiem &#8221; Obro\u0144c\u00f3w Starachowic&#8221;;<\/span><br \/><span style=\"font-family: arial, helvetica, sans-serif; font-size: medium;\">&#8211; 22.wrze\u015bnia pod has\u0142em :&#8221; Nie \u015bmiecimy , sprz\u0105tamy, zbieramy&#8221; \u2013 wzi\u0119li\u015bmy udzia\u0142 w sprz\u0105taniu terenu wok\u00f3\u0142 zbiornika wodnego &#8222;Piachy&#8221;. Akcja zako\u0144czy\u0142a si\u0119 tradycyjnym ogniskiem. Cieszymy si\u0119 , \u017ce coraz wi\u0119ksza liczba naszych s\u0142uchaczy uczestniczy w tej akcji. W tym roku by\u0142o 24 osoby.<\/span><br \/><span style=\"font-family: arial, helvetica, sans-serif; font-size: medium;\">&#8211; 19. wrze\u015bnia wrze\u015bniu zwiedzili\u015bmy Muzeum Powstania Warszawskiego, wycieczka odby\u0142a si\u0119 w ramach wsp\u00f3\u0142pracy z Lig\u0105 Obrony Kraju;<\/span><br \/><span style=\"font-family: arial, helvetica, sans-serif; font-size: medium;\">&#8211; 1. pa\u017adziernika uczestniczyli\u015bmy wsp\u00f3lnie z innymi organizacjami senioralnymi naszego miasta w &#8221; Jesiennym rajdzie senior\u00f3w&#8221; \u2013 organizowanym z okazji &#8221; Mi\u0119dzynarodowego dnia os\u00f3b starszych&#8221;, kt\u00f3ry zako\u0144czy\u0142 si\u0119 wsp\u00f3lnym ogniskiem i zabaw\u0105 w o\u015brodku ZHP nad Lubiank\u0105.<\/span><br \/><span style=\"font-family: arial, helvetica, sans-serif; font-size: medium;\">&#8211; 7 pa\u017adziernika w sali UM &#8221; Olimpia &#8221; uroczy\u015bcie rozpocz\u0119li\u015bmy nowy rok akademicki. Odby\u0142 si\u0119 r\u00f3wnie\u017c I etap Olimpiady Wiedzy Obywatelskiej;<\/span><br \/><span style=\"font-family: arial, helvetica, sans-serif; font-size: medium;\">&#8211; 12. pa\u017adziernika brali\u015bmy udzia\u0142 w Targach Seniora w Kielcach;<\/span><br \/><span style=\"font-family: arial, helvetica, sans-serif; font-size: medium;\">&#8211; 19. pa\u017adziernika wyjechali\u015bmy na wycieczk\u0119 do Muzeum \u017bydowskiego POLIN w Warszawie;<\/span><br \/><span style=\"font-family: arial, helvetica, sans-serif; font-size: medium;\">&#8211; 26. pa\u017adziernika odby\u0142a si\u0119 zabawa integracyjna z LOK w Domu Nauczyciela;<\/span><br \/><span style=\"font-family: arial, helvetica, sans-serif; font-size: medium;\">&#8211; 1 \u2013 listopada wzi\u0119li\u015bmy udzia\u0142 w kwe\u015bcie na cmentarzach przy ulicy Radomskiej;<\/span><br \/><span style=\"font-family: arial, helvetica, sans-serif; font-size: medium;\">&#8211; 04 \u2013 listopada odby\u0142y si\u0119 wybory do ko\u0142a PTTK przy UTW. Przewodnicz\u0105cym zosta\u0142 wybrany Tomasz Cygan.<\/span><br \/><span style=\"font-family: arial, helvetica, sans-serif; font-size: medium;\">&#8211; 08 \u2013 listopada wzi\u0119li\u015bmy udzia\u0142 w konferencji naukowej &#8222;G\u00f3rnictwo i hutnictwo Staropolskiego Zag\u0142\u0119bia Przemys\u0142owego&#8221; w 120 rocznic\u0119 oddania do u\u017cytku Zak\u0142adu wielkopiecowego w Starachowicach. Konferencja odby\u0142a si\u0119 w Muzeum Przyrody i Techniki w Starachowicach;<\/span><br \/><span style=\"font-family: arial, helvetica, sans-serif; font-size: medium;\">&#8211; 08 listopada brali\u015bmy udzia\u0142 w uroczysto\u015bciach ods\u0142oni\u0119cia tablicy pami\u0105tkowej w Lipiu w ramach obchod\u00f3w 100 lecia odzyskania przez Polsk\u0119 niepodleg\u0142o\u015bci;<\/span><br \/><span style=\"font-family: arial, helvetica, sans-serif; font-size: medium;\">&#8211; 30. listopada odby\u0142a si\u0119 zabawa andrzejkowa w Dworku \u015awi\u0119tokrzyskim;<\/span><br \/><span style=\"font-family: arial, helvetica, sans-serif; font-size: medium;\">&#8211; 8. grudnia &#8211; wyjechali\u015bmy do teatru Tet a tet w Kielcach na spektakl &#8222;Kochajmy si\u0119&#8221; <\/span><br \/><span style=\"font-family: arial, helvetica, sans-serif; font-size: medium;\">&#8211; 9. grudnia \u2013 odby\u0142o si\u0119 w sali Olimpia UM spotkanie z Prezydentem Miasta Markiem Materkiem;<\/span><br \/><span style=\"font-family: arial, helvetica, sans-serif; font-size: medium;\">&#8211; 15. grudnia \u2013 uczestniczyli\u015bmy w wyk\u0142adzie &#8221; Polonistyka na Uniwersytecie Lwowskim&#8221; w UJK w Kielcach.<\/span><br \/><span style=\"font-family: arial, helvetica, sans-serif; font-size: medium;\">&#8211; 16 stycznia \u2013 odby\u0142o si\u0119 Spotkanie Noworoczne s\u0142uchaczy UTW w ZSZ nr 1 w Starachowicach;<\/span><br \/><span style=\"font-family: arial, helvetica, sans-serif; font-size: medium;\">&#8211; 20 stycznia \u2013 uczestniczyli\u015bmy w wyk\u0142adzie pracownik\u00f3w naukowych UJK w Kielcach, autor\u00f3w ksi\u0105\u017cki pt. &#8222;S\u0142owa jak kamienie, mowa nienawi\u015bci, k\u0142amstwa i agresja w sieci&#8221;.<\/span><br \/><span style=\"font-family: arial, helvetica, sans-serif; font-size: medium;\">&#8211; 24.01 \u2013 uczestniczyli\u015bmy w zaj\u0119ciach praktycznych w pracowni chemicznej Uniwersytetu Jana Kochanowskiego w Kielcach. Wyjazd odby\u0142 si\u0119 w ramach projektu &#8221; Aktywny Senior&#8221; Zaj\u0119cia prowadzi\u0142 dr hab. Rafa\u0142 Koz\u0142owski \u2013 profesor UJK.<\/span><\/p>\n<p><span style=\"font-family: arial, helvetica, sans-serif; font-size: medium;\">W I semestrze 2019\/ 2020 roku realizowali\u015bmy nast\u0119puj\u0105ce projekty:<\/span><\/p>\n<p><span style=\"font-family: arial, helvetica, sans-serif; font-size: medium;\">1.&#8221; Cyfrowy Senior&#8221; , projekt obs\u0142ugi program\u00f3w komputerowych przygotowany przez Komend\u0119 Wojew\u00f3dzk\u0105 ZHP w Kielcach, w kt\u00f3rym uczestniczy\u0142o 12 naszych s\u0142uchaczy;<\/span><br \/><span style=\"font-family: arial, helvetica, sans-serif; font-size: medium;\">2. Projekt &#8221; Akademia Aktywnego Seniora&#8221; w ramach tego projektu zrealizowali\u015bmy w 2 modu\u0142y:<\/span><br \/><span style=\"font-family: arial, helvetica, sans-serif; font-size: medium;\">a\/ &#8222;Odbr\u0105zowi\u0107 staro\u015b\u0107&#8221; \u2013 udzia\u0142 wzi\u0119\u0142o 16 s\u0142uchaczy<\/span><br \/><span style=\"font-family: arial, helvetica, sans-serif; font-size: medium;\">b\/ &#8222;Na \u015bcie\u017cce do zdrowia urody i sprawno\u015bci&#8221; \u2013 udzia\u0142 w nim wzi\u0119\u0142o 21 naszych s\u0142uchaczy.<\/span><br \/><span style=\"font-family: arial, helvetica, sans-serif; font-size: medium;\">Zaj\u0119cia tematyczne w ramach projektu prowadzili pracownicy naukowi Uniwersytetu Jana Kochanowskiego w Kielcach. W I semestrze zrealizowano 18 godzin zaj\u0119\u0107. Zaj\u0119cia by\u0142y bezp\u0142atne.<\/span><\/p>\n<p><span style=\"font-family: arial, helvetica, sans-serif; font-size: medium;\">Raz w miesi\u0105cu organizowane s\u0105 pod kierownictwem Haliny Sidor wyjazdy do Solca \u2013 Zdroju. \u015arednio 40 s\u0142uchaczy korzysta z k\u0105pieli w basenach siarczkowych.<\/span><\/p>\n<p><span style=\"font-family: arial, helvetica, sans-serif; font-size: medium;\">Uniwersytet Trzeciego Wieku w Starachowicach realizowa\u0142 swoje zadania statutowe w ramach 18 sekcji tematycznych:<\/span><\/p>\n<p><span style=\"font-family: arial, helvetica, sans-serif; font-size: medium;\">1. Sekcja psychologiczna jest prowadzona przez Wand\u0119 Ko\u0142odziejczyk, skupia w 2 grupach \u0142\u0105cznie 79 s\u0142uchaczy. W por\u00f3wnaniu do poprzedniego semestru ilo\u015b\u0107 s\u0142uchaczy powi\u0119kszy\u0142a o 15 os\u00f3b. Grupa wtorkowa spotka\u0142a si\u0119 na zaj\u0119ciach 9 razy, s\u0142uchacze sekcji psychologicznej uczestniczyli w 3 seansach filmowych w ramach &#8221; Kina Senior&#8221;. Tematyka film\u00f3w omawiana by\u0142a r\u00f3wnie\u017c podczas zaj\u0119\u0107 sekcji psychologicznej. Frekwencja w grupie wtorkowej wynosi\u0142a 65%. Grupa \u015brodowa spotka\u0142a si\u0119 11 razy. Frekwencja wynosi\u0142a 60%. Zaj\u0119cia odbywa\u0142y si\u0119 1 w tygodniu.<\/span><br \/><span style=\"font-family: arial, helvetica, sans-serif; font-size: medium;\">Tematyka tych spotka\u0144 zwi\u0105zana by\u0142a z problematyk\u0105 szcz\u0119\u015bcia osobistego, czynnikami sk\u0142adaj\u0105cymi si\u0119 na poczucie szcz\u0119\u015bcia, jego wyznacznikami i sposobami jego zwi\u0119kszenia.<\/span><\/p>\n<p><span style=\"font-family: arial, helvetica, sans-serif; font-size: medium;\">2. Sekcja historyczna prowadzona jest przez Agnieszk\u0119 Malinowsk\u0105. Skupia 10 cz\u0142onk\u00f3w. W I sem. Odby\u0142o si\u0119 6 spotka\u0144. Frekwencja wynios\u0142a 95%. Zaj\u0119cia z historii zosta\u0142y zrealizowane zgodnie z przyj\u0119tym planem pracy. Zaj\u0119cia odbywaj\u0105 si\u0119 2 razy w miesi\u0105cu.<\/span><\/p>\n<p><span style=\"font-family: arial, helvetica, sans-serif; font-size: medium;\">3. Sekcja przyrodnicza \u2013 prowadzona jest przez dr Krystyn\u0119 Dutkiewicz. Nale\u017cy do niej 36 s\u0142uchaczy. Sk\u0142ad osobowy sekcji przyrodniczej w por\u00f3wnaniu z poprzednim semestrem pozostaje bez zmian. Zrealizowano \u0142\u0105cznie 20 godz. zaj\u0119\u0107 w tym: 7 wyk\u0142ad\u00f3w w formie prezentacji multimedialnych, 2 lekcja muzealne i 1 zaj\u0119cia w terenie. \u015arednio 26 os\u00f3b uczestniczy\u0142o w wyk\u0142adach, 10 os\u00f3b w lekcjach muzealnych. Zaj\u0119cia odbywa\u0142y si\u0119 2 lub 3 razy w miesi\u0105cu. Zgodnie z za\u0142o\u017ceniami programowymi zrealizowano w ca\u0142o\u015bci cykl zaj\u0119\u0107 pt. &#8222;Grzyby, porosty,\u015bluzowce&#8221;, cz\u0119\u015b\u0107 cyklu pt. &#8222;Nowe dziedziny biologii&#8221;. Ponadto odby\u0142y si\u0119 zaj\u0119cia dotycz\u0105ce pomocy ptakom w zimie oraz zaburze\u0144 zmian sezonowych w przyrodzie w zwi\u0105zku z ociepleniem klimatu.<\/span><\/p>\n<p><span style=\"font-family: arial, helvetica, sans-serif; font-size: medium;\">4.Sekcja informatyczna \u2013 prowadzona jest przez Agnieszk\u0119 Pachock\u0105. Jest nowoutworzon\u0105 sekcj\u0105 UTW, poniewa\u017c w drugim semestrze 2018\/2019 sekcja informatyczna zosta\u0142a rozwi\u0105zana. Nale\u017cy do niej 11 s\u0142uchaczy, w I semestrze odby\u0142o si\u0119 22 godz. z zaj\u0119\u0107 z podstaw obs\u0142ugi i nauki korzystania z podstawowych program\u00f3w komputerowych. Zaj\u0119cia odbywaj\u0105 si\u0119 ju\u017c na komputerach b\u0119d\u0105cych w\u0142asno\u015bci\u0105 UTW, kt\u00f3re w br. zosta\u0142y wyremontowane poprzez wgranie potrzebnych do program\u00f3w oraz rozszerzenie ich pami\u0119ci. Za\u0142o\u017cony plan pracy zrealizowano w 100%.<\/span><\/p>\n<p><span style=\"font-family: arial, helvetica, sans-serif; font-size: medium;\">5. Sekcja geograficzno- turystyczna \u2013 prowadzona jest przez El\u017cbiet\u0119 Durlej. Nale\u017cy do niej 12 s\u0142uchaczy. Frekwencja na zaj\u0119ciach wynios\u0142a 97%. Zrealizowano 18 godzin zaj\u0119\u0107 w formie wyk\u0142ad\u00f3w. W ramach sekcji odbywa\u0142y si\u0119 te\u017c w soboty spacery edukacyjne po terenie miasta i okolic. Celem ich by\u0142o poznanie miejsc zwi\u0105zanych z histori\u0105 miasta. W spacerach brali te\u017c udzia\u0142 cz\u0142onkowie innych sekcji UTW.<\/span><\/p>\n<p><span style=\"font-family: arial, helvetica, sans-serif; font-size: medium;\">6. Sekcja poetycka &#8221; Feniks&#8221; \u2013 prowadzona jest przez Lucjan\u0119 El\u017cbiet\u0119 Nowak. Sekcja liczy 19 cz\u0142onk\u00f3w. Jej sk\u0142ad pozosta\u0142 bez zmian w por\u00f3wnaniu z poprzednim semestrem. \u015arednia frekwencja na zaj\u0119ciach wynios\u0142a 53%. Spotkania sekcji odbywaj\u0105 si\u0119 raz w miesi\u0105cu. W ramach sekcji zorganizowano we wrze\u015bniu w Bibliotece Pedagogicznej przedstawienie s\u0142owno-muzyczne dla uczczenia 80 rocznicy wybuchu II wojny \u015bwiatowej pt. &#8222;\u015apiewajmy pami\u0119\u0107 o tych dziewczynach i ch\u0142opcach&#8221;, w pa\u017adzierniku wiecz\u00f3r poetycki Wandy Fr\u0105czek, w pa\u017adzierniku wiecz\u00f3r poetycki Janusza Niewczasa oraz Kol\u0119dowanie w polskiej tradycji.<\/span><\/p>\n<p><span style=\"font-family: arial, helvetica, sans-serif; font-size: medium;\">7. Sekcja Edukacji Obywatelskiej \u2013 prowadzona jest przez Jerzego Krawczyka . Nale\u017cy do niej 52 s\u0142uchaczy. \u015arednia frekwencja wynios\u0142a 72% . W por\u00f3wnaniu z poprzednim semestrem w sekcji przyby\u0142o 10 nowych cz\u0142onk\u00f3w. W I semestrze odby\u0142o si\u0119 12 dwugodzinnych wyk\u0142ad\u00f3w Sw\u00f3j program zaj\u0119\u0107 sekcja realizuje w formie wyk\u0142ad\u00f3w otwartych w kt\u00f3rych uczestnicz\u0105 te\u017c cz\u0142onkowie innych sekcji zainteresowanych proponowan\u0105 tematyk\u0105 wyk\u0142ad\u00f3w. Cz\u0142onkowie sekcji we wrze\u015bniu brali udzia\u0142 w Og\u00f3lnopolskiej akcji sprz\u0105tania \u015bwiata i w kwe\u015bcie na starachowickich cmentarzach. W br. akademickim nawi\u0105zali\u015bmy wsp\u00f3\u0142prac\u0119 z MPiT, kt\u00f3ra zaowocowa\u0142a cyklem wyk\u0142ad\u00f3w po\u015bwi\u0119conych historii powstania muzeum, pracy muzealnik\u00f3w oraz historii powstania Starachowic. Wyk\u0142ady prowadzone przez dyrektora MPiT Paw\u0142a Ko\u0142odziejskiego oraz Wiolett\u0119 Sobieraj cieszy\u0142y si\u0119 du\u017cym zainteresowaniem s\u0142uchaczy. W t\u0119 tematyk\u0119 wpisa\u0142 si\u0119 r\u00f3wnie\u017c ciekawy wyk\u0142ad wicestarosty Dariusza D\u0105browskiego. W I sem. udzia\u0142 w zaj\u0119ciach sekcji wzi\u0119li r\u00f3wnie\u017c przedsi\u0119biorcy z terenu miasta: Edward P\u0142usa i Krzysztof Chaja, kt\u00f3rzy opowiedzieli o powstaniu i dzia\u0142alno\u015bci swoich firm. W I sem. odby\u0142o si\u0119 spotkanie z Prezydentem Miasta Markiem Materkiem oraz pracownikiem Nadle\u015bnictwa Starachowice. Z prawa cywilnego odby\u0142 si\u0119 wyk\u0142ad dot. odszkodowa\u0144 oraz obowi\u0105zk\u00f3w Sp\u00f3\u0142dzielni Mieszkaniowych. Sekcja prowadzi dodatkowo Spo\u0142eczno\u015bciowy Ogr\u00f3d UTW.<\/span><\/p>\n<p><span style=\"font-family: arial, helvetica, sans-serif; font-size: medium;\">8. Sekcja literacka \u2013 prowadzona jest przez Dorot\u0119 Kie\u0142ek. Zaj\u0119cia sekcji odbywaj\u0105 si\u0119 raz w miesi\u0105cu. Odby\u0142y si\u0119 cztery spotkania \u2013 \u0142\u0105cznie 8 godz. zaj\u0119\u0107. Nale\u017cy do niej 37 s\u0142uchaczy. W por\u00f3wnaniu do poprzedniego semestru przyby\u0142o 5 cz\u0142onk\u00f3w. \u015arednia frekwencja to 82%. W tym roku szkolnym s\u0142uchacze sekcji uczestniczyli w wyk\u0142adzie o Gustawie Herlingu Grudzi\u0144skim w Bibliotece Pedagogicznej, oraz w wyk\u0142adzie przybli\u017caj\u0105cym tw\u00f3rczo\u015b\u0107 literack\u0105 Wies\u0142awa My\u015bliwskiego.<\/span><\/p>\n<p><span style=\"font-family: arial, helvetica, sans-serif; font-size: medium;\">9. Sekcja j\u0119zyka rosyjskiego \u2013 prowadzona jest przez Jadwig\u0119 Hamer\u0119. Nale\u017cy do niej 18 s\u0142uchaczy, frekwencja na zaj\u0119ciach wynios\u0142a 66%. Sekcja powi\u0119kszy\u0142a si\u0119 o 2 s\u0142uchaczy.W ramach sekcji zrealizowano 14 spotka\u0144. S\u0142uchacze uczyli si\u0119 s\u0142ownictwa i zwrot\u00f3w gramatycznych zgodnie z realizowanymi tematami zaj\u0119\u0107. W Listopadzie odby\u0142y si\u0119 zaj\u0119cia zwi\u0105zane z tradycjami pogrzebowymi w Rosji, w grudniu sekcja zorganizowa\u0142a spotkanie adwentowe, realizuj\u0105c jednocze\u015bnie temat &#8221; Bo\u017ce Narodzenie w prawos\u0142awiu.<\/span><\/p>\n<p><span style=\"font-family: arial, helvetica, sans-serif; font-size: medium;\">10. Sekcja j\u0119zyka niemieckiego &#8211; prowadzona jest przez Jolant\u0119 \u0141odej. Sekcja liczy 26 os\u00f3b W por\u00f3wnaniu z poprzednim semestrem uby\u0142o 3 osoby. Zaj\u0119cia odbywaj\u0105 si\u0119 w 2 grupach j\u0119zykowych o r\u00f3\u017cnym poziomie zaawansowania. W I semestrze zrealizowano 52 godziny zaj\u0119\u0107, \u015brednia frekwencja wynios\u0142a 75%. Za\u0142o\u017cony plan pracy zosta\u0142 zrealizowany. We wrze\u015bniu sekcj\u0119 odwiedzili partnerzy z Darmstadt, wsp\u00f3lnie zwiedzano Zamo\u015b\u0107, Krzemionki Opatowskie, na zako\u0144czenie pobytu odby\u0142o si\u0119 ognisko integracyjne. W grudniu s\u0142uchacz uczestniczyli w wycieczce do Krakowa, uczestniczyli tam w grze miejskiej &#8222;Kod Goethego&#8221; , zwiedzili te\u017c Kiermasz Bo\u017cenarodzeniowy.<\/span><\/p>\n<p><span style=\"font-family: arial, helvetica, sans-serif; font-size: medium;\">11. Sekcja j\u0119zyka w\u0142oskiego \u2013 prowadzona jest przez Agnieszk\u0119 Iwon. Nale\u017cy do niej 15 s\u0142uchaczy. W por\u00f3wnaniu z poprzednim semestrem przyby\u0142o 6 s\u0142uchaczy. W ramach lektoratu s\u0142uchacze zdobywaj\u0105 wiedz\u0119 z zakresu gramatyki, s\u0142ownictwa i prowadzenia rozm\u00f3wek w j\u0119zyku w\u0142oskim. W ubieg\u0142ym semestrze sekcja w\u0142oskiego zaprezentowa\u0142a spektakl pt. &#8222;Wiecz\u00f3r Leonarda da Vinci&#8221;. Zrealizowano 12 godzin zaj\u0119\u0107 . \u015arednia frekwencja wynios\u0142a 80%. Zaj\u0119cia realizowane s\u0105 zgodnie z programem.<\/span><\/p>\n<p><span style=\"font-family: arial, helvetica, sans-serif; font-size: medium;\">12. Dyskusyjny Klub Filmowy \u2013 jest to nowa sekcja prowadzona przez Ew\u0119 Przygod\u0119. Swoj\u0105 dzia\u0142alno\u015b\u0107 sekcja realizuje w oparciu o wsp\u00f3\u0142prac\u0119 z kinem Starachowickiego Centrum Kultury. \u015arednio raz w miesi\u0105cu 40 s\u0142uchaczy UTW uczestniczy w projekcjach film\u00f3w w ramach &#8221; Kino szko\u0142a &#8211; Senior&#8221;. S\u0105 to filmy ambitne, poprzedzone wst\u0119pem prelegenta, oddzia\u0142ywuj\u0105ce na emocje i zmuszaj\u0105ce do refleksji. Tematyka ich jest r\u00f3wnie\u017c dyskutowane na zaj\u0119ciach sekcji psychologicznej. Drug\u0105 dzia\u0142alno\u015bci\u0105 sekcji jest udzia\u0142 w dyskusyjnym klubie filmowym dzia\u0142aj\u0105cym w oparciu o klasyk\u0119 film\u00f3w czarno \u2013 bia\u0142ych. Nale\u017cy tu 14 s\u0142uchaczy, kt\u00f3rzy w 1 sobot\u0119 miesi\u0105ca uczestniczyli w projekcji 5 film\u00f3w.<\/span><\/p>\n<p><span style=\"font-family: arial, helvetica, sans-serif; font-size: medium;\">13. Sekcja artystyczna \u2013 prowadzona jest przez Ann\u0119 Majer. Obejmuje dzia\u0142alno\u015b\u0107 plastyczn\u0105, nale\u017cy tu 12 os\u00f3b. Odby\u0142o si\u0119 18 godzin zaj\u0119\u0107 praktycznych gdzie frekwencja wynios\u0142a 80%. Do grupy fotograficznej nale\u017cy 6 os\u00f3b. W I semestrze odby\u0142y si\u0119 4 godziny zaj\u0119\u0107 z fotografii. Grupa plastyczna uzupe\u0142nia swoje prace z mi\u0142o\u015bnikami fotografii np. fotografowanie martwej natury w r\u00f3\u017cnym \u015bwietle. Wspomaga te\u017c swoimi pracami &#8222;Wielk\u0105 Orkiestr\u0119 \u015awi\u0105tecznej Pomocy&#8221; oraz imprezy UTW np. Juwenalia.<\/span><\/p>\n<p><span style=\"font-family: arial, helvetica, sans-serif; font-size: medium;\">14. Gimnastyka usprawniaj\u0105ca \u2013 zaj\u0119cia prowadzi Beata Laszczyk. Udzia\u0142 w zaj\u0119ciach bierze 95 s\u0142uchaczy. Zaj\u0119cia odbywaj\u0105 si\u0119 w 4 grupach. \u0141\u0105cznie odby\u0142o si\u0119 54 godzin zaj\u0119\u0107 gdzie frekwencja wynios\u0142a 77%. Celem zaj\u0119\u0107 jest utrzymanie b\u0105d\u017a podniesienie sprawno\u015bci psychofizycznej s\u0142uchaczy, u\u015bwiadomienie potrzeby i kszta\u0142towania nawyku aktywno\u015bci ruchowej. \u0106wiczenia maj\u0105 na celu wzmocnienie aparatu ruchowego \u0107wicz\u0105cych i zapobieganiu zmianom starczym w obr\u0119bie poszczeg\u00f3lnych uk\u0142ad\u00f3w: ruchu, kr\u0105\u017cenia i oddychania.<\/span><\/p>\n<p><span style=\"font-family: arial, helvetica, sans-serif; font-size: medium;\">15. Joga \u2013 sekcja prowadzona przez Agat\u0119 Musia\u0142owsk\u0105. Nale\u017cy do niej 37 s\u0142uchaczy. Zaj\u0119cia odbywaj\u0105 si\u0119 w 2 grupach, \u015brednia frekwencja wynios\u0142a 80%. Zaj\u0119cia przebiega\u0142y zgodnie z planem i mia\u0142y na celu podniesienie sprawno\u015bci ruchowej s\u0142uchaczy UTW.<\/span><\/p>\n<p><span style=\"font-family: arial, helvetica, sans-serif; font-size: medium;\">16. Zesp\u00f3\u0142 wokalny &#8221; Srebrne Nuty&#8221; \u2013 kierowany jest przez Janin\u0119 Kowalik. Do zespo\u0142u nale\u017cy 17 s\u0142uchaczek UTW, kt\u00f3re spotykaj\u0105 si\u0119 raz w tygodniu; w tym semestrze odby\u0142o si\u0119 20 spotka\u0144. Frekwencja wynios\u0142a 73%. W por\u00f3wnani z poprzednim semestrem zesp\u00f3\u0142 powi\u0119kszy\u0142 sw\u00f3j sk\u0142ad o 4 osoby. Zespo\u0142owi akompaniuje Pawe\u0142 Michalski. Zesp\u00f3\u0142 bierze udzia\u0142 w wydarzeniach UTW oraz wsp\u00f3\u0142pracuje z innymi sekcjami. Swoimi wyst\u0119pami uatrakcyjni\u0142 min. &#8222;Senioralia&#8221;, Inauguracj\u0119 roku akademickiego, Spotkanie Noworoczne, czy imprez\u0119 miejsk\u0105 pt. &#8222;Kol\u0119dowanie bez barier&#8221;.<\/span><\/p>\n<p><span style=\"font-family: arial, helvetica, sans-serif; font-size: medium;\">17. Kabaret &#8221; Z R\u00f3\u017c\u0105&#8221; \u2013 re\u017cyserem i autorem tekst\u00f3w jest Janusz Zakrzewski, kt\u00f3rego z ramienia UTW wspomaga Zofia Skro\u0144ska. W kabarecie uczestniczy 9 s\u0142uchaczy UTW ( sk\u0142ad cz\u0142onk\u00f3w Kabaretu pozostaje bez zmian). Wyst\u0119pom Kabaretu akompaniuje Wojciech W\u0105sala. Pr\u00f3by Kabaretu odbywaj\u0105 si\u0119 raz w tygodniu, w tym semestrze by\u0142o to 60 godzin. Frekwencja s\u0142uchaczy wynosi\u0142a 89%. Kabaret ze spektaklem&#8221; Autoterapia czyli kurujmy si\u0119&#8221; wyst\u0105pi\u0142 w pa\u017adzierniku na zabawie integracyjnej UTW i LOK oraz podczas uroczysto\u015bci zwi\u0105zanej ze 100 leciem PCK.<\/span><\/p>\n<p><span style=\"font-family: arial, helvetica, sans-serif; font-size: medium;\">18. Spacery edukacyjne \u2013 w ka\u017cd\u0105 sobot\u0119 s\u0142uchacze UTW brali udzia\u0142 w spacerach edukacyjnych po terenie miasta i okolic. Wi\u0119kszo\u015b\u0107 spacer\u00f3w prowadzi\u0142a El\u017cbieta Durlej w ramach pracy sekcji geograficzno \u2013 turystycznej, w trzeci\u0105 sobot\u0119 miesi\u0105ca spacery odbywa\u0142y si\u0119 z Andrzejem Cyganem w ramach wsp\u00f3\u0142pracy z oddzia\u0142em PTTK , cz\u0119\u015b\u0107 spacer\u00f3w edukacyjnych dot. Historii Starachowic i historii Zak\u0142ad\u00f3w g\u00f3rniczo \u2013 hutniczych nad Kamienn\u0105 prowadzi\u0142 Pawe\u0142 Ko\u0142odziejski dyrektor Muzeum Przyrody i Techniki w Starachowicach.<\/span><\/p>\n","protected":false},"excerpt":{"rendered":"<p>Sprawozdanie z dzia\u0142alno\u015bci UTW w Starachowicach w 2019 roku. -.09 stycznia wzi\u0119li\u015bmy udzia\u0142 w uroczysto\u015bciach z okazji Powstania Styczniowego na &hellip;<\/p>\n","protected":false},"author":3,"featured_media":0,"parent":0,"menu_order":5,"comment_status":"open","ping_status":"open","template":"","meta":{"footnotes":""},"categories":[8],"tags":[],"_links":{"self":[{"href":"https:\/\/utwstarachowice.pl\/index.php?rest_route=\/wp\/v2\/pages\/560"}],"collection":[{"href":"https:\/\/utwstarachowice.pl\/index.php?rest_route=\/wp\/v2\/pages"}],"about":[{"href":"https:\/\/utwstarachowice.pl\/index.php?rest_route=\/wp\/v2\/types\/page"}],"author":[{"embeddable":true,"href":"https:\/\/utwstarachowice.pl\/index.php?rest_route=\/wp\/v2\/users\/3"}],"replies":[{"embeddable":true,"href":"https:\/\/utwstarachowice.pl\/index.php?rest_route=%2Fwp%2Fv2%2Fcomments&post=560"}],"version-history":[{"count":0,"href":"https:\/\/utwstarachowice.pl\/index.php?rest_route=\/wp\/v2\/pages\/560\/revisions"}],"wp:attachment":[{"href":"https:\/\/utwstarachowice.pl\/index.php?rest_route=%2Fwp%2Fv2%2Fmedia&parent=560"}],"wp:term":[{"taxonomy":"category","embeddable":true,"href":"https:\/\/utwstarachowice.pl\/index.php?rest_route=%2Fwp%2Fv2%2Fcategories&post=560"},{"taxonomy":"post_tag","embeddable":true,"href":"https:\/\/utwstarachowice.pl\/index.php?rest_route=%2Fwp%2Fv2%2Ftags&post=560"}],"curies":[{"name":"wp","href":"https:\/\/api.w.org\/{rel}","templated":true}]}}