{"id":2601,"date":"2024-06-24T20:56:05","date_gmt":"2024-06-24T18:56:05","guid":{"rendered":"https:\/\/utwstarachowice.pl\/?page_id=2601"},"modified":"2025-04-01T13:39:21","modified_gmt":"2025-04-01T11:39:21","slug":"czas-mija-ludzie-odchodza","status":"publish","type":"page","link":"https:\/\/utwstarachowice.pl\/?page_id=2601","title":{"rendered":"IN MEMORIAM"},"content":{"rendered":"\n<h2 class=\"wp-block-heading\">Czas mija \u2013 ludzie odchodz\u0105<\/h2>\n\n\n\n<p>\u017bycie nabiera sensu i warto\u015bci poprzez to, co pozostawimy po sobie. Ka\u017cde pokolenie wypracowuje swoje warto\u015bci \u2013 warto\u015bci ponadczasowe. Warto\u015bci duchowe, kt\u00f3re pomagaj\u0105 pod\u0105\u017ca\u0107 przez \u015bwiat i wskazuj\u0105, gdzie jest sens \u017cycia, cel, do kt\u00f3rego d\u0105\u017cymy. Warto zatrzyma\u0107 si\u0119, obejrze\u0107 za siebie, \u017ceby zobaczy\u0107 to, czego czasem nie wida\u0107 w pogoni za codzienno\u015bci\u0105. W codzienno\u015bci warto odnale\u017a\u0107 si\u0119, mo\u017ce zachwyci\u0107 i dzi\u0119ki temu rozpozna\u0107 w\u0142asn\u0105 wra\u017cliwo\u015b\u0107. W osamotnieniu szukamy kogo\u015b bliskiego, kto nas zrozumie i pocieszy. Powoli odkry\u0107 g\u0142\u0119bi\u0119 istnienia i niepowtarzalne pi\u0119kno \u015bwiata. ( Autor: Alicja Zanijat)<\/p>\n\n\n\n<p><strong>Bogumi\u0142a Skrobisz<\/strong>, z domu Bade\u0144ska urodzi\u0142a si\u0119 <strong>5 kwietnia 1946<\/strong> roku w Siennie, w powiecie lipskim. Tam chodzi\u0142a do Szko\u0142y Podstawowej i Liceum Og\u00f3lnokszta\u0142c\u0105cego. Studiowa\u0142a polonistyk\u0119 na Uniwersytecie Marii Curie- Sk\u0142odowskiej w Lublinie. Uko\u0144czy\u0142a studia w 1969 roku i w tym samym roku wysz\u0142a za m\u0105\u017c za in\u017cyniera Henryka Skrobisza.<\/p>\n\n\n\n<p>Id\u0105c za m\u0119\u017cem, zamieszka\u0142a w Starachowicach. Najpierw uczy\u0142a j\u0119zyka polskiego w ju\u017c nieistniej\u0105cej Szkole Podstawowej numer 7 oraz Szkole Podstawowej nr 12. Potem przez wiele lat uczy\u0142a w starachowickim II Liceum Og\u00f3lnokszta\u0142c\u0105cym im. Stanis\u0142awa Staszica. Za prac\u0119 pedagogiczn\u0105 by\u0142a wielokrotnie nagradzana i wyr\u00f3\u017cniana. Zosta\u0142a uhonorowana&nbsp; Medalem Komisji Edukacji Narodowej.<\/p>\n\n\n\n<p>Na emeryturze zaanga\u017cowa\u0142a si\u0119 w dzia\u0142alno\u015b\u0107 spo\u0142eczn\u0105 w ramach starachowickiego Uniwersytetu Trzeciego Wieku, gdzie mi\u0119dzy innymi prowadzi\u0142a wyk\u0142ady z historii literatury, wspomaga\u0142a cz\u0142onk\u00f3w Uniwersytetu w redagowaniu tekst\u00f3w i wyst\u0105pie\u0144. By\u0142a bardzo pogodn\u0105 osob\u0105, zawsze ch\u0119tn\u0105 do wsp\u00f3\u0142pracy. Bardzo lubi\u0142a spotkania z lud\u017ami. By\u0142a z nami niemal\u017ce do ostatnich dni swojego aktywnego \u017cycia. Pozostawi\u0142a po sobie trwa\u0142y \u015blad w sercach i pami\u0119ci s\u0142uchaczy UTW. Zmar\u0142a <strong>22 pa\u017adziernika 2024 <\/strong>roku.( Na podstawie artyku\u0142u Kazimierza Cucha.)<\/p>\n\n\n\n<p><strong>Adam Cie\u015blik<\/strong> zmar\u0142 <strong>10 maja 2024<\/strong> r. Dzi\u015b z dum\u0105 mo\u017cemy wspomina\u0107 go jako naszego koleg\u0119. By\u0142 cz\u0142onkiem pierwszego Zarz\u0105du Uniwersytetu Trzeciego Wieku w latach 2007 &#8211; 2011. Da\u0142 si\u0119 pozna\u0107 jako dobry i uczynny kolega, utalentowany grafik i poeta. By\u0142 cz\u0142onkiem grupy poetyckiej \u201eFeniks\u201d . Jego wiersze drukowano w kolejnych tomikach poezji wydawanych przez UTW. W roku 2023 w Urz\u0119dzie\u00a0 Miejskim pokazano jego dorobek artystyczny i poetycki. <strong>\u00a0Wiceprezydent Starachowic Marcin Go\u0142\u0119biowski m\u00f3wi\u0142 :<\/strong> \u201e Dzi\u015b w Urz\u0119dzie Miejskim, kt\u00f3ry doskonale znamy, mo\u017cna poobcowa\u0107 ze sztuk\u0105. To mini wystawa grafik autorstwa pana Adam Cie\u015blika oraz galeria zdj\u0119\u0107, kt\u00f3re znalaz\u0142y si\u0119 na dziesi\u0119ciu tablicach. Ukazano na nich Starachowice wczoraj i dzi\u015b. Chcemy w ten spos\u00f3b pokaza\u0107, jak\u0105 zmian\u0119 przesz\u0142y Starachowice i w jakim kierunku zmierzaj\u0105.\u201d Adam by\u0142 przyjacielem MBP im. A. Dygasi\u0144skiego w Starachowicach. Przez wiele lat uczestniczy\u0142 w spotkaniach kulturalnych organizowanych w Czytelni MBP. Cz\u0119sto bra\u0142 w nich czynny udzia\u0142. Podczas G\u0142o\u015bnych Czyta\u0144 Noc\u0105 anga\u017cowa\u0142 si\u0119 w czytanie tekst\u00f3w i zabawy. Ada\u015b cieszy\u0142 si\u0119 nasz\u0105 sympati\u0105. W jego wierszach odnajdywali\u015bmy w\u0142asne spostrze\u017cenia, do\u015bwiadczenia i prze\u017cycia. On umia\u0142 je nazwa\u0107 i zapisa\u0107. Na zawsze pozostanie w naszej pami\u0119ci.<\/p>\n\n\n\n<p><strong>W pa\u017adzierniku 2016 r.<\/strong> do Uniwersytetu Trzeciego Wieku zapisa\u0142a si\u0119 <strong>Janina Kowalik<\/strong>. To ona zg\u0142osi\u0142a zarz\u0105dowi uniwersytetu propozycj\u0119 utworzenia zespo\u0142u \u015bpiewaczego. Dzi\u0119ki jej inicjatywie powsta\u0142 Zesp\u00f3\u0142 Wokalny &#8222;Srebrne Nuty&#8221;, kt\u00f3ry wyst\u0119puje samodzielnie albo z innymi sekcjami w r\u00f3\u017cnych imprezach organizowanych przez UTW. Janina Kowalik by\u0142a zawsze radosna, pe\u0142na energii. Z optymizmem patrzy\u0142a na \u015bwiat. Kocha\u0142a \u017cycie i otaczaj\u0105cych j\u0105 ludzi. Bardzo anga\u017cowa\u0142a si\u0119 w swoj\u0105 prac\u0119, zabiega\u0142a o dob\u00f3r repertuaru i okoliczno\u015bciowe wyst\u0119py. Zawsze mogli\u015bmy na niej polega\u0107. Cieszy\u0142a si\u0119 naszymi sukcesami, a w momentach trudniejszych potrafi\u0142a nas pocieszy\u0107. Mieli\u015bmy szcz\u0119\u015bcie, \u017ce przez wiele lat&nbsp; mogli\u015bmy korzysta\u0107 z jej rad , \u015bpiewa\u0107 i czerpa\u0107 od niej rado\u015b\u0107 \u017cycia. 30.06.2023 r. ze wzgl\u0119du na stan zdrowia zrezygnowa\u0142a z prowadzenia zespo\u0142u. <strong>Zmar\u0142a 19.05.2024 r..<\/strong> Podczas mszy \u017ca\u0142obnej za\u015bpiewali\u015bmy Jej pie\u015b\u0144 &#8222;Tak szybko mija czas&#8221;. ( Tekst: Boral Krystyna).<\/p>\n\n\n\n<p><strong>Antoni Adamski<\/strong>&nbsp;ur.29 VII 1942 r. By\u0142 d\u0142ugoletnim pracownikiem FSC na stanowisku kierownika produkcji Wydz. D3. Uko\u0144czy\u0142 Politechnik\u0119 \u015awi\u0119tokrzysk\u0105. Og\u00f3lnie lubiany i szanowany przez pracownik\u00f3w. W 1999 roku zosta\u0142 dyrektorem Oddz. PKS w Skar\u017cysku Kam. Zapad\u0142 na zdrowiu i przeszed\u0142 na rent\u0119. Zmar\u0142 1 III 2013. Z \u017con\u0105 Ann\u0105 mieli dw\u00f3ch syn\u00f3w. \u017bona pracowa\u0142a w SANEPIDZ &#8211; ie, sk\u0105d odesz\u0142a na emerytur\u0119. Oboje byli cz\u0142onkami UTW od 4 III 2010 r. Antoni ucz\u0119szcza\u0142 na lektorat j\u0119zyka angielskiego. ( Informacje od \u017cony uzyska\u0142a Halina Sidor.)<\/p>\n\n\n\n<p><\/p>\n\n\n\n<p><strong>Jerzy Janik &#8211; urodzi\u0142 si\u0119  3 I 1947 roku, zmar\u0142 nagle 5 sierpnia 2012 r.<\/strong><\/p>\n\n\n\n<p>S\u0142uchaczem UTW by\u0142 od pocz\u0105tku jego za\u0142o\u017cenia. Ucz\u0119szcza\u0142 na zaj\u0119cia j. niemieckiego. By\u0142 zawsze solidnie przygotowany (brali\u015bmy cz\u0119sto z niego przyk\u0142ad) \u2013 czym nas motywowa\u0142 do nauki. Ambicj\u0105 Jurka by\u0142o pozna\u0107 j\u0119zyk niemiecki, gdy\u017c jego c\u00f3rka mieszka w Niemczech. Pami\u0119tam lipiec 2012 roku kiedy byli\u015bmy w Niemczech na zaproszenie odpowiednika naszego UTW \u2013 AKA 55+ w Darmstadt. Podczas pobytu u niemieckich przyjaci\u00f3\u0142 da\u0142 si\u0119 pozna\u0107 jako wspania\u0142y kolega, wzbudzi\u0142 r\u00f3wnie\u017c sympati\u0119 w\u015br\u00f3d grupy niemieckiej. Takim go zapami\u0119tali i dali temu wyraz ofiarowuj\u0105c nam \u2013 ju\u017c po jego \u015bmierci \u2013 album fotograficzny pt. \u201eNasz i Wasz Jurek\u201d. Jurek by\u0142 wspania\u0142ym, uczynnym koleg\u0105. Zawsze pogodny, ch\u0119tnie pomagaj\u0105cy innym i taki powstanie w naszej pami\u0119ci. Odszed\u0142 nagle i niespodziewanie, pustki po nim nikt nie wype\u0142ni\u0142. ( Tekst: <strong>Ma\u0142gorzata Dr\u00f3\u017cd\u017c<\/strong>).<\/p>\n\n\n\n<p><strong>Kochani \u2013 mam na imi\u0119 El\u017cbieta(Majewska). P<\/strong>omimo, \u017ce ju\u017c nie ma mnie w\u015br\u00f3d Was, pragn\u0119 przekaza\u0107 par\u0119 informacji o swoim \u017cyciu. Urodzi\u0142am si\u0119 w 1946 roku w miejscowo\u015bci \u015aci\u0119gny ko\u0142o Karpacza, jako jedna z czworga rodze\u0144stwa. Po przeprowadzeniu si\u0119 do Starachowic moi rodzice Stanis\u0142awa i Kazimierz ci\u0119\u017cko pracowali by zapewni\u0107 nam byt. Z wykszta\u0142cenia technik-ekonomista swoj\u0105 karier\u0119 zawodow\u0105 zwi\u0105za\u0142am z FSC, gdzie najpierw pracowa\u0142am na produkcji, by ostatecznie zaj\u0105\u0107 stanowisko technik-planista w biurze. W 1968 urodzi\u0142am syna Marka. W 1994 roku urodzi\u0142a si\u0119 wnuczka Madzia, a w 2011 roku wnuczek Jasio. Na emerytur\u0119 odesz\u0142am w 2006r. B\u0119d\u0105c na emeryturze zosta\u0142am cz\u0142onkini\u0105 UTW, gdzie pozna\u0142am wielu wspania\u0142ych ludzi. Niestety w 2008 roku zachorowa\u0142am na nowotw\u00f3r z\u0142o\u015bliwy i po 5 latach przegra\u0142am walk\u0119 z chorob\u0105. Do\u017cy\u0142am 67 lat. M\u00f3j poch\u00f3wek odby\u0142 si\u0119 3 XI 2013 r. na cmentarzu przy ul. Polnej. \u017begnam Was. B\u0105d\u017acie zdrowi. ( Informacje przekaza\u0142 i uzupe\u0142ni\u0142 syn Marek.) <\/p>\n\n\n\n<p><strong>Krystyna Maku\u0142a z d. Kazibudzka (ur. 5 IX 1936 \u2013 2010) \u2013<\/strong>&nbsp;uko\u0144czy\u0142a Technikum Finansowe w Starachowicach oraz studia magisterskie w zakresie finans\u00f3w i rachunkowo\u015bci w Szkole G\u0142\u00f3wnej Planowania i Statystyki w Warszawie. Od 1962r. pracowa\u0142a jako nauczyciel przedmiot\u00f3w zawodowych \u2013 uczy\u0142a ksi\u0119gowo\u015bci w Liceum Ekonomicznym (przekszta\u0142conego p\u00f3\u017aniej na ZSZ nr 1 w Starachowicach, a\u017c do przej\u015bcia na emerytur\u0119 w 1987r. By\u0142a wybitnym ekonomist\u0105, pedagogiem i wychowawc\u0105 wielu ekonomist\u00f3w. Jej byli uczniowie wspominaj\u0105 j\u0105 bardzo ciep\u0142o. By\u0142a te\u017c radn\u0105 w Urz\u0119dzie Miejskim oraz wielu aktywnie dzia\u0142aj\u0105cych organizacji spo\u0142ecznych w naszym mie\u015bcie. Taka zostanie w pami\u0119ci wychowank\u00f3w, kole\u017canek i koleg\u00f3w r\u00f3wnie\u017c z UTW, bowiem od pocz\u0105tku tj. od 28 II 2008 by\u0142a jego s\u0142uchaczk\u0105. Najcz\u0119\u015bciej widywano j\u0105 na pieszych w\u0119dr\u00f3wkach. (Wspomina: Krystyna Dobrucka.)<\/p>\n\n\n\n<p><strong>Pani Jadzia<\/strong> &#8211; czyli Jadwiga Genowefa W\u0119grzecka, z domu Pilecka urodzi\u0142a si\u0119 <strong>2 I 1949r.,<\/strong> wsp\u00f3\u0142tworzy\u0142a z nami Uniwersytet Trzeciego Wieku w Starachowicach od pocz\u0105tku jego istnienia. By\u0142a w jego Radzie Programowej od 2007-2011 roku. Wytrwale prowadzi\u0142a sekcje j\u0119zyk\u00f3w obcych, a\u017c do momentu, do kt\u00f3rego pozwoli\u0142a jej gro\u017ana choroba, postrach naszych czas\u00f3w. W swoim pracowitym i spo\u0142ecznie bardzo zaanga\u017cowanym \u017cyciu by\u0142a nauczycielk\u0105 i wychowawczyni\u0105 w szkole podstawowej. Pracowa\u0142a r\u00f3wnie\u017c z m\u0142odzie\u017c\u0105 specjalnej troski wymagaj\u0105cej szczeg\u00f3lnych predyspozycji. Zyska\u0142a sobie wielkie zaufanie \u015brodowiska. Przez wiele lat kierowa\u0142a Domem Pomocy Spo\u0142ecznej przy ulicy Bema w Starachowicach, sk\u0105d odesz\u0142a na emerytur\u0119. By\u0142a te\u017c w\u015br\u00f3d ludzi tworz\u0105cych Dom Pomocy Spo\u0142ecznej w Ka\u0142kowie. W \u015brodowisku mieszka\u0144c\u00f3w dzielnicy naszego miasta Or\u0142owo czynnie wyr\u00f3\u017cnia\u0142a si\u0119 w pracy na rzecz nowej parafii pod wezwaniem \u015awi\u0119tego Brata Alberta. Obecna zawsze tam, gdzie by\u0142a potrzebna, wsp\u00f3\u0142uczestniczy\u0142a w dziele ewangelizacji. Ciep\u0142ym s\u0142owem i erudycj\u0105 u\u015bwietnia\u0142a wa\u017cne wydarzenia ko\u015bcielne w imieniu parafian. Odesz\u0142a od nas (<strong>11.04.2013 r.<\/strong>) cicho, wci\u0105\u017c my\u015bl\u0105c o najbli\u017cszych tak, by oszcz\u0119dzi\u0107 im cierpienia. Ostatnim Jej \u017cyczeniem by\u0142o pragnienie, by zamiast kwiat\u00f3w ofiarowa\u0107 w Jej intencji Msz\u0119 Gregoria\u0144sk\u0105. Pochowali\u015bmy J\u0105 z \u017calem 13.04.2013r. uczestnicz\u0105c t\u0142umnie w Jej pogrzebie celebrowanym przez ksi\u0119\u017cy aktualnie pos\u0142uguj\u0105cych w parafii oraz z diecezji radomskiej. Brak nam Ciebie Jadziu. (Materia\u0142 zebra\u0142a&nbsp;<strong>Ewa Miernik.<\/strong>)<\/p>\n\n\n\n<p><strong>Wspomnienie o Stanis\u0142awie Walkiewiczu<\/strong><\/p>\n\n\n\n<p><strong>Stanis\u0142aw Wojciech Walkiewicz ur. 24. 04. 1940 &#8211; zm.23.06.2013,&nbsp;<\/strong>starachowiczanin, posiada\u0142 niezwykle ciekaw\u0105 osobowo\u015b\u0107, by\u0142 pogodny, emanowa\u0142 empati\u0105; bardzo aktywny w dzia\u0142alno\u015bci spo\u0142ecznej i artystycznej. Czynnie dzia\u0142a\u0142 w Towarzystwie Przyjaci\u00f3\u0142 Starachowic (przez wiele lat by\u0142 sekretarzem).W 2007 r. powsta\u0142 Uniwersytet Trzeciego Wieku. Stanis\u0142aw by\u0142 w grupie za\u0142o\u017cycieli i pierwszym zarz\u0105dzie (jako przewodnicz\u0105cy Komisji Rewizyjnej).W ch\u00f3rze \u201eWiarusy\u201d wyst\u0119powa\u0142 w oficerskim mundurze, w czapce z granatowym otokiem. \u015apiewa\u0142 i gra\u0142 na tr\u0105bce. To on &#8211; nasz Staszek \u017cegna\u0142 przyjaci\u00f3\u0142 na miejscu spoczynku \u2013 melodi\u0105 pe\u0142n\u0105 melancholii, tkliw\u0105 i sm\u0119tn\u0105.<\/p>\n\n\n\n<ul>\n<li>Moja znajomo\u015b\u0107 ze Stanis\u0142awem, to d\u0142ugoletnia kole\u017ce\u0144ska znajomo\u015b\u0107 od 1959 roku. Pracowali\u015bmy w FSC. Sta\u015b zawsze u\u015bmiechni\u0119ty. By\u0142 szczup\u0142ym, wysokim, m\u0142odym kawalerem.<\/li>\n\n\n\n<li>Stanis\u0142aw artysta \u2013 z fotografi\u0105 zwi\u0105zany do \u201ezawsze\u201d, posiadacz wielu aparat\u00f3w, krzewi\u0142 t\u0119 artystyczn\u0105 dziedzin\u0119. UTW pozostawi\u0142 wiele zdj\u0119\u0107 dokumentuj\u0105cych jego dzia\u0142alno\u015b\u0107. Fotografowa\u0142 te\u017c uroki naszego miasta o ka\u017cdej porze roku. Stanis\u0142aw by\u0142 artyst\u0105, tworzy\u0142 abstrakcyjne pi\u0119kno w muzyce, \u015bpiewie i obrazie. Posiada\u0142 wysublimowany zmys\u0142 estetyki.&nbsp;<strong>Kochany Stasio!<\/strong> Wspominamy go z u\u015bmiechem, bo zas\u0142u\u017cy\u0142 sobie na takie wspomnienia. On nie umia\u0142 by\u0107 smutny. Z powag\u0105 i smutkiem nie by\u0142o mu do twarzy. Na nic nie narzeka\u0142, nie skar\u017cy\u0142 si\u0119, nie m\u00f3wi\u0142 o chorobie. Z przekonaniem twierdzi\u0142, \u017ce: \u201eStaro\u015b\u0107 nie uda\u0142a si\u0119 Panu Bogu \u2026 to prawda, ale \u017cy\u0107 trzeba\u201d, dopowiada\u0142 z u\u015bmiechem. Czas od narodzin: nauka, praca zawodowa, praca spo\u0142eczna, dzia\u0142alno\u015b\u0107 kulturalno-artystyczna. W szczeg\u00f3\u0142ach, to ka\u017cdy osobny rozdzia\u0142 biografii Stanis\u0142awa Walkiewicza. Biografii, kt\u00f3rej nie trzeba beletryzowa\u0107. (<em>4. 07. 2015 rok&nbsp;<\/em><strong>Alicja Zanijat<\/strong>..)<\/li>\n<\/ul>\n\n\n\n<p><em><strong>Ci, kt\u00f3rzy odeszli:<\/strong><\/em><\/p>\n\n\n\n<p><strong>1. Krystyna Maku\u0142a &#8211; ur. 5 IX 1936 &#8211; zm. 2010; cz\u0142onkini UTW od 28 II 2008<\/strong><\/p>\n\n\n\n<p><strong>2. Stanis\u0142aw Walkiewicz &#8211; ur. 24 IV 1940 &#8211; 23 VI 2013; cz\u0142onek UTW od 28 II 2008<\/strong><\/p>\n\n\n\n<p><strong>3.&nbsp;<\/strong><strong>Jadwiga W\u0119grzecka &#8211; ur. 2 I 1949 &#8211; zm. 11 IV 2013; cz\u0142onkini UTW od 28 II 2008<\/strong><\/p>\n\n\n\n<p><strong>4. Zofia Tofil &#8211; ur. 5 III 1945 &#8211; zm. 23 IV 2014; cz\u0142onkini UTW od 28 II 2008<\/strong><\/p>\n\n\n\n<p><strong>5. Zofia Ga\u0142ka &#8211; ur. 19 IV 1945 &#8211; zm. 29 X 2011; cz\u0142onkini UTW d 28 II 2008<\/strong><\/p>\n\n\n\n<p><strong>6. Jerzy Janik &#8211; ur. 3 I 1947 \u2013 zm. 5 VIII 2012; cz\u0142onek UTW od 1 X 2010<\/strong><\/p>\n\n\n\n<p><strong>7. Irena Kumor &#8211; ur. 20 VI 1951 \u2013 zm. 2011; cz\u0142onkini UTW od 12 XI 2009<\/strong><\/p>\n\n\n\n<p><strong>8. Julian Drapejkowski &#8211; ur. 2 I 1940 \u2013 zm. 2009; cz\u0142onek UTW od 28 II 2008<\/strong><\/p>\n\n\n\n<p><strong>9. El\u017cbieta Majewska \u2013 ur. 28 IX 1949 \u2013 zm. 2014; cz\u0142onkini UTW od 14 II 2011<\/strong><\/p>\n\n\n\n<p><strong>10. Edmund Bi\u0144czak \u2013 ur. 5 I 1940; zm. (brak danych); cz\u0142onek UTW od 24 IX 2012<\/strong><\/p>\n\n\n\n<p><strong>11. Antoni Adamski &#8211; ur. 29 VII 1941 \u2013 zm. 1 III 2013; cz\u0142onek UTW od 4 III 2010<\/strong><\/p>\n\n\n\n<p><strong>12. Jerzy Kowalewski \u2013 ur. 19 VI 1948 \u2013 zm. 2013; cz\u0142onek UTW od 15 I 2012<\/strong><\/p>\n\n\n\n<p><strong>13. Maria Chojnacka \u2013 ur. 13 I 1948 \u2013 zm. 31 I 2016; cz\u0142onkini UTW od 28 II 2008<\/strong><\/p>\n\n\n\n<p><strong>14. Teresa Lagner- zmar\u0142a 16.06.2019r;cz\u0142onkini UTW od 28.02.2008r.<\/strong><\/p>\n\n\n\n<p><strong>15. J\u00f3zef Kowalski &#8211; zmar\u0142 06. 09.2019 &#8211; wyk\u0142adowca w UTW &#8211; sekcja geograficzna.&nbsp; &nbsp; &nbsp; &nbsp; &nbsp; &nbsp; &nbsp; &nbsp; &nbsp; &nbsp; &nbsp; &nbsp; &nbsp; &nbsp; &nbsp; &nbsp; &nbsp; &nbsp; &nbsp; &nbsp; &nbsp; &nbsp; &nbsp; &nbsp; &nbsp; &nbsp;&nbsp;<\/strong><\/p>\n\n\n\n<p><strong>16. Jadwiga Nowak- zmar\u0142a 01.03.2020 &#8211; cz\u0142onkini UTW od 04.10.2017<\/strong><\/p>\n\n\n\n<p><strong>17. Barbara Berak&nbsp; &#8211; zmar\u0142a 03.03.2020r. &#8211;&nbsp; wyk\u0142adowca w UTW &#8211; sekcja historyczna.<\/strong><\/p>\n\n\n\n<p><strong>18.Wies\u0142awa Pawelec &#8211; zmar\u0142a 10.09.2020r. &#8211; Cz\u0142onkini Zarz\u0105du I kadencji UTW<\/strong><\/p>\n\n\n\n<p><strong>19.&nbsp; Stanis\u0142aw Szwugier- zmar\u0142 22. 12.2020r &#8211; cz\u0142onek UTW od 08.11.2011r w tym cz\u0142onek Zarz\u0105du&nbsp; IV kadencji UTW.&nbsp;<\/strong><\/p>\n\n\n\n<p><strong>20. Kamila&nbsp; Smoli\u0144ska&nbsp; &nbsp;&#8211; zmar\u0142a 16.07.2021 &#8211; cz\u0142onkini UTW od 01.10.2009r.&nbsp; &nbsp;<\/strong><\/p>\n\n\n\n<p><strong>21. Janusz Zakrzewski &#8211; zmar\u0142 04.02.2022 &#8211; d\u0142ugoletni re\u017cyser w&nbsp; kabarecie przy UTW &#8222;Z R\u00f3\u017c\u0105&#8221;.<\/strong><\/p>\n\n\n\n<p><strong>22. Zofia Wi\u015bniewska zmar\u0142a 01.04.2022r &#8211; od 26.10.2011r nale\u017ca\u0142a do UTW w tym&nbsp;&nbsp;<\/strong><strong>cz\u0142onkini Samorz\u0105du Studenckiego III kadencji UTW.<\/strong><\/p>\n\n\n\n<p><strong>23. Zofia Kupisek &#8211; zmar\u0142a 15.05.2022r- cz\u0142onkini UTW od 18.10.2010r.<\/strong><\/p>\n\n\n\n<p><strong>24. Marianna Kolendowska &#8211; zmar\u0142a 17.05.2022r &#8211; <strong>cz\u0142onkini<\/strong> UTW od 05.11.2015r.<\/strong><\/p>\n","protected":false},"excerpt":{"rendered":"<p>Czas mija \u2013 ludzie odchodz\u0105 \u017bycie nabiera sensu i warto\u015bci poprzez to, co pozostawimy po sobie. Ka\u017cde pokolenie wypracowuje swoje &hellip;<\/p>\n","protected":false},"author":3,"featured_media":0,"parent":0,"menu_order":0,"comment_status":"closed","ping_status":"closed","template":"","meta":{"footnotes":""},"categories":[5],"tags":[],"_links":{"self":[{"href":"https:\/\/utwstarachowice.pl\/index.php?rest_route=\/wp\/v2\/pages\/2601"}],"collection":[{"href":"https:\/\/utwstarachowice.pl\/index.php?rest_route=\/wp\/v2\/pages"}],"about":[{"href":"https:\/\/utwstarachowice.pl\/index.php?rest_route=\/wp\/v2\/types\/page"}],"author":[{"embeddable":true,"href":"https:\/\/utwstarachowice.pl\/index.php?rest_route=\/wp\/v2\/users\/3"}],"replies":[{"embeddable":true,"href":"https:\/\/utwstarachowice.pl\/index.php?rest_route=%2Fwp%2Fv2%2Fcomments&post=2601"}],"version-history":[{"count":3,"href":"https:\/\/utwstarachowice.pl\/index.php?rest_route=\/wp\/v2\/pages\/2601\/revisions"}],"predecessor-version":[{"id":5115,"href":"https:\/\/utwstarachowice.pl\/index.php?rest_route=\/wp\/v2\/pages\/2601\/revisions\/5115"}],"wp:attachment":[{"href":"https:\/\/utwstarachowice.pl\/index.php?rest_route=%2Fwp%2Fv2%2Fmedia&parent=2601"}],"wp:term":[{"taxonomy":"category","embeddable":true,"href":"https:\/\/utwstarachowice.pl\/index.php?rest_route=%2Fwp%2Fv2%2Fcategories&post=2601"},{"taxonomy":"post_tag","embeddable":true,"href":"https:\/\/utwstarachowice.pl\/index.php?rest_route=%2Fwp%2Fv2%2Ftags&post=2601"}],"curies":[{"name":"wp","href":"https:\/\/api.w.org\/{rel}","templated":true}]}}