{"id":2582,"date":"2024-06-24T18:46:29","date_gmt":"2024-06-24T16:46:29","guid":{"rendered":"https:\/\/utwstarachowice.pl\/?page_id=2582"},"modified":"2026-01-08T18:20:01","modified_gmt":"2026-01-08T17:20:01","slug":"promocja","status":"publish","type":"page","link":"https:\/\/utwstarachowice.pl\/?page_id=2582","title":{"rendered":"PROMOCJA"},"content":{"rendered":"\n<p>Na stronie&nbsp;<a href=\"https:\/\/utwstarachowice.pl\/\">https:\/\/utwstarachowice.pl<\/a>&nbsp;i jako posty na FB w witrynie Uniwersytetu Trzeciego Wieku w Starachowicach zamieszczono foto relacje dokumentuj\u0105ce realizacj\u0119 Umowy Partnerstwa Krajowego zwi\u0105zan\u0105 z realizacj\u0105 projektu pn. Kierunek Przysz\u0142o\u015b\u0107 \u2013 Starachowicki Program Rozwoju Lokalnego (zwanego dalej: Projektem) finansowanego ze \u015brodk\u00f3w Norweskiego Mechanizmu Finansowego 2014-2021.<\/p>\n\n\n\n<p><strong>16.05.23<\/strong>&nbsp;-Spotkanie sekcji EKO &#8211; OGR\u00d3D z uczniami Szko\u0142y Podstawowejnr.10 klasa integracyjna.<\/p>\n\n\n\n<p>Wyk\u0142ad Stanis\u0142awa Prokopiuka &#8211; temat: &#8222;Jadalne dzikie ro\u015bliny lecznicze&#8221;( mniszek lekarski i pokrzywa).<\/p>\n\n\n\n<p><strong>9.05.23-Kolejne spotkanie sekcji Eko -Ogr\u00f3d. Dzisiejszy temat Ekologiczna uprawa warzyw w terenie. Praktyczny pokaz tych upraw w gospodarstwie Mieczys\u0142awa Maci\u0105ga.<\/strong><\/p>\n\n\n\n<p><strong>2.05.23<\/strong>\u00a0&#8211; trwaj\u0105 prace sekcji Eko -Ogr\u00f3d na dzia\u0142ce ekologicznej UTW.<\/p>\n\n\n\n<p><strong>25.04<\/strong>.<strong>23<\/strong>\u00a0&#8211; spotkanie sekcji Eko -Ogr\u00f3d. Dzi\u015b nasz kolega Mieczys\u0142aw Maci\u0105g opowiada\u0142 nam o ekologicznym nawo\u017ceniu upraw. Temat bardzo interesuj\u0105cy i dyskusyjny. Za tak wspania\u0142y i ciekawy wyk\u0142ad dzi\u0119kujemy. Oczekujemy nast\u0119pnych pogadanek zwi\u0105zanych z ekologicznymi uprawami.<\/p>\n\n\n\n<p><strong>18.04.23<\/strong>&#8211; kolejne spotkanie s\u0142uchaczy sekcji Eko -Ogr\u00f3d. Omawiany by\u0142 temat ,,Dobre i z\u0142e s\u0105siedztwo zi\u00f3\u0142 &#8222;. Wyk\u0142ad ten poprowadzi\u0142 kol Stanis\u0142aw Prokopiuk. Dowiedzieli\u015bmy si\u0119, \u017ce:<\/p>\n\n\n\n<p>&#8211;  zio\u0142a nie lubi\u0105 ziemi nawo\u017conej i wilgotnej a pokrzywa i mi\u0119ta odstraszaj\u0105 mr\u00f3wki,<\/p>\n\n\n\n<p>&#8211; koper nie lubi s\u0105siedztwa bazylii a ozdob\u0105 kopru jest nagietek i nasturcja chroni\u0105c go jednocze\u015bnie od mszyc,<\/p>\n\n\n\n<p>&#8211; macierzanka odstrasza \u015blimaki,<\/p>\n\n\n\n<p>&#8211; mi\u0119ta, bazylia i geranium odstraszaj\u0105 kleszcze.<\/p>\n\n\n\n<p>Dziko rosn\u0105ce ( pokrzywa, mniszek) stymuluj\u0105 wzrost innych ro\u015blin i chroni\u0105 przed chorobami. Wydzielaj\u0105 olejki eteryczne kt\u00f3re pe\u0142ni\u0105 rol\u0119 antybiotyk\u00f3w.<\/p>\n\n\n\n<p>01. 01. 2023 &#8211; 31.03. 2023 &#8211; FOTORELACJE\u00a0 Z ZAJ\u0118\u0106.<\/p>\n\n\n\n<p><strong>28.03<\/strong>\u00a0-na dzisiejszym spotkaniu S\u0142uchaczy sekcji Eko -Ogr\u00f3d profesjonalny wyk\u0142ad prowadzi\u0142a p. Krystyna Dutkiewicz. Temat wyk\u0142adu to sposoby zapylania ro\u015blin. Dowiedzieli\u015bmy si\u0119 du\u017co ciekawostek z tej dziedziny. Mi\u0119dzy innymi o owadopylno\u015bci i jakie ro\u015bliny sadzi\u0107 w ogrodzie dla dzikich pszcz\u00f3\u0142.To wykorzystamy przy urz\u0105dzaniu naszego ogrodu spo\u0142eczno\u015bciowego przy UTW jak i na swoich dzia\u0142kach.Dzi\u0119kujemy za tak wspania\u0142y wyk\u0142ad.<\/p>\n\n\n\n<figure class=\"wp-block-image\"><img decoding=\"async\" src=\"https:\/\/utwstarachowice.pl\/images\/IMG20230328085317.jpg\" alt=\"\"\/><\/figure>\n\n\n\n<figure class=\"wp-block-image\"><img decoding=\"async\" src=\"https:\/\/utwstarachowice.pl\/images\/IMG20230328083819.jpg\" alt=\"\"\/><\/figure>\n\n\n\n<p><strong>21 marca<\/strong>&nbsp;spotkanie sekcji Eko -Ogr\u00f3d poprowadzi\u0142 prezes UTW Jerzy Krawczyk.Zacz\u0105\u0142 od historii tworzenia ogrodu spo\u0142eczno\u015bciowego na terenie ogr\u00f3dk\u00f3w dzia\u0142kowych przy ul Martenowskiej. Pi\u0119kne to by\u0142y czasy &#8211; urz\u0105dzali\u015bmy ogr\u00f3d 100m kw. Ros\u0142y tam drzewa owocowe ( wi\u015bnia, jab\u0142o\u0144, orzech) i krzewy porzeczki czarnej. Po roku od za\u0142o\u017cenia ogrodu zio\u0142owego wygrali\u015bmy konkurs ,, Ziemia i Ludzie &#8221; zajmuj\u0105c I miejsce w kraju. Nawet by\u0142a u nas telewizja. W tym miejscu by\u0142y regularne&nbsp;spotkania zwi\u0105zane z piel\u0119gnacj\u0105 ogrodu i latem w cieniu drzew mo\u017cna by\u0142o posiedzie\u0107 przy naparach zio\u0142owych,herbatce i ciastach domowych. Po 3 latach rezygnujemy z dzia\u0142ki pisz\u0105c projekt norweski Eko- Szko\u0142a &#8211; Zielone Centrum Aktywno\u015bci Lokalnej i dostajemy pieni\u0105dze i du\u017c\u0105 dzia\u0142k\u0119 550m kw. na 10lat przy naszej siedzibie na urz\u0105dzenie ogrodu. Teraz ju\u017c z do\u015bwiadczeniem mamy pi\u0119kne plany do realizacji. Tematem wiod\u0105cym dzisiejszego spotkania by\u0142a &#8221; Bazylia i jej w\u0142a\u015bciwo\u015bci&#8221;. Us\u0142yszeli\u015bmy du\u017co o zdrowotnych walorach bazylii i jej uprawie. Dzisiejsze spotkanie by\u0142o bardzo ciekawe i urozmaicone. Dzi\u0119kujemy za ten wspania\u0142y wyk\u0142ad.<\/p>\n\n\n\n<figure class=\"wp-block-image\"><img decoding=\"async\" src=\"https:\/\/utwstarachowice.pl\/images\/IMG20230321093436.jpg\" alt=\"\"\/><\/figure>\n\n\n\n<figure class=\"wp-block-image\"><img decoding=\"async\" src=\"https:\/\/utwstarachowice.pl\/images\/FB_IMG_1679413770737.jpg\" alt=\"\"\/><\/figure>\n\n\n\n<figure class=\"wp-block-image\"><img decoding=\"async\" src=\"https:\/\/utwstarachowice.pl\/images\/FB_IMG_1679413756679.jpg\" alt=\"\"\/><\/figure>\n\n\n\n<p><strong>14 marca<\/strong>\u00a0kolejne spotkanie grupy EKO-OGR\u00d3D. Dzisiejszy wyk\u0142ad to Aromaterapia kt\u00f3ry poprowadzi\u0142 kol. Stanis\u0142aw.Wyjasni\u0142 nam co to jest aromaterapia,jej zastosowanie i jak si\u0119 j\u0105 przeprowadza. Na ten temat wypowiedzia\u0142a si\u0119 te\u017c c\u00f3rka Stanis\u0142awa p.Monika wraz z p. Piotrem. Wyja\u015bnili nam jak dobiera\u0107 produkty aby osi\u0105gn\u0105\u0107 cel zdrowotny. Zajmuj\u0105 si\u0119 oni zawodowo medycyn\u0105 naturaln\u0105. Na dzisiejsze spotkanie przyby\u0142a te\u017c m\u0142odzie\u017c z zaprzyja\u017anionego SOSW(Specjalny O\u015brodek\u00a0Szkolno-Wychowawczy)w Starachowicach. Z wielkim zainteresowaniem uczestniczyli w tym wyk\u0142adzie. Dzi\u0119kujemy za wspania\u0142y wyk\u0142ad.<\/p>\n\n\n\n<figure class=\"wp-block-image\"><img decoding=\"async\" src=\"https:\/\/utwstarachowice.pl\/images\/IMG20230314083304.jpg\" alt=\"\"\/><\/figure>\n\n\n\n<figure class=\"wp-block-image\"><img decoding=\"async\" src=\"https:\/\/utwstarachowice.pl\/images\/IMG20230314083445.jpg\" alt=\"\"\/><\/figure>\n\n\n\n<figure class=\"wp-block-image\"><img decoding=\"async\" src=\"https:\/\/utwstarachowice.pl\/images\/IMG20230314092619.jpg\" alt=\"\"\/><\/figure>\n\n\n\n<p><strong>28luty<\/strong>&nbsp;&#8211; kolejne spotkanie sekcji Eko -Ogr\u00f3d. Wyk\u0142ad prowadzi\u0142 kol. Stanis\u0142aw Prokopiuk. Temat wyk\u0142adu &#8222;Allelopatia w ogrodzie&#8221; &#8211;<\/p>\n\n\n\n<p>jest to oddzia\u0142ywanie ro\u015blin na siebie zar\u00f3wno pozytywne jak i negatywne. S\u0105siedztwo ro\u015blin jest bardzo wa\u017cne co si\u0119 odbija \u017ce ro\u015bliny s\u0105 zdrowe, smaczniejsze r\u00f3wno dojrzewaj\u0105 lub w przypadku niekorzystnym mog\u0105 nawet nie wyrosn\u0105\u0107.<\/p>\n\n\n\n<p>Tak np. pomidor lubi towarzystwo bazylii, marchew dobrze znosi s\u0105siedztwo cebuli i czosnku. Nie mo\u017cna sadzi\u0107 czosnku przy fasoli. Pod d\u0119bem lub orzechem nic nie chce rosn\u0105\u0107 itd. Temat bardzo obszerny i interesuj\u0105cy przedstawiony przez kol. Stanis\u0142awa przerodzi\u0142 si\u0119 w o\u017cywion\u0105 dyskusj\u0119. Uczestnicy dzisiejszego spotkania dzi\u0119kuj\u0105 za wspania\u0142y przekaz. Do zobaczenia za tydzie\u0144.<\/p>\n\n\n\n<figure class=\"wp-block-image\"><img decoding=\"async\" src=\"https:\/\/utwstarachowice.pl\/images\/IMG20230228084213.jpg\" alt=\"\"\/><\/figure>\n\n\n\n<figure class=\"wp-block-image\"><img decoding=\"async\" src=\"https:\/\/utwstarachowice.pl\/images\/IMG20230228084120.jpg\" alt=\"\"\/><\/figure>\n\n\n\n<p><strong>17 stycznia<\/strong>&nbsp;kolejne spotkanie sekcji Eko -Ogr\u00f3d. Dzi\u015b zaj\u0119cia prowadzi\u0142 kol. Mieczys\u0142aw Maci\u0105g omawiaj\u0105c temat &#8222;Sposoby upraw ekologicznych&#8221;. Temat bardzo ciekawy i dyskusyjny. 10 S\u0142uchaczy wzi\u0119\u0142o udzia\u0142 w tym spotkaniu dzi\u0119kuj\u0105c za pi\u0119knie poprowadzony wyk\u0142ad.<\/p>\n\n\n\n<figure class=\"wp-block-image\"><img decoding=\"async\" src=\"https:\/\/utwstarachowice.pl\/images\/received_5809900852458134.jpg\" alt=\"\"\/><\/figure>\n\n\n\n<figure class=\"wp-block-image\"><img decoding=\"async\" src=\"https:\/\/utwstarachowice.pl\/images\/received_701091551526715.jpg\" alt=\"\"\/><\/figure>\n\n\n\n<p><strong>1O. O1.23<\/strong>&nbsp;&#8211; ZAJECIA SEKCJI&nbsp; EKO &#8211; OGR\u00d3D -uczestniczy&nbsp; 12&nbsp; s\u0142uchaczy&nbsp; UTW.<\/p>\n\n\n\n<p>Wys\u0142uchali\u015bmy ciekawego wyk\u0142adu na temat ,,Co to jest ekologia&#8221;. Te zaj\u0119cia poprowadzi\u0142 uczestnik sekcji Eko &#8211; Ogr\u00f3d kol.Stanis\u0142aw Prokopiuk. Dowiedzieli\u015bmy si\u0119 czym zajmuje ekologia i ekolog, \u017ce pierwszym ekologiem by\u0142 Arystoteles a patronem ekologii jest \u015bw. Franciszek z Asy\u017cu.Kolega ten wyk\u0142ad poprowadzi\u0142 w bardzo ciekawy spos\u00f3b zach\u0119caj\u0105c nas do ochrony \u015brodowiska. Cz\u0142owiek \u017cyje dzi\u0119ki zasobom przyrody, wi\u0119c mamy o co dba\u0107 i walczy\u0107. Na ten temat by\u0142a te\u017c o\u017cywiona dyskusja za co dzi\u0119kujemy i oczekujemy nast\u0119pnych wyk\u0142ad\u00f3w. Zapraszamy za tydzie\u0144 na nast\u0119pne te\u017c interesuj\u0105ce spotkanie.<img decoding=\"async\" width=\"521\" src=\"https:\/\/utwstarachowice.pl\/images\/IMG20230110100934.jpg\"><\/p>\n\n\n\n<figure class=\"wp-block-image\"><img decoding=\"async\" src=\"https:\/\/utwstarachowice.pl\/images\/IMG20230110091227.jpg\" alt=\"\"\/><\/figure>\n\n\n\n<p><strong>6 PA\u0179DZIERNIKA 2022r<\/strong><\/p>\n\n\n\n<p>uczestniczyli\u015bmy w Pikniku Ekologicznym organizowanym przez Szkol\u0119 Podstawow\u0105 nr.11 w Starachowicach. Nasze UTW zaprezentowa\u0142o stoisko z zio\u0142ami, sokami i naparami zio\u0142owymi promuj\u0105c jednocze\u015bnie realizowany projekt. Prezes UTW podpisa\u0142 umow\u0119 partnersk\u0105 z Dyrekcj\u0105 Sz.P.Nr.11w kt\u00f3rej funkcjonuje Eko &#8211; Szko\u0142a.<\/p>\n\n\n\n<figure class=\"wp-block-image\"><img decoding=\"async\" src=\"https:\/\/utwstarachowice.pl\/images\/IMG20221006105600.jpg\" alt=\"\"\/><\/figure>\n\n\n\n<figure class=\"wp-block-image\"><img decoding=\"async\" src=\"https:\/\/utwstarachowice.pl\/images\/IMG20221006094906.jpg\" alt=\"\"\/><\/figure>\n\n\n\n<figure class=\"wp-block-image\"><img decoding=\"async\" src=\"https:\/\/utwstarachowice.pl\/images\/received_679400460208256.jpg\" alt=\"\"\/><\/figure>\n\n\n\n<figure class=\"wp-block-image\"><img decoding=\"async\" src=\"https:\/\/utwstarachowice.pl\/images\/IMG20221006110429.jpg\" alt=\"\"\/><\/figure>\n\n\n\n<p><strong>4 PA\u0179DZIERNIKA 2022r<\/strong><\/p>\n\n\n\n<p>Wtorek &#8211; kolejne zaj\u0119cia m\u0142odzie\u017cy z Zespo\u0142u Szk\u00f3\u0142 Zawodowych Nr1 wsp\u00f3\u0142dzia\u0142anie z Grup\u0105 S\u0142uchaczy UTW przy urz\u0105dzaniu ogrodu ekologicznego. Dzi\u015b do\u0142\u0105czyli do nas go\u015bcie tj. Prezydent Miasta Starachowice Marek Materek i Wiceprezydent Marcin Go\u0142\u0119biowski- posadzili na naszej dzia\u0142ce sadzonki trawy ozdobnej i rozchodnika. Oto fotorelacja.<\/p>\n\n\n\n<figure class=\"wp-block-image\"><img decoding=\"async\" src=\"https:\/\/utwstarachowice.pl\/images\/IMG20221004115016.jpg\" alt=\"\"\/><\/figure>\n\n\n\n<figure class=\"wp-block-image\"><img decoding=\"async\" src=\"https:\/\/utwstarachowice.pl\/images\/IMG20221004122027.jpg\" alt=\"\"\/><\/figure>\n\n\n\n<figure class=\"wp-block-image\"><img decoding=\"async\" src=\"https:\/\/utwstarachowice.pl\/images\/IMG20221004122547.jpg\" alt=\"\"\/><\/figure>\n\n\n\n<figure class=\"wp-block-image\"><img decoding=\"async\" src=\"https:\/\/utwstarachowice.pl\/images\/IMG20221004121437.jpg\" alt=\"\"\/><\/figure>\n\n\n\n<figure class=\"wp-block-image\"><img decoding=\"async\" src=\"https:\/\/utwstarachowice.pl\/images\/IMG20221004114513.jpg\" alt=\"\"\/><\/figure>\n\n\n\n<figure class=\"wp-block-image\"><img decoding=\"async\" src=\"https:\/\/utwstarachowice.pl\/images\/IMG20221004121213.jpg\" alt=\"\"\/><\/figure>\n\n\n\n<p>27 wrze\u015bnia&nbsp;<\/p>\n\n\n\n<p>Kolejne prace na dzia\u0142ce ekologicznej m\u0142odzie\u017cy z Zespo\u0142u Szk\u00f3\u0142 Zawodowych nr.1 o profilu architekt krajobrazu z grup\u0105 S\u0142uchaczy UTW &#8211; fotorelacja.<\/p>\n\n\n\n<figure class=\"wp-block-image\"><img decoding=\"async\" src=\"https:\/\/utwstarachowice.pl\/images\/received_575604524347372.jpg\" alt=\"\"\/><\/figure>\n\n\n\n<figure class=\"wp-block-image\"><img decoding=\"async\" src=\"https:\/\/utwstarachowice.pl\/images\/received_487958086530025.jpg\" alt=\"\"\/><\/figure>\n\n\n\n<figure class=\"wp-block-image\"><img decoding=\"async\" src=\"https:\/\/utwstarachowice.pl\/images\/received_861757358337223.jpg\" alt=\"\"\/><\/figure>\n\n\n\n<p>&nbsp;20 i 23 wrze\u015bnia 2022r<\/p>\n\n\n\n<p>Grupa S\u0142uchaczy UTW pracuje przy tworzeniu ogrodu ekologicznego z projektu EKO &#8211; SZKO\u0141A &#8211; ZIELONE CENTRUM AKTYWNOSCI LOKALNEJ razem z grup\u0105 m\u0142odzie\u017cy z Zespo\u0142u Szk\u00f3\u0142 Zawodowych nr.1 w ramach wsp\u00f3\u0142pracy mi\u0119dzypokoleniowej.&nbsp;<\/p>\n\n\n\n<figure class=\"wp-block-image\"><img decoding=\"async\" src=\"https:\/\/utwstarachowice.pl\/images\/307955844_1072423813477721_2580083065659585089_n.jpg\" alt=\"\"\/><\/figure>\n\n\n\n<figure class=\"wp-block-image\"><img decoding=\"async\" src=\"https:\/\/utwstarachowice.pl\/images\/308296865_897535384963552_2520955048995916729_n.jpg\" alt=\"\"\/><\/figure>\n\n\n\n<figure class=\"wp-block-image\"><img decoding=\"async\" src=\"https:\/\/utwstarachowice.pl\/images\/308234364_482890593795152_8484716294110881914_n.jpg\" alt=\"\"\/><\/figure>\n\n\n\n<figure class=\"wp-block-image\"><img decoding=\"async\" src=\"https:\/\/utwstarachowice.pl\/images\/308337219_3273568346214543_3588461997456270935_n.jpg\" alt=\"\"\/><\/figure>\n\n\n\n<figure class=\"wp-block-image\"><img decoding=\"async\" src=\"https:\/\/utwstarachowice.pl\/images\/307979362_1899257960277584_3735944909214458418_n.jpg\" alt=\"\"\/><\/figure>\n\n\n\n<p>2 wrze\u015bnia.<\/p>\n\n\n\n<p>To dzisiejsze spotkanie przy tworzonym ogrodzie UTW przypomina poniedzia\u0142kowe spotkania w naszym ogrodzie spo\u0142eczno\u015bciowym. By\u0142a degustacja napar\u00f3w z r\u00f3\u017cnych zi\u00f3\u0142 i omawianie ich zdrowotnych w\u0142a\u015bciwo\u015bci. Zapraszamy na kolejne spotkanie.<\/p>\n\n\n\n<figure class=\"wp-block-image\"><img decoding=\"async\" src=\"https:\/\/utwstarachowice.pl\/images\/IMG20220902102128.jpg\" alt=\"\"\/><\/figure>\n\n\n\n<figure class=\"wp-block-image\"><img decoding=\"async\" src=\"https:\/\/utwstarachowice.pl\/images\/IMG20220902112019.jpg\" alt=\"\"\/><\/figure>\n\n\n\n<figure class=\"wp-block-image\"><img decoding=\"async\" src=\"https:\/\/utwstarachowice.pl\/images\/IMG20220902112149.jpg\" alt=\"\"\/><\/figure>\n\n\n\n<p>&nbsp;8 sierpnia 2022r.<\/p>\n\n\n\n<p>Kolejne spotkanie grupy s\u0142uchaczy z sekcji Eko- ogr\u00f3d przy urz\u0105dzaniu ogrodu. Realizacja projektu norweskiego &#8222;Eko- szko\u0142a- zielone centrum aktywno\u015bci lokalnej&#8221;.<\/p>\n\n\n\n<figure class=\"wp-block-image\"><img decoding=\"async\" src=\"https:\/\/utwstarachowice.pl\/images\/IMG20220808102114.jpg\" alt=\"\"\/><\/figure>\n\n\n\n<figure class=\"wp-block-image\"><img decoding=\"async\" src=\"https:\/\/utwstarachowice.pl\/images\/IMG20220808102154.jpg\" alt=\"\"\/><\/figure>\n\n\n\n<p><strong>12 lipca 2022 r.<\/strong><\/p>\n\n\n\n<p><strong>12 lipca kolejne spotkanie grupy s\u0142uchaczy UTW przy urz\u0105dzaniu ogrodu ekologicznego z projektu ,,Eko- szko\u0142a -zielone centrum aktywno\u015bci lokalnej &#8222;. Po ostatnich deszczach mo\u017cna by\u0142o dzi\u015b zrobi\u0107 nowe nasadzenia sadzonek zi\u00f3\u0142, kwiat\u00f3w i krzew\u00f3w.<\/strong><\/p>\n\n\n\n<figure class=\"wp-block-image\"><img decoding=\"async\" src=\"https:\/\/utwstarachowice.pl\/images\/IMG20220712100326.jpg\" alt=\"\"\/><\/figure>\n\n\n\n<figure class=\"wp-block-image\"><img decoding=\"async\" src=\"https:\/\/utwstarachowice.pl\/images\/IMG20220712095758.jpg\" alt=\"\"\/><\/figure>\n\n\n\n<figure class=\"wp-block-image\"><img decoding=\"async\" src=\"https:\/\/utwstarachowice.pl\/images\/IMG20220712094221.jpg\" alt=\"\"\/><\/figure>\n\n\n\n<p><strong>&nbsp;9 CZERWCA<\/strong><\/p>\n\n\n\n<p><strong>Kolejne&nbsp; prace grupy s\u0142uchaczy UTW&nbsp; przy urz\u0105dzaniu Ogrodu Spo\u0142eczno\u015bciowego. Mieli\u015bmy do pomocy grup\u0119 m\u0142odzie\u017cy z Zespo\u0142u Szk\u00f3\u0142 Zawodowych nr.1 o profilu architekt krajobrazu. By\u0142y nasadzenia&nbsp; zi\u00f3\u0142 kwiat\u00f3w do skrzy\u0144 i wyznaczenie miejsc pod nowe sadzonki zgodnie z zagospodarowaniem dzia\u0142ki.<\/strong><\/p>\n\n\n\n<figure class=\"wp-block-image\"><img decoding=\"async\" src=\"https:\/\/utwstarachowice.pl\/images\/IMG20220608111723%201.jpg\" alt=\"\"\/><\/figure>\n\n\n\n<figure class=\"wp-block-image\"><img decoding=\"async\" src=\"https:\/\/utwstarachowice.pl\/images\/IMG20220608111849.jpg\" alt=\"\"\/><\/figure>\n\n\n\n<p>&nbsp;<strong>8 CZERWCA<\/strong><\/p>\n\n\n\n<p><strong>W dniu 25.04. 22r zosta\u0142o zawarte porozumienie pomi\u0119dzy UNIWERSYTETEM TRZECIEGO WIEKU a ZESPO\u0141EM SZK\u00d3\u0141 ZAWODOWYCH NR.1 w Starachowicach o wsp\u00f3\u0142dzia\u0142aniu&nbsp;mi\u0119dzypokoleniowym. Dotyczy to klasy &#8211; technik architekt krajobrazu. To ju\u017c s\u0105 kolejne zaj\u0119cia m\u0142odzie\u017cy przy urz\u0105dzaniu naszego Ogrodu Spo\u0142eczno\u015bciowego przy ul Glinianej 10A.<\/strong><\/p>\n\n\n\n<figure class=\"wp-block-image\"><img decoding=\"async\" src=\"https:\/\/utwstarachowice.pl\/images\/IMG20220608111727%201.jpg\" alt=\"\"\/><\/figure>\n\n\n\n<p><strong>27 MAJA<\/strong><\/p>\n\n\n\n<p><strong>27 maja kolejny dzie\u0144 pracy 10 S\u0142uchaczy UTW przy urz\u0105dzaniu Ogrodu Spo\u0142eczno\u015bciowego. Rozpocz\u0119li\u015bmy prace od godziny \u00f3smej. Uda\u0142o si\u0119 nawet sporo popracowa\u0107&nbsp;by uciec przed p\u00f3\u017aniejszymi opadami deszczu. Zmiany wida\u0107 po ka\u017cdym spotkaniu, ale to jeszcze do ko\u0144cowego efektu trzeba w\u0142o\u017cy\u0107 du\u017co pracy . Zapraszamy wszystkich ch\u0119tnych aby ka\u017cdy m\u00f3g\u0142 si\u0119 wykaza\u0107 a kiedy\u015b pochwali\u0107 przy tym urz\u0105dzaniu Ogrodu Spo\u0142eczno\u015bciowego. To miejsce b\u0119dzie nam wszystkim s\u0142u\u017cy\u0107 jako miejsce rekreacji i edukacji.<\/strong><\/p>\n\n\n\n<figure class=\"wp-block-image\"><img decoding=\"async\" src=\"https:\/\/utwstarachowice.pl\/images\/IMG20220527085422.jpg\" alt=\"\"\/><\/figure>\n\n\n\n<figure class=\"wp-block-image\"><img decoding=\"async\" src=\"https:\/\/utwstarachowice.pl\/images\/IMG20220527091639.jpg\" alt=\"\"\/><\/figure>\n\n\n\n<p><strong>19 MAJA<\/strong><\/p>\n\n\n\n<p><strong>S\u0142uchacze UTW&nbsp; przy&nbsp; budowie Ogrodu&nbsp; Spo\u0142eczno\u015bciowego.<\/strong><\/p>\n\n\n\n<figure class=\"wp-block-image\"><img decoding=\"async\" src=\"https:\/\/utwstarachowice.pl\/images\/IMG20220519155307.jpg\" alt=\"\"\/><\/figure>\n\n\n\n<figure class=\"wp-block-image\"><img decoding=\"async\" src=\"https:\/\/utwstarachowice.pl\/images\/IMG20220519163113.jpg\" alt=\"\"\/><\/figure>\n\n\n\n<p>W dniu 25.04. 22r zosta\u0142o&nbsp; zawarte porozumienie pomi\u0119dzy UNIWERSYTETEM TRZECIEGO WIEKU&nbsp; a ZESPO\u0141EM SZK\u00d3\u0141 ZAWODOWYCH NR.1 w Starachowicach o wsp\u00f3\u0142dzia\u0142aniu mi\u0119dzypokoleniowym. Dotyczy to klasy &#8211; technik architekt krajobrazu . To ju\u017c s\u0105 kolejne zaj\u0119cia m\u0142odzie\u017cy&nbsp; przy urz\u0105dzaniu naszego Ogrodu Spo\u0142eczno\u015bciowego przy ul Glinianej 10A.<\/p>\n\n\n\n<figure class=\"wp-block-image\"><img decoding=\"async\" src=\"https:\/\/utwstarachowice.pl\/images\/IMG20220608111727%201.jpg\" alt=\"\"\/><\/figure>\n\n\n\n<figure class=\"wp-block-image\"><img decoding=\"async\" src=\"https:\/\/utwstarachowice.pl\/images\/IMG20220608111813.jpg\" alt=\"\"\/><\/figure>\n\n\n\n<figure class=\"wp-block-image\"><img decoding=\"async\" src=\"https:\/\/utwstarachowice.pl\/images\/UTW.png\" alt=\"\"\/><\/figure>\n\n\n\n<figure class=\"wp-block-image\"><img decoding=\"async\" src=\"https:\/\/utwstarachowice.pl\/images\/IMG_2725.JPG\" alt=\"\"\/><\/figure>\n\n\n\n<figure class=\"wp-block-image\"><img decoding=\"async\" src=\"https:\/\/utwstarachowice.pl\/images\/IMG_3312.JPG\" alt=\"\"\/><\/figure>\n\n\n\n<figure class=\"wp-block-image\"><img decoding=\"async\" src=\"https:\/\/utwstarachowice.pl\/images\/20220425_090001.jpg\" alt=\"\"\/><\/figure>\n\n\n\n<p>TVP Kielce na swojej antenie w dniu 15.10.2022 r. zamie\u015bci\u0142a fotorelacj\u0119 z dnia 12.10.2022 r. promuj\u0105c\u0105 realizacj\u0119 projektu.<\/p>\n\n\n\n<p>Relacje z naszego ogrodu wyemitowano w starachowickiej telewizji kablowej oraz w telewizji Ratusz.<\/p>\n","protected":false},"excerpt":{"rendered":"<p>Na stronie&nbsp;https:\/\/utwstarachowice.pl&nbsp;i jako posty na FB w witrynie Uniwersytetu Trzeciego Wieku w Starachowicach zamieszczono foto relacje dokumentuj\u0105ce realizacj\u0119 Umowy Partnerstwa &hellip;<\/p>\n","protected":false},"author":3,"featured_media":0,"parent":0,"menu_order":0,"comment_status":"closed","ping_status":"closed","template":"","meta":{"footnotes":""},"categories":[7],"tags":[],"_links":{"self":[{"href":"https:\/\/utwstarachowice.pl\/index.php?rest_route=\/wp\/v2\/pages\/2582"}],"collection":[{"href":"https:\/\/utwstarachowice.pl\/index.php?rest_route=\/wp\/v2\/pages"}],"about":[{"href":"https:\/\/utwstarachowice.pl\/index.php?rest_route=\/wp\/v2\/types\/page"}],"author":[{"embeddable":true,"href":"https:\/\/utwstarachowice.pl\/index.php?rest_route=\/wp\/v2\/users\/3"}],"replies":[{"embeddable":true,"href":"https:\/\/utwstarachowice.pl\/index.php?rest_route=%2Fwp%2Fv2%2Fcomments&post=2582"}],"version-history":[{"count":2,"href":"https:\/\/utwstarachowice.pl\/index.php?rest_route=\/wp\/v2\/pages\/2582\/revisions"}],"predecessor-version":[{"id":5997,"href":"https:\/\/utwstarachowice.pl\/index.php?rest_route=\/wp\/v2\/pages\/2582\/revisions\/5997"}],"wp:attachment":[{"href":"https:\/\/utwstarachowice.pl\/index.php?rest_route=%2Fwp%2Fv2%2Fmedia&parent=2582"}],"wp:term":[{"taxonomy":"category","embeddable":true,"href":"https:\/\/utwstarachowice.pl\/index.php?rest_route=%2Fwp%2Fv2%2Fcategories&post=2582"},{"taxonomy":"post_tag","embeddable":true,"href":"https:\/\/utwstarachowice.pl\/index.php?rest_route=%2Fwp%2Fv2%2Ftags&post=2582"}],"curies":[{"name":"wp","href":"https:\/\/api.w.org\/{rel}","templated":true}]}}