{"id":2569,"date":"2013-04-10T15:24:19","date_gmt":"2013-04-10T13:24:19","guid":{"rendered":"https:\/\/utwstarachowice.pl\/2013\/04\/10\/praca-w-sekcjach-przedmiotowych-w-roku-2012\/"},"modified":"2013-04-10T15:24:19","modified_gmt":"2013-04-10T13:24:19","slug":"praca-w-sekcjach-przedmiotowych-w-roku-2012","status":"publish","type":"page","link":"https:\/\/utwstarachowice.pl\/?page_id=2569","title":{"rendered":"PRACA W SEKCJACH PRZEDMIOTOWYCH w  roku 2012"},"content":{"rendered":"<p>\u00a0<\/p>\n<p style=\"margin-bottom: 0.35cm; line-height: 115%;\" align=\"CENTER\"><span style=\"color: #000000; font-size: medium;\"><span style=\"font-family: Calibri;\"><strong><span style=\"background: none repeat scroll 0% 0% transparent;\">SEKCJA FILOZOFICZNO \u2013 PSYCHOLOGICZNA<\/span><\/strong><\/span><\/span><\/p>\n<p style=\"text-indent: 1.25cm; margin-bottom: 0.35cm; font-weight: normal; line-height: 115%; text-align: justify;\" align=\"LEFT\"><span style=\"color: #000000; font-size: medium;\"><span style=\"font-family: Calibri;\"><span style=\"background: none repeat scroll 0% 0% transparent;\">Prowadz\u0105 j\u0105 ju\u017c 6 rok mgr Wanda Ko\u0142odziejczyk, mgr Izabela Haczyk \u2013 \u0106wik oraz od tego roku mgr Dariusz Grudniewski. Zapisanych jest 57 s\u0142uchaczy, kt\u00f3rzy spotykali si\u0119 w dw\u00f3ch grupach (\u015brody i pi\u0105tki). W ci\u0105gu roku ka\u017cda z grup odby\u0142a 29 spotka\u0144. Frekwencja wynios\u0142a oko\u0142o 50 %. Zaj\u0119cia z filozofii prowadzone by\u0142y w dw\u00f3ch blokach, blok prowadzony przez Izabel\u0119 Haczyk \u2013 \u0106wik dotyczy\u0142 problematyki filozofii i przemian kulturowych epoki ponowoczesnej oraz ruchu New Age. Drugi blok zaj\u0119\u0107 z filozofii prowadzony przez mgr Dariusza Grudniewskiego dotyczy\u0142 problematyki filozofii okresu antycznego i etyki. Zaj\u0119cia z psychologii po\u015bwi\u0119cone by\u0142y problematyce samo\u015bwiadomo\u015bci osoby i postrzegania warto\u015bci, doskonalenia i utrzymania zwi\u0105zk\u00f3w emocjonalnych. Wsp\u00f3lne analizowanie problem\u00f3w zwi\u0105zanych z filozofi\u0105 i psychologi\u0105 sprzyja\u0142o wymianie pogl\u0105d\u00f3w i do\u015bwiadcze\u0144. Atmosfera w grupie by\u0142a bardzo pozytywna, powsta\u0142y plany wprowadzenia nowych metod pracy, np. dyskusja panelowa \u2013 jest to wynik przemy\u015ble\u0144 i postulat\u00f3w student\u00f3w.<\/span><\/span><\/span><\/p>\n<p style=\"margin-bottom: 0.35cm; line-height: 115%;\" align=\"CENTER\"><span style=\"color: #000000; font-size: medium;\"><span style=\"font-family: Calibri;\"><strong><span style=\"background: none repeat scroll 0% 0% transparent;\">SEKCJA LITERACKA<\/span><\/strong><\/span><\/span><\/p>\n<p style=\"text-indent: 1.25cm; margin-bottom: 0.35cm; font-weight: normal; line-height: 115%; text-align: justify;\" align=\"LEFT\"><span style=\"color: #000000; font-size: medium;\"><span style=\"font-family: Calibri;\"><span style=\"background: none repeat scroll 0% 0% transparent;\">Prowadzona ju\u017c 5 rok przez mgr Dorot\u0119 Kie\u0142ek. Liczy 40 s\u0142uchaczy i 10 sympatyk\u00f3w. Odby\u0142o si\u0119 32 spotkania w ci\u0105gu minionego roku, w tym 4 w MBP Kochanowskiego i 1 w Muzeum Przyrody i Techniki z okazji Festiwalu Pami\u0119ci \u017byd\u00f3w. S\u0142uchacze sekcji aktywnie uczestniczyli w spotkaniach \u201eG\u0142o\u015bnego czytania noc\u0105\u201d, a na jednym z nich, nosz\u0105cym tytu\u0142: \u201eNiechaj mnie Zo\u015bka o wiersze nie prosi\u201d prezentowali swoje wiersze. 5 czerwca za\u015b spotkali si\u0119 z A. Szymczyk, poetk\u0105, malark\u0105, animatork\u0105 \u017cycia kulturalnego w Chicago i J. Obar\u0105 poet\u0105 i w\u0142a\u015bcicielem wydawnictwa \u201eArs pro Memoria\u201d. Swoje wiersze prezentowa\u0142y cz\u0142onkinie sekcji: J. Murawska i M. Tokarek podczas promocji tomiku s\u0142uchaczy UTW \u201eW ogrodzie wspomnie\u0144\u201d. Na koniec semestru sekcja wzi\u0119\u0142a udzia\u0142 w spotkaniu ze znan\u0105 poetk\u0105 Ew\u0105 Lipsk\u0105, przyjaci\u00f3\u0142k\u0105 Wis\u0142awy Szymborskiej. Ostatnie zaj\u0119cia 2012 r. to tradycyjne ju\u017c spotkanie kol\u0119dowe. \u015apiewom s\u0142uchaczy towarzyszy\u0142 graj\u0105cy na skrzypcach Kamil Drabikowski. S\u0142uchacze sekcji literackiej uczestniczyli we wszystkich wydarzeniach kulturalnych w naszym mie\u015bcie, pocz\u0105wszy od Dni Muzyki Organowej i Kameralnej, procesji \u015bw. Barbary czy Orszaku Trzech Kr\u00f3li. S\u0142uchali wyk\u0142ad\u00f3w, brali udzia\u0142 w koncertach muzycznych i poetyckich, ogl\u0105dali wystawy malarskie i fotograficzne, chodzili na Wieczory Starachowickie i spotkania z tw\u00f3rcami kultury. \u201eDobrym duchem\u201d sekcji jest Zofia Kupisek, kt\u00f3ra zaopatruje s\u0142uchaczy w wiele ciekawych ksi\u0105\u017cek z literatury faktu. Prowadz\u0105ca sekcj\u0119 jest dumna z poetek: J. Murawskiej, Z. Sadok i M. Tokarek, kt\u00f3re wci\u0105\u017c tworz\u0105 nowe wiersze i \u017cyczy im w nowym roku tw\u00f3rczych i ciekawych pomys\u0142\u00f3w.<\/span><\/span><\/span><\/p>\n<p style=\"margin-bottom: 0.35cm; line-height: 115%;\" align=\"CENTER\"><span style=\"color: #000000; font-size: medium;\"><span style=\"font-family: Calibri;\"><strong><span style=\"background: none repeat scroll 0% 0% transparent;\">\u00a0<\/span><\/strong><\/span><\/span><\/p>\n<p style=\"margin-bottom: 0.35cm; line-height: 115%;\" align=\"CENTER\"><span style=\"color: #000000; font-size: medium;\"><span style=\"font-family: Calibri;\"><strong><span style=\"background: none repeat scroll 0% 0% transparent;\">SEKCJA HISTORYCZNA<\/span><\/strong><\/span><\/span><\/p>\n<p style=\"text-indent: 1.25cm; margin-bottom: 0.35cm; line-height: 115%; text-align: justify;\" align=\"LEFT\"><span style=\"color: #000000; font-size: medium;\"><span style=\"font-family: Calibri;\"><span style=\"font-weight: normal;\"><span style=\"background: none repeat scroll 0% 0% transparent;\">Prowadzona przez mgr Barbar\u0119 Berak. W ci\u0105gu roku odby\u0142o si\u0119 14 spotka\u0144 (co drugi wtorek). Zaplanowane tematy zosta\u0142y zrealizowane, obejmowa\u0142y histori\u0119 Europy i Polski w XIX w. Dwa zagadnienia: Romantyzm i realizm w malarstwie europejskim XIX wieku i \u201eSceny z powsta\u0144 w malarstwie polskim\u201d \u2013 bogato ilustrowane reprodukcjami przygotowa\u0142a s\u0142uchaczka \u2013 I. Wr\u00f3bel. Cz\u0142onkowie sekcji wykazuj\u0105 du\u017ce zainteresowanie histori\u0105, wiele czytaj\u0105 i ch\u0119tnie dyskutuj\u0105. Sekcja wsp\u00f3\u0142pracuje z grup\u0105 turystyczn\u0105, z kt\u00f3r\u0105 w\u0119druje do miejsc zwi\u0105zanych z histori\u0105.<\/span><\/span><\/span><\/span><\/p>\n<p style=\"margin-bottom: 0.35cm; font-weight: normal; line-height: 115%;\" align=\"CENTER\">\u00a0<\/p>\n<p style=\"margin-bottom: 0.35cm; line-height: 115%;\" align=\"CENTER\"><span style=\"color: #000000; font-size: medium;\"><span style=\"font-family: Calibri;\"><strong><span style=\"background: none repeat scroll 0% 0% transparent;\">KULTURA INNYCH NAROD\u00d3W<\/span><\/strong><\/span><\/span><\/p>\n<p style=\"text-indent: 1.25cm; margin-bottom: 0.35cm; font-weight: normal; line-height: 115%; text-align: justify;\" align=\"LEFT\"><span style=\"color: #000000; font-size: medium;\"><span style=\"font-family: Calibri;\"><span style=\"background: none repeat scroll 0% 0% transparent;\">W jej ramach odbywaj\u0105 si\u0119 raz w tygodniu zaj\u0119cia z j\u0119zyka i kultury Japonii. Prowadzi je\u00a0Ma\u0142gorzata Serwicka od maja 2012 r. S\u0142uchacze zapoznaj\u0105 si\u0119 z kultur\u0105, estetyk\u0105, mod\u0105, wierzeniami i obrz\u0119dami kraju kwitn\u0105cej wi\u015bni. Poznaj\u0105 staro\u017cytn\u0105 i wsp\u00f3\u0142czesna Japoni\u0119 oraz potrawy typowe dla tego kraju. Ponadto zosta\u0142y przeprowadzone warsztaty z kaligrafii. W pierwszym semestrze zosta\u0142y poruszone tak\u017ce kwestie p\u0142ci kulturowej, b\u0119d\u0105ce wst\u0119pem do og\u00f3lnych zaj\u0119\u0107 kulturoznawczych.<\/span><\/span><\/span><\/p>\n<p style=\"margin-bottom: 0.35cm; line-height: 115%;\" align=\"CENTER\"><span style=\"color: #000000; font-size: medium;\"><span style=\"font-family: Calibri;\"><strong><span style=\"background: none repeat scroll 0% 0% transparent;\">KLUB MI\u0141O\u015aNIK\u00d3W MUZYKI POWA\u017bNEJ<\/span><\/strong><\/span><\/span><\/p>\n<p style=\"margin-bottom: 0.35cm; font-weight: normal; line-height: 115%; text-align: justify;\" align=\"LEFT\"><span style=\"color: #000000; font-size: medium;\"><span style=\"font-family: Calibri;\"><span style=\"background: none repeat scroll 0% 0% transparent;\"> Dzia\u0142a od 2012 r., kieruje nim mgr Matylda Swat. Zaj\u0119cia odbywaj\u0105 si\u0119 w pierwszy poniedzia\u0142ek miesi\u0105ca. W spotkaniach uczestniczy 12 os\u00f3b. S\u0142uchacze poznawali muzyk\u0119 Bacha, Beethovena, Mozarta i Vivaldiego oraz polsk\u0105 muzyk\u0119 sakraln\u0105. Wszystkie zaplanowane tematy zosta\u0142y zrealizowane.<\/span><\/span><\/span><\/p>\n<p style=\"margin-bottom: 0.35cm; line-height: 115%;\" align=\"CENTER\"><span style=\"color: #000000; font-size: medium;\"><span style=\"font-family: Calibri;\"><strong><span style=\"background: none repeat scroll 0% 0% transparent;\">DYSKUSYJNY KLUB KSI\u0104\u017bKI<\/span><\/strong><\/span><\/span><\/p>\n<p style=\"margin-bottom: 0.35cm; font-weight: normal; line-height: 115%; text-align: justify;\" align=\"LEFT\"><span style=\"color: #000000; font-size: medium;\"><span style=\"font-family: Calibri;\"><span style=\"background: none repeat scroll 0% 0% transparent;\"> Prowadzony jest przez mgr Jolant\u0119 Sopi\u0144sk\u0105 w Filii MBP przy ulicy Staszica. Spotkania odbywaj\u0105 si\u0119 w ostatni czwartek miesi\u0105ca. Uczestniczy w nich 10 s\u0142uchaczek UTW. Na spotkaniach omawiane s\u0105 wybrane pozycje ksi\u0105\u017ckowe, w sumie om\u00f3wiono 14 tytu\u0142\u00f3w. W ramach DKK odby\u0142y si\u0119 tak\u017ce 2 spotkania autorskie z Ew\u0105 Lipsk\u0105 i Wojciechem Kuczokiem.<\/span><\/span><\/span><\/p>\n<p style=\"margin-bottom: 0.35cm; font-weight: normal; line-height: 115%;\" align=\"LEFT\">\u00a0<\/p>\n<p style=\"margin-bottom: 0.35cm; line-height: 115%;\" align=\"CENTER\"><span style=\"color: #000000; font-size: medium;\"><span style=\"font-family: Calibri;\"><strong><span style=\"background: none repeat scroll 0% 0% transparent;\">SEKCJA INFORMATYCZNA<\/span><\/strong><\/span><\/span><\/p>\n<p style=\"margin-bottom: 0.35cm; line-height: 115%; text-align: justify;\" align=\"LEFT\"><span style=\"color: #000000; font-size: medium;\"><span style=\"font-family: Calibri;\"><span style=\"font-weight: normal;\"><span style=\"background: none repeat scroll 0% 0% transparent;\"> Podzielona jest na 3 grupy. Pierwsz\u0105 licz\u0105c\u0105 10 os\u00f3b prowadzi mgr in\u017c. Grzegorz Senderowski w I LO. W roku 2012 przeprowadzi\u0142 46 godzin zaj\u0119\u0107. Podstawow\u0105 ich form\u0105 by\u0142y warsztaty, na kt\u00f3rych poprzez wykonywanie \u0107wicze\u0144 praktycznych, s\u0142uchacze nabywali now\u0105 wiedz\u0119 i \u0107wiczyli umiej\u0119tno\u015bci obs\u0142ugi komputera, dokonywali r\u00f3\u017cnych operacji na plikach i folderach.<br \/> Drug\u0105 i trzeci\u0105 grup\u0119 informatyczn\u0105 prowadz\u0105 Maryla \u0106wik i mgr Rafa\u0142 Gajewski w czytelni Biblioteki Miejskiej przy ulicy Kochanowskiego. Jedna z grup jest pocz\u0105tkuj\u0105ca a druga \u015brednio zaawansowana. \u0141\u0105cznie w obu grupach odby\u0142o si\u0119 50 godz. zaj\u0119\u0107. Odbywa\u0142y si\u0119 one w mi\u0142ej atmosferze, studenci mieli w\u0142asne pomys\u0142y na tematyk\u0119 zaj\u0119\u0107, np. obr\u00f3bka zdj\u0119\u0107. Prowadz\u0105cy reagowali na indywidualne potrzeby s\u0142uchaczy wzgl\u0119dem tempa i formy zaj\u0119\u0107. Obie grupy poczyni\u0142y du\u017ce post\u0119py. Grupa pierwsza i trzecia uczestniczy\u0142y tak\u017ce w warsztatach \u201eFinanse dla senior\u00f3w\u201d przygotowanych przez Og\u00f3lnopolsk\u0105 Federacj\u0119 Stowarzysze\u0144 UTW.<br \/> Od stycznia do czerwca dzia\u0142a\u0142a czwarta grupa pod kierunkiem A. Cygana, liczy\u0142a 5 os\u00f3b. Cz\u0142onkowie spotykali si\u0119 1 raz w tygodniu. Dzia\u0142alno\u015b\u0107 grupy mia\u0142a przede wszystkim na celu doskonalenie i ugruntowanie zdobytej dotychczas wiedzy informatycznej i wymian\u0119 do\u015bwiadcze\u0144.<\/span><\/span><\/span><\/span><\/p>\n<p style=\"margin-bottom: 0.35cm; font-weight: normal; line-height: 115%;\" align=\"CENTER\">\u00a0<\/p>\n<p style=\"margin-bottom: 0.35cm; line-height: 115%;\" align=\"CENTER\"><span style=\"color: #000000; font-size: medium;\"><span style=\"font-family: Calibri;\"><strong><span style=\"background: none repeat scroll 0% 0% transparent;\">SEKCJA REKREACYJNO \u2013 TURYSTYCZNA<\/span><\/strong><\/span><\/span><\/p>\n<p style=\"margin-bottom: 0.35cm; line-height: 115%; text-align: justify;\" align=\"LEFT\"><span style=\"font-size: medium;\"><span style=\"color: #000000;\"><span style=\"font-family: Calibri;\"><span style=\"font-weight: normal;\"><span style=\"background: none repeat scroll 0% 0% transparent;\"> W ramach tej sekcji odbywaj\u0105 si\u0119 <\/span><\/span><\/span><\/span><span style=\"color: #000000;\"><span style=\"font-family: Calibri;\"><span style=\"text-decoration: none;\"><span style=\"font-weight: normal;\"><span style=\"background: none repeat scroll 0% 0% transparent;\">zaj\u0119cia <\/span><\/span><\/span><\/span><\/span><span style=\"color: #000000;\"><span style=\"font-family: Calibri;\"><span style=\"text-decoration: none;\"><strong><span style=\"background: none repeat scroll 0% 0% transparent;\">acquafitnesu<\/span><\/strong><\/span><\/span><\/span><span style=\"color: #000000;\"><span style=\"font-family: Calibri;\"><span style=\"font-weight: normal;\"><span style=\"background: none repeat scroll 0% 0% transparent;\"> na basenie. Prowadzi je mgr Agata Musia\u0142owska. Zaj\u0119cia cieszy\u0142y si\u0119 du\u017cym zainteresowaniem ze strony uczestnik\u00f3w, kt\u00f3rzy podzieleni na 2 grupy odbywali \u0107wiczenia w basenie na g\u0142\u0119bokiej wodzie i basenie rekreacyjnym na p\u0142ytkiej wodzie. Szczeg\u00f3ln\u0105 uwag\u0119 prowadz\u0105ca po\u015bwi\u0119ci\u0142a na nauk\u0119 i doskonalenie utrzymania w\u0142a\u015bciwej postawy oraz prawid\u0142ow\u0105 technik\u0119 \u0107wicze\u0144 z zastosowaniem sprz\u0119tu wyporno\u015bciowo &#8211; oporowego jak: makarony, hantle, r\u0119kawice, pi\u0142ki czy deski p\u0142ywackie i \u0107wicze\u0144 wykorzystuj\u0105cych w\u0142a\u015bciwo\u015bci fizyczne samej wody. W programie nowo\u015bci\u0105 by\u0142y \u0107wiczenia anga\u017cuj\u0105ce ca\u0142e cia\u0142o dla poprawy jego stabilizacji. Du\u017cym uznaniem cieszy\u0142y si\u0119 \u0107wiczenia realizowane w formie zabawowej i rytmiczno &#8211; taneczne do muzyki Latino,klasycznej czy znanych utwor\u00f3w rosyjskich.<br \/> Podobnie<\/span><\/span><\/span><\/span><span style=\"color: #000000;\"><span style=\"font-family: Calibri;\"><span style=\"text-decoration: none;\"><strong><span style=\"background: none repeat scroll 0% 0% transparent;\">zaj\u0119cia gimnastyczn<\/span><\/strong><\/span><\/span><\/span><span style=\"color: #000000;\"><span style=\"font-family: Calibri;\"><span style=\"text-decoration: underline;\"><strong><span style=\"background: none repeat scroll 0% 0% transparent;\">e<\/span><\/strong><\/span><\/span><\/span><span style=\"color: #000000;\"><span style=\"font-family: Calibri;\"><span style=\"font-weight: normal;\"><span style=\"background: none repeat scroll 0% 0% transparent;\"> na sali prowadzone przez mgr Beat\u0119 Laszczyk w 6 grupach \u0107wiczebnych, licz\u0105cych po 16 uczestnik\u00f3w i ukierunkowane by\u0142y na utrzymanie pe\u0142nego zakresu ruchu w stawach, poprawienie r\u00f3wnowagi i koordynacji ruchowej. Systematyczne zaj\u0119cia gimnastyczne wp\u0142yn\u0119\u0142y pozytywnie na motoryk\u0119 i witalno\u015b\u0107 \u0107wicz\u0105cych. Za\u0142o\u017cenia programowe zrealizowane zosta\u0142y w ca\u0142o\u015bci.<br \/> <\/span><\/span><\/span><\/span><span style=\"color: #000000;\"><span style=\"font-family: Calibri;\"><span style=\"text-decoration: none;\"><strong><span style=\"background: none repeat scroll 0% 0% transparent;\">Choreoterapi\u0119<\/span><\/strong><\/span><\/span><\/span><span style=\"color: #000000;\"><span style=\"font-family: Calibri;\"><span style=\"font-weight: normal;\"><span style=\"background: none repeat scroll 0% 0% transparent;\">\u2013 doskona\u0142e lekarstwo dla duszy i cia\u0142a prowadzi\u0142a mgr Ma\u0142gorzata Dziamka wed\u0142ug programu autorskiego. Zaj\u0119cia odbywa\u0142y si\u0119 raz w tygodniu i uczestniczy\u0142o w nich 10 os\u00f3b.<br \/> <\/span><\/span><\/span><\/span><span style=\"color: #000000;\"><span style=\"font-family: Calibri;\"><span style=\"text-decoration: none;\"><strong><span style=\"background: none repeat scroll 0% 0% transparent;\">Dzia\u0142alno\u015b\u0107 turystyczn\u0105<\/span><\/strong><\/span><\/span><\/span><span style=\"color: #000000;\"><span style=\"font-family: Calibri;\"><span style=\"font-weight: normal;\"><span style=\"background: none repeat scroll 0% 0% transparent;\"> prowadzi w UTW Andrzej Cygan i Bo\u017cena Cyran. S\u0142uchacze mog\u0105 2 razy w miesi\u0105cu bra\u0107 udzia\u0142 w ognisku z kr\u00f3tkim spacerem i 2 razy w\u0119drowa\u0107 na dalsze trasy. Prowadz\u0105cy A. Cygan przygotowa\u0142 i przeprowadzi\u0142 w ci\u0105gu 2012r 25 spacer\u00f3w na trasie:<br \/>7 i 11.01,2012 Starachowice \u2013 Henryk \u2013 Lipie \u2013 Pod\u0142aziska,<br \/>25 01.2012 Starachowice \u2013 Oczyszczalnia \u015bciek\u00f3w \u2013 Kornatka,<br \/>28.01.2012 Starachowice \u2013 Kornatka \u2013 ognisko.<br \/> Zaj\u0119cia w lutym zosta\u0142y odwo\u0142ane ze wzgl\u0119du na niskie temperatury.<br \/>3 i 7.o3.2012 r. ognisko i spacer na terenie ZHP Lubianka,<br \/>21 i 24,03.2012 r. Starachowice \u2013 Mirzec,<br \/>14.04.2012 r. W\u0105chock \u2013 ognisko i spacer wzd\u0142u\u017c zalewu,<br \/>21 i 24.04.2012r. Parsz\u00f3w \u2013 Marcink\u00f3w,<br \/>3 i 5.05.2012r. ognisko na terenie Muzeum Przyrody i Techniki,<br \/>6 i 9.05.2012r. Starachowice \u2013 Dziur\u00f3w,<br \/>22\/23.06.2012r. nocne zwiedzanie Sandomierza,<br \/>30.06.2012r. Micha\u0142\u00f3w \u2013 Starachowice IV Rajd Nordic Walking<br \/>29.09.2012r. \u2013 spacer do kapliczki \u015bw. Jacka,<br \/>3.10.2012r. \u2013 w\u0119dr\u00f3wka: Starachowice Zach. \u2013 kapliczka \u015bw. Jacka \u2013 stadion,<br \/>20 i 24.10.2012r. spacer na trasie: Starachowice \u2013 Staw Kunowski \u2013 B\u00f3r Kunowski \u2013 M\u0142ynek,<br \/>7 i 10.11.2012r. \u2013 Muzeum Przyrody i Techniki \u2013 kolejka w\u0105skotorowa \u2013 ognisko,<br \/>21 i 24.11.2012r. \u2013 jesienny spacer na trasie Staw Kunowski \u2013 Krynki \u2013 Brody,<br \/>12 i 15.12.2012r. zimowy spacer zako\u0144czony ogniskiem.<br \/> Bo\u017cena Cyran wsp\u00f3lnie z Mi\u0119dzyszkolnym Oddzia\u0142em PTTK zorganizowa\u0142a 9 wycieczek pieszych i 8 autokarowych.<br \/>17.01.2012r. \u2013 pieszy z\u0142az \u201eKality R\u0119baj\u0142y\u201d do Lipia,<br \/>21.01.2012r. \u2013 z\u0142az na Polan\u0119 Langiewicza,<br \/>29.03.2012r. \u2013 Rajd wagarowicza,<br \/>19.05.2012r. \u2013 Piknik Archeologiczny \u201eRydno\u201d,<br \/>23.05.2012r. \u2013 wycieczka do Rezerwatu Cis\u00f3w w Daleszycach,<br \/>26\/27.05.2012r. \u2013 Rajd nocny \u201eEmeryka\u201d,<br \/>16.06.2012r. \u2013 udzia\u0142 w Regionalnym Rajdzie \u015awi\u0119tokrzyskich Senior\u00f3w.<br \/>15.07.2012r. \u2013 wycieczka do Cz\u0119stochowy<br \/>21.07.2012r. \u2013 wycieczka rowerowa: Lipie \u2013 Mirzec \u2013 Tr\u0119bowiec \u2013 Ma\u0142yszyn \u2013 Starachowice,<br \/>29.07.2012r. \u2013 wycieczka autokarowa: Kowale \u2013 Muzeum Wsi Radomskiej \u2013 Radom,<br \/>4.08.2012r. \u2013 wycieczka autokarowo \u2013 piesza Zdobywamy Koron\u0119 G\u00f3r \u015awi\u0119tokrzyskich\u201d,<br \/>10.08.2012r \u2013 z\u0142az na D\u0119bowej G\u00f3rze<br \/>11.08.2012r. \u2013 wycieczka autokarowa: Rytwiany \u2013 Kurozw\u0119ki,<br \/>15.08.2012r. \u2013 poznajemy pomniki przyrody w Starachowicach \u2013 piesza,<br \/>25.08.2012r. \u2013 wycieczka autokarowo \u2013 piesza: Pasmo bieli\u0144skie \u2013 Bieliny \u2013 Krajno,<br \/>31.08. \u2013 9.09.2012r. \u2013 wycieczka do Odessy,<br \/>15.09.2012r. \u2013 wycieczka do Jaros\u0142awia i Le\u017cajska,<br \/>28.09.2012r. \u2013 Spotkanie na Wykusie,<br \/>17.11.2012r. \u2013 udzia\u0142 w rajdzie \u201eJ\u0119drusi\u00f3w\u201d,<br \/>4.12.2012r. \u2013 IV Rajd Barb\u00f3rkowy.<\/span><\/span><\/span><\/span><\/span><\/p>\n<p style=\"margin-bottom: 0.35cm; font-weight: normal; line-height: 115%;\" align=\"CENTER\">\u00a0<\/p>\n<p style=\"margin-bottom: 0.35cm; line-height: 115%;\" align=\"CENTER\"><span style=\"color: #000000; font-size: medium;\"><span style=\"font-family: Calibri;\"><strong><span style=\"background: none repeat scroll 0% 0% transparent;\">SEKCJE J\u0118ZYKOWE<\/span><\/strong><\/span><\/span><\/p>\n<p style=\"margin-bottom: 0.35cm; line-height: 115%; text-align: justify;\" align=\"LEFT\"><span style=\"font-size: medium;\"><span style=\"color: #000000;\"><span style=\"font-family: Calibri;\"><span style=\"text-decoration: none;\"><strong><span style=\"background: none repeat scroll 0% 0% transparent;\">Nauk\u0119 j\u0119zyka angielskiego<\/span><\/strong><\/span><\/span><\/span><span style=\"color: #000000;\"><span style=\"font-family: Calibri;\"><span style=\"font-weight: normal;\"><span style=\"background: none repeat scroll 0% 0% transparent;\"> prowadzi\u0142a na zlecenie UTW Szko\u0142\u0105 J\u0119zykowa \u201eLingua\u201d. \u0141\u0105czna liczba os\u00f3b bior\u0105cych udzia\u0142 w kursie wynosi\u0142a 31, a \u0142\u0105czna ilo\u015b\u0107 godzin w poszczeg\u00f3lnych grupach 30. Zaj\u0119cia prowadzi\u0142 mgr Micha\u0142 Kulczycki.<br \/> <\/span><\/span><\/span><\/span><span style=\"color: #000000;\"><span style=\"font-family: Calibri;\"><span style=\"text-decoration: none;\"><strong><span style=\"background: none repeat scroll 0% 0% transparent;\">Sekcj\u0119 j\u0119zyka niemieckiego<\/span><\/strong><\/span><\/span><\/span><span style=\"color: #000000;\"><span style=\"font-family: Calibri;\"><span style=\"font-weight: normal;\"><span style=\"background: none repeat scroll 0% 0% transparent;\"> prowadzi\u0142a germanistka mgr Jolanta \u0141odej. By\u0142y dwie grupy. W grupie na poziomie podstawowym uczy\u0142o si\u0119 16 os\u00f3b (do czerwca) a od pa\u017adziernika 12 os\u00f3b. Tak\u0105 sama ilo\u015b\u0107 s\u0142uchaczy posiada\u0142a grupa \u015bredniozaawansowana. Wszystkie zagadnienia przewidziane planem zosta\u0142y zrealizowane. Na zaj\u0119ciach panowa\u0142a atmosfera pracowitego skupienia i wzajemnej \u017cyczliwo\u015bci. Uczestnicy zaj\u0119\u0107 doskonalili swoje umiej\u0119tno\u015bci j\u0119zykowe. Z cyklu wiedzy o krajach niemieckiego obszaru j\u0119zykowego, odby\u0142o si\u0119 spotkanie pod has\u0142em: \u201eObchodzimy urodziny\u201d. Uczestnicy wykonali w\u0142asnor\u0119cznie kartki urodzinowe, z\u0142o\u017cyli \u017cyczenia i dali upominki jubilatom. Grupa wykona\u0142a te\u017c niemieck\u0105 wersj\u0119 \u201eSto lat\u201d. S\u0142uchacze tej grupy kontynuowali korespondencj\u0119 z uczestnikami aka 50+ z Darmstadt oraz Happenheim, czyli uczestnikami wymiany w ramach, kt\u00f3rej 12 os\u00f3b wyjecha\u0142o w lipcu do Niemiec. Podczas pobytu s\u0142uchacze UTW mieszkali w domach gospodarzy, co pozwoli\u0142o w praktyce zastosowa\u0107 zdobyt\u0105 na zaj\u0119ciach wiedz\u0119.<br \/> Odby\u0142o si\u0119 te\u017c wsp\u00f3lne dla obu grup spotkanie adwentowe, kt\u00f3re mia\u0142o form\u0119 wycieczki do Krakowa. Uczestnicy zwiedzili Instytut Goethego, wys\u0142uchali ciekawej prelekcji oraz obejrzeli kr\u00f3tki film na temat uczenia si\u0119 j. niemieckiego ze Steffenem M<\/span><\/span><\/span><\/span><span style=\"color: #000000;\"><span style=\"font-family: Georgia;\"><span style=\"font-weight: normal;\"><span style=\"background: none repeat scroll 0% 0% transparent;\">\u00f6<\/span><\/span><\/span><\/span><span style=\"color: #000000;\"><span style=\"font-family: Calibri;\"><span style=\"font-weight: normal;\"><span style=\"background: none repeat scroll 0% 0% transparent;\">llerem w roli g\u0142\u00f3wnej. Odwiedzili te\u017c wystaw\u0119 z okazji Roku Braci Grimm, prezentuj\u0105c\u0105 ich dorobek literacki. W programie nie zabrak\u0142o spaceru po Rynku G\u0142\u00f3wnym i zakup\u00f3w na Kiermaszu Adwentowym. Uczestnicy obu grup przygotowali dekoracje choinkowe, stroiki, maskotki, pierniczki i przekazali je uczniom III LO na ich kiermasz. Doch\u00f3d ze sprzeda\u017cy przeznaczony zosta\u0142 na zakup ksi\u0105\u017cek do pracowni j\u0119zyka niemieckiego. Uczestnicy letniej wymiany z Damstadt utrzymywali sta\u0142y kontakt mailowy i listowy z\u00a0partnerami z Niemiec.<br \/> <\/span><\/span><\/span><\/span><span style=\"color: #000000;\"><span style=\"font-family: Calibri;\"><span style=\"text-decoration: none;\"><strong><span style=\"background: none repeat scroll 0% 0% transparent;\">Sekcj\u0119 j\u0119zyka w\u0142oskiego<\/span><\/strong><\/span><\/span><\/span><span style=\"color: #000000;\"><span style=\"font-family: Calibri;\"><span style=\"font-weight: normal;\"><span style=\"background: none repeat scroll 0% 0% transparent;\"> prowadzi\u0142a mgr Agnieszka Iwon. Od stycznia do czerwca dzia\u0142a\u0142y dwie grupy licz\u0105ce \u0142\u0105cznie 22 osoby, a w pa\u017adzierniku zosta\u0142a utworzona jedna grupa, w kt\u00f3rej sk\u0142ad wchodzi 18 os\u00f3b. Drugi semestr przebiega\u0142 pod znakiem przygotowa\u0144 do \u201eWieczoru w\u0142oskiego\u201d, na kt\u00f3ry z\u0142o\u017cy\u0142y si\u0119 informacje o kulturze w\u0142oskiej, Watykanie, sporcie, motoryzacji, modzie i kuchni w\u0142oskiej. Wypowiedzi ilustrowa\u0142y prezentacje multimedialne. W cz\u0119\u015bci artystycznej studenci recytowali wiersze i \u015bpiewali w\u0142oskie piosenki razem z publiczno\u015bci\u0105. Na wiecz\u00f3r w\u0142oski grupy zaprosi\u0142y przedstawiciela firmy PZS Augusta Westland ze \u015awidnika oraz polsko \u2013 w\u0142oskie ma\u0142\u017ce\u0144stwo. Go\u015bcinnie wyst\u0105pi\u0142 \u201eKabaret z R\u00f3\u017c\u0105\u201d. Uwiecznieniem wieczoru by\u0142a wsp\u00f3lna degustacja w\u0142oskich potraw.<br \/> Od pa\u017adziernika zaj\u0119cia odbywaj\u0105 si\u0119 w ZSZ prze ul. Szkolnej. Poniewa\u017c do grupy dosz\u0142y nowe osoby, znaczna cze\u015b\u0107 czasu po\u015bwi\u0119cono na powtarzanie i utrwalanie materia\u0142u z poprzedniego roku. Studenci UTW przyswajaj\u0105 sobie wymow\u0119 i jej zasady. \u015awietnie radz\u0105 sobie r\u00f3wnie\u017c z odmian\u0105 cz\u0119\u015bci mowy. S\u0142uchacze wykazuj\u0105 du\u017ce zainteresowanie kultur\u0105 w\u0142osk\u0105 i poznawaniem j\u0119zyka w\u0142oskiego.<\/span><\/span><\/span><\/span><\/span><\/p>\n<p style=\"margin-bottom: 0.35cm; font-weight: normal; line-height: 115%;\" align=\"CENTER\">\n<p style=\"margin-bottom: 0.35cm; line-height: 115%;\" align=\"CENTER\"><span style=\"color: #000000; font-size: medium;\"><span style=\"font-family: Calibri;\"><strong><span style=\"background: none repeat scroll 0% 0% transparent;\">SEKCJA PRZYRODNICZO \u2013 GEOGRAFICZNA<\/span><\/strong><\/span><\/span><\/p>\n<p style=\"text-indent: 1.25cm; margin-bottom: 0.35cm; line-height: 115%; text-align: justify;\" align=\"LEFT\"><span style=\"color: #000000; font-size: medium;\"><span style=\"font-family: Calibri;\"><span style=\"font-weight: normal;\"><span style=\"background: none repeat scroll 0% 0% transparent;\">Prowadzona by\u0142a przez dr Krystyn\u0119 Dutkiewicz i mgr J\u00f3zefa Kowalskiego. Zaj\u0119cia odbywa\u0142y si\u0119 ka\u017cdego tygodnia w poniedzia\u0142ek. Uczestniczy\u0142o w nich zwykle 15 \u2013 20 os\u00f3b. W ka\u017cdym miesi\u0105cu jeden wyk\u0142ad o tematyce geograficznej prowadzi\u0142 mgr J\u00f3zef Kowalski, pozosta\u0142e zaj\u0119cia z dziedziny neurofizjologii cz\u0142owieka i zwierz\u0105t, ornitologii, biogeografii, zoologii oraz promocji zdrowia przeprowadzi\u0142a dr Krystyna Dutkiewicz. W marcu wyk\u0142ad z zakresu botaniki przeprowadzi\u0142a i przygotowa\u0142a s\u0142uchaczka J. Murawska. Wi\u0119kszo\u015b\u0107 wyk\u0142ad\u00f3w mia\u0142a form\u0119 prezentacji audiowizualnych; ponadto wykorzystano cykl film\u00f3w BBC \u201eTajemnice ptak\u00f3w\u201d, ciesz\u0105cych si\u0119 du\u017cym zainteresowaniem s\u0142uchaczy. W maju cz\u0142onkowie sekcji uczestniczyli w wycieczce do Rezerwatu Cis\u00f3w w Nadle\u015bnictwie Daleszyce i pieszej wycieczce do las\u00f3w starachowickich, a w pa\u017adzierniku obejrzeli Ogr\u00f3d Botaniczny we Wroc\u0142awiu.<\/span><\/span><\/span><\/span><\/p>\n<p style=\"margin-bottom: 0.35cm; line-height: 115%;\" align=\"CENTER\"><span style=\"color: #000000; font-size: medium;\"><span style=\"font-family: Calibri;\"><strong><span style=\"background: none repeat scroll 0% 0% transparent;\">WARSZTATY FOTOGRAFICZNE<\/span><\/strong><\/span><\/span><\/p>\n<p style=\"margin-bottom: 0.35cm; line-height: 115%; text-align: justify;\" align=\"LEFT\"><span style=\"color: #000000; font-size: medium;\"><span style=\"font-family: Calibri;\"><span style=\"font-weight: normal;\"><span style=\"background: none repeat scroll 0% 0% transparent;\"> Odbywa\u0142y si\u0119 zgodnie z planem. 21 czerwca na wiecz\u00f3r promocyjny tomiku wierszy s\u0142uchaczy UTW przygotowano wystaw\u0119 zdj\u0119\u0107 sekcji fotograficznej. &#8211; do czerwca prowadzi\u0142 Jacek Paw\u0142owski. Od jesieni sekcj\u0119 prowadzi Leszek \u017bmijewski. Liczy ona 17 os\u00f3b. Zaj\u0119cia odbywaj\u0105 si\u0119 co dwa tygodnie. Omawiane by\u0142y sprawy zwi\u0105zane z budow\u0105 i obs\u0142ug\u0105 aparat\u00f3w fotograficznych: analogowych i cyfrowych, g\u0142\u00f3wne zagadnienia z zakresu kreowania obraz\u00f3w oraz analiza b\u0142\u0119d\u00f3w w fotografii. Mia\u0142y miejsce te\u017c zaj\u0119cia praktyczne w plenerze. W listopadzie sekcja pod kierunkiem prowadz\u0105cego przygotowa\u0142a wernisa\u017c pt. \u201eStarachowiciana\u201d w Filii Pedagogicznej Biblioteki Wojew\u00f3dzkiej w Starachowicach. Uwag\u0119 wszystkich zwr\u00f3ci\u0142a r\u00f3\u017cnorodno\u015b\u0107 wyboru tematyki i ciekawe uj\u0119cia kompozycyjne. Zdj\u0119cia robione by\u0142y w r\u00f3\u017cnych porach dnia i przy r\u00f3\u017cnych warunkach atmosferyczno \u2013 o\u015bwietleniowych.<\/span><\/span><\/span><\/span><\/p>\n<p style=\"margin-bottom: 0.35cm; font-weight: normal; line-height: 115%;\" align=\"CENTER\">\n<p style=\"margin-bottom: 0.35cm; line-height: 115%;\" align=\"CENTER\"><span style=\"color: #000000; font-size: medium;\"><span style=\"font-family: Calibri;\"><strong><span style=\"background: none repeat scroll 0% 0% transparent;\">WARSZTATY PLASTYCZNE<\/span><\/strong><\/span><\/span><\/p>\n<p style=\"margin-bottom: 0.35cm; font-weight: normal; line-height: 115%;\" align=\"LEFT\"><span style=\"color: #000000; font-size: medium;\"><span style=\"font-family: Calibri;\"><span style=\"background: none repeat scroll 0% 0% transparent;\">prowadzi El\u017cbieta Kaczor.<\/span><\/span><\/span><\/p>\n<p style=\"margin-bottom: 0.35cm; font-weight: normal; line-height: 115%; text-align: justify;\" align=\"LEFT\"><span style=\"color: #000000; font-size: medium;\"><span style=\"font-family: Calibri;\"><span style=\"background: none repeat scroll 0% 0% transparent;\"> Odbywa\u0142y si\u0119 zaj\u0119cia z tkaniny artystycznej. W czerwcu przygotowano w SDK wystaw\u0119 prezentuj\u0105c\u0105 dorobek pracowni. Prac\u0119 cechowa\u0142a r\u00f3\u017cnorodno\u015b\u0107 technik i temat\u00f3w. 5 grudnia prace sekcji wystawione zosta\u0142y w sali \u201eOlimpii\u201d na sesji starachowickich stowarzysze\u0144. Przepi\u0119kne karty \u015bwi\u0105teczne dla przyjaci\u00f3\u0142 naszego stowarzyszenia wykona\u0142a Ania Majer \u2013 cz\u0142onkini tej sekcji.<\/span><\/span><\/span><\/p>\n<p style=\"margin-bottom: 0.35cm; font-weight: normal; line-height: 115%;\" align=\"CENTER\">\n<p style=\"margin-bottom: 0.35cm; line-height: 115%;\" align=\"CENTER\"><span style=\"color: #000000; font-size: medium;\"><span style=\"background: none repeat scroll 0% 0% transparent;\">\u201e<span style=\"font-family: Calibri;\"><strong>KABARET Z R\u00d3\u017b\u0104\u201d<\/strong><\/span><\/span><\/span><\/p>\n<p style=\"margin-bottom: 0.35cm; font-weight: normal; line-height: 115%;\" align=\"LEFT\"><span style=\"color: #000000; font-size: medium;\"><span style=\"font-family: Calibri;\"><span style=\"background: none repeat scroll 0% 0% transparent;\">prowadzi Jadwiga Cwalina &#8211; Krajewska<\/span><\/span><\/span><\/p>\n<p style=\"text-indent: 1.24cm; margin-bottom: 0.35cm; line-height: 115%;\" align=\"LEFT\"><span style=\"color: #000000; font-size: medium;\"><span style=\"font-family: Calibri;\"><span style=\"font-weight: normal;\"><span style=\"background: none repeat scroll 0% 0% transparent;\">Zesp\u00f3\u0142 liczy 13 os\u00f3b. Wyst\u0119py sceniczne kabaretu zwi\u0105zane by\u0142y ze spotkaniami okoliczno\u015bciowymi i na zaproszenie os\u00f3b krzewi\u0105cych kultur\u0119.<\/span><\/span><\/span><\/span><\/p>\n<p style=\"margin-bottom: 0.35cm; line-height: 115%; text-align: justify;\" align=\"LEFT\"><span style=\"color: #000000; font-size: medium;\"><span style=\"font-family: Calibri;\"><span style=\"font-weight: normal;\"><span style=\"background: none repeat scroll 0% 0% transparent;\">25.02.2012r. &#8211; wyst\u0105pi\u0142 w Domu Kultury w W\u0105chocku na zaproszenie regionalnego pisarza P.J.Cio\u0142ka promuj\u0105cego swoj\u0105 now\u0105 ksi\u0105\u017ck\u0119 pt. \u201eW\u0105chockie klimaty i nie tylko\u201d, 25.03.2012r. &#8211; w Bibliotece Miejskiej na spotkaniu z poetk\u0105 A.Zanijat, kt\u00f3ra te\u017c wsp\u00f3\u0142pracuje z kabaretem, 26.04.2012r. &#8211; w Bibliotece Miejskiej na zaproszenie Fundacji Kultury \u201eRadostowa\u201d, 9.05.2012r. &#8211; w Sp\u00f3\u0142dzielni Mieszkaniowej z okazji dnia zwyci\u0119stwa. By\u0142 to pierwszy otwarty wyst\u0119p dla mieszka\u0144c\u00f3w naszego miasta, 30.09.2012r. &#8211; wyst\u0119p na Senioraliach 2012 w Kielcach, 18.11.2012r. &#8211; udzia\u0142 w Og\u00f3lnopolskim Przegl\u0105dzie Amatorskiej Tw\u00f3rczo\u015bci Artystycznej Senior\u00f3w w Warszawie. Kabaret zosta\u0142 wyr\u00f3\u017cniony i nagrodzony, 27.11.2012r. &#8211; wyst\u0119powa\u0142 w Radomiu w ramach spotka\u0144 integracyjnych UTW. <\/span><\/span><\/span><\/span><\/p>\n<p style=\"text-indent: 1.24cm; margin-bottom: 0.35cm; font-weight: normal; line-height: 115%;\" align=\"LEFT\"><span style=\"color: #000000; font-size: medium;\"><span style=\"font-family: Calibri;\"><span style=\"background: none repeat scroll 0% 0% transparent;\">Wszystkie wyst\u0119py kabaretu przyjmowane by\u0142y owacyjnie i z podzi\u0119kowaniami.<\/span><\/span><\/span><\/p>\n<p style=\"text-indent: 1.24cm; margin-bottom: 0.35cm; font-weight: normal; line-height: 115%;\" align=\"LEFT\">\u00a0<\/p>\n<p style=\"margin-bottom: 0.35cm; line-height: 115%; text-align: center;\" align=\"LEFT\"><span style=\"color: #000000; font-size: medium;\"><span style=\"text-decoration: underline;\"><span style=\"background: none repeat scroll 0% 0% transparent;\"> <span style=\"font-family: Calibri;\"><strong>We wszystkich sekcjach za\u0142o\u017cone przez prowadz\u0105cych zadania zosta\u0142y zrealizowane.<\/strong><\/span><\/span><\/span><\/span><\/p>\n<p style=\"text-indent: 1.51cm; margin-bottom: 0.35cm; font-weight: normal; line-height: 100%; text-align: justify;\" align=\"LEFT\"><span style=\"color: #000000; font-size: medium;\"><span style=\"font-family: Calibri;\"><span style=\"background: none repeat scroll 0% 0% transparent;\">Miniony, pi\u0105ty rok dzia\u0142alno\u015bci UTW obfitowa\u0142 w liczne zdarzenia, najwa\u017cniejsze z nich to: promocja pierwszego zbiorku poezji s\u0142uchaczy UTW pt. \u201eW ogrodzie wspomnie\u0144\u201d, wydanie folderu na pi\u0119ciolecie oraz wyjazd integracyjny do Niemiec. <br \/>Podsumowuj\u0105c dzia\u0142alno\u015b\u0107 UTW s\u0142owa najwy\u017cszego uznania i serdeczne podzi\u0119kowania nale\u017c\u0105 si\u0119 te\u017c naszym sponsorom i tym wszystkim ludziom dobrej woli, kt\u00f3rzy z wielkim zaanga\u017cowaniem prowadzili r\u00f3\u017cne formy zaj\u0119\u0107 ze s\u0142uchaczami.<\/span><\/span><\/span><\/p>\n<p style=\"margin-bottom: 0.35cm; line-height: 100%; text-align: right;\" align=\"LEFT\"><span style=\"color: #000000; font-size: medium;\"><span style=\"font-family: Calibri;\"><span style=\"font-weight: normal;\"><span style=\"background: none repeat scroll 0% 0% transparent;\"><em>Opracowa\u0142a : Halina Sidor<\/em> <\/span><\/span><\/span><\/span><\/p>\n<p>\u00a0<\/p>\n","protected":false},"excerpt":{"rendered":"<p>\u00a0 SEKCJA FILOZOFICZNO \u2013 PSYCHOLOGICZNA Prowadz\u0105 j\u0105 ju\u017c 6 rok mgr Wanda Ko\u0142odziejczyk, mgr Izabela Haczyk \u2013 \u0106wik oraz od &hellip;<\/p>\n","protected":false},"author":3,"featured_media":0,"parent":0,"menu_order":8,"comment_status":"open","ping_status":"open","template":"","meta":{"footnotes":""},"categories":[8],"tags":[],"_links":{"self":[{"href":"https:\/\/utwstarachowice.pl\/index.php?rest_route=\/wp\/v2\/pages\/2569"}],"collection":[{"href":"https:\/\/utwstarachowice.pl\/index.php?rest_route=\/wp\/v2\/pages"}],"about":[{"href":"https:\/\/utwstarachowice.pl\/index.php?rest_route=\/wp\/v2\/types\/page"}],"author":[{"embeddable":true,"href":"https:\/\/utwstarachowice.pl\/index.php?rest_route=\/wp\/v2\/users\/3"}],"replies":[{"embeddable":true,"href":"https:\/\/utwstarachowice.pl\/index.php?rest_route=%2Fwp%2Fv2%2Fcomments&post=2569"}],"version-history":[{"count":0,"href":"https:\/\/utwstarachowice.pl\/index.php?rest_route=\/wp\/v2\/pages\/2569\/revisions"}],"wp:attachment":[{"href":"https:\/\/utwstarachowice.pl\/index.php?rest_route=%2Fwp%2Fv2%2Fmedia&parent=2569"}],"wp:term":[{"taxonomy":"category","embeddable":true,"href":"https:\/\/utwstarachowice.pl\/index.php?rest_route=%2Fwp%2Fv2%2Fcategories&post=2569"},{"taxonomy":"post_tag","embeddable":true,"href":"https:\/\/utwstarachowice.pl\/index.php?rest_route=%2Fwp%2Fv2%2Ftags&post=2569"}],"curies":[{"name":"wp","href":"https:\/\/api.w.org\/{rel}","templated":true}]}}