{"id":2526,"date":"2024-06-23T14:39:33","date_gmt":"2024-06-23T12:39:33","guid":{"rendered":"https:\/\/utwstarachowice.pl\/?page_id=2526"},"modified":"2024-06-23T14:39:33","modified_gmt":"2024-06-23T12:39:33","slug":"sprawozdanie-z-dzialalnosci-za-2022-rok","status":"publish","type":"page","link":"https:\/\/utwstarachowice.pl\/?page_id=2526","title":{"rendered":"SPRAWOZDANIE Z DZIA\u0141ALNO\u015aCI ZA 2022 ROK"},"content":{"rendered":"\n<p><strong>2022 rok by\u0142 rokiem szczeg\u00f3lnym w dzia\u0142alno\u015bci UTW ze wzgl\u0119du na przypadaj\u0105cy&nbsp;w listopadzie&nbsp;jubileusz 15 &#8211; lecia&nbsp;naszej&nbsp;dzia\u0142alno\u015bci.<\/strong><\/p>\n\n\n\n<p>Do&nbsp;uroczystych&nbsp;obchod\u00f3w,&nbsp;przygotowywali\u015bmy si\u0119&nbsp;od ju\u017c&nbsp;od marca<\/p>\n\n\n\n<p>powo\u0142uj\u0105c zesp\u00f3\u0142 redakcyjny&nbsp;wydawnictwa&nbsp;albumu jubileuszowego. Cz\u0142onkowie zespo\u0142u pracowali r\u00f3wnie\u017c w czasie wakacji zbieraj\u0105c&nbsp;i opracowuj\u0105c materia\u0142y tekstowe i zdj\u0119ciowe&nbsp;do albumu.&nbsp;Zespo\u0142owi przewodniczy\u0142a Bogumi\u0142a Skrobisz.<\/p>\n\n\n\n<p>W kwietniu Zarz\u0105d UTW&nbsp;og\u0142osi\u0142&nbsp;konkurs&nbsp;literacki pt. &#8221; Moja przygoda z UTW&#8221;.&nbsp;Rozstrzygni\u0119cie&nbsp;konkursu i rozdanie nagr\u00f3d nast\u0105pi\u0142o w czerwcu podczas uroczystego zako\u0144czenia roku akademickiego&nbsp;2021\/2022.&nbsp;Kolejnym wydarzeniem przypisanym do obchod\u00f3w 15- lecia UTW by\u0142 Rajd jubileuszowy, kt\u00f3ry&nbsp;odby\u0142 si\u0119 15. pa\u017adziernika&nbsp;i zako\u0144czy\u0142 si\u0119 ogniskiem integracyjnym w Parowozowni.&nbsp;Ukoronowaniem obchod\u00f3w by\u0142a Gala &#8222;Z\u0142ote sowy&#8221;, kt\u00f3ra odby\u0142a si\u0119 07.listopada 2022 r. w Hotelu Europa. Podczas Gali&nbsp;uhonorowali\u015bmy&nbsp;statuetkami&nbsp;osoby, dzi\u0119ki kt\u00f3rym mo\u017cliwa by\u0142a dzia\u0142alno\u015b\u0107 oraz rozw\u00f3j naszego stowarzyszenia.<\/p>\n\n\n\n<p><strong>Dzia\u0142alno\u015b\u0107 kulturalna i integracyjna UTW<\/strong><\/p>\n\n\n\n<p>W&nbsp;styczniu 2022 r. odby\u0142o si\u0119 szereg imprez kulturalno- integracyjnych :<\/p>\n\n\n\n<p>05.01. &#8211; &#8221; Scena UTW &#8221; &#8211; przedstawi\u0142a widowisko pt. &#8221; Magia tego wieczoru -wsp\u00f3\u0142czesny&nbsp; adwent&#8221;.<\/p>\n\n\n\n<p>08.01 &#8211; wyjechali\u015bmy do Teatru w Radomiu na sztuk\u0119 pt. &#8221; Koniec \u015bwiata b\u0119dzie \u015bmieszny.&#8221;<\/p>\n\n\n\n<p>21.01- obejrzeli\u015bmy w Parku Kultury spektakl teatralny&nbsp;pt. &#8221; \u017bona do adopcji&#8221;.<\/p>\n\n\n\n<p>30.01 -uczestniczyli\u015bmy w finale Wielkiej Orkiestry \u015awi\u0105tecznej Pomocy.<\/p>\n\n\n\n<p>30.01 &#8211; wyst\u0119p jase\u0142kowy &#8221; Sceny UTW&#8221; zosta\u0142 zaprezentowany w Ko\u015bciele Wszystkich&nbsp; \u015awi\u0119tych w Starachowicach.<\/p>\n\n\n\n<p>08.02 &#8211; wyk\u0142ad o Albercie Schweitzerze pt. Ka\u017cdy cz\u0142owiek mo\u017ce by\u0107 twoim bli\u017anim&#8221;&nbsp;przeprowadzi\u0142a Dorota Kie\u0142ek.<\/p>\n\n\n\n<p>12.02. &#8211; w sali Olimpia UM &#8211; odby\u0142a si\u0119 zabawa walentynkowa.<\/p>\n\n\n\n<p>W marcu 2022 r. odby\u0142o si\u0119 szereg imprez kulturalnych dla mieszka\u0144c\u00f3w miasta i powiatu organizowanych przez sekcj\u0119 teatraln\u0105 &#8222;Scena UTW&#8221;:<\/p>\n\n\n\n<p>01.03 &#8211; uczestniczyli\u015bmy w wyk\u0142adzie pt. &#8221; Ona i on w raju&#8221;. Wyk\u0142ad w formie inscenizacji&nbsp; przeprowadzili Bogumi\u0142a i Henryk Skrobisz.<\/p>\n\n\n\n<p>04.03. -&#8221; Scena teatralna UTW&#8221; oraz zesp\u00f3\u0142 wokalny &#8221; Srebrne Nuty&#8221;z okazji Dnia Kobiet<\/p>\n\n\n\n<p>zaprezentowa\u0142y program pt. &#8221; Bawmy si\u0119 kobietki &#8221; w Gminnym O\u015brodku&nbsp; Kultury w Brodach<\/p>\n\n\n\n<p>07.03.- uczestniczyli\u015bmy w spotkaniu z Prezydentem Miasta Markiem Materkiem.<\/p>\n\n\n\n<p>08.03.- Program artystyczny pt. &#8221; Bawmy si\u0119 kobietki&#8221; zosta\u0142 przedstawiony w Gminnym&nbsp;O\u015brodku Kultury w Marcinkowie.<\/p>\n\n\n\n<p>09.03. &#8211; w sali klubowej Parku Kultury odby\u0142a si\u0119 zabawa dla s\u0142uchaczy UTW z okazji Dnia<\/p>\n\n\n\n<p>&nbsp; Kobiet, kt\u00f3r\u0105 uatrakcyjni\u0142 wyst\u0119p grupy teatralnej &#8221; Scena UTW&#8221; oraz zesp\u00f3\u0142 wokalny&nbsp;<\/p>\n\n\n\n<p>&nbsp; &#8221; Srebrne Nuty&#8221;.<\/p>\n\n\n\n<p>10.03. W marcu grupa s\u0142uchaczy UTW kilkakrotnie bra\u0142a udzia\u0142 w akcji pomocy Ukrainie<\/p>\n\n\n\n<p>pracuj\u0105c przy wykonywaniu siatek maskuj\u0105cych oraz przy rozdzielaniu dar\u00f3w dla&nbsp; obywateli<\/p>\n\n\n\n<p>&nbsp; Ukrainy przebywaj\u0105cych w Starachowicach.<\/p>\n\n\n\n<p>15.03 &#8211; Dorota Kie\u0142ek przeprowadzi\u0142a wyk\u0142ad pt. &#8222;O mi\u0142o\u015bci prawie wszystko&#8221;<\/p>\n\n\n\n<p>30.03 &#8211; odby\u0142o si\u0119 Walne zebranie sprawozdawcze.<\/p>\n\n\n\n<p>12.04 &#8211; odby\u0142 si\u0119 kolejny wyk\u0142ad Doroty Kie\u0142ek pt. Krytyka moralno\u015bci mieszcza\u0144skiej&nbsp;w utworach Gabrieli Zapolskiej&#8221;<\/p>\n\n\n\n<p>19.04 &#8211; uczestniczyli\u015bmy w akcji spo\u0142eczno- edukacyjnej pt. \u017bonkile&#8221; organizowanej przez&nbsp;Muzeum Przyrody i Techniki w Starachowicach.<\/p>\n\n\n\n<p>25.04 &#8211; Zawarli\u015bmy porozumienie&nbsp;pomi\u0119dzy UNIWERSYTETEM TRZECIEGO WIEKU a ZESPO\u0141EM SZK\u00d3\u0141&nbsp;ZAWODOWYCH NR 1 w Starachowicach o&nbsp; wsp\u00f3\u0142dzia\u0142aniu&nbsp; mi\u0119dzypokoleniowym.<\/p>\n\n\n\n<p>&nbsp;Projekt&nbsp;&#8222;Eko&nbsp;&#8211;&nbsp;szko\u0142a &#8211; zielone centrum aktywno\u015bci lokalnej&#8221;.jest dofinansowany z Funduszy Norweskich.<\/p>\n\n\n\n<p>08.05- uczestniczyli\u015bmy w koncercie zespo\u0142u &#8221; Wiarusy&#8221;<\/p>\n\n\n\n<p>10.05 &#8211; Wyk\u0142ad Doroty Kie\u0142ek pt.&#8221; Matka i dom we wspomnieniach s\u0142uchaczy UTW.&#8221;<\/p>\n\n\n\n<p>17.05 &#8211; odby\u0142o si\u0119 spotkanie integracyjne z cz\u0142onkami UTW w \u0141agowie.<\/p>\n\n\n\n<p>03.06 &#8211; wyjechali\u015bmy na wycieczk\u0119 do Szyd\u0142owca, Chlewisk i Oro\u0144ska realizuj\u0105c projekt &#8221; Seniorzy bli\u017cej natury&#8221;<\/p>\n\n\n\n<p>04.06 &#8211; wyjechali\u015bmy do teatru &#8221; Och teatr&#8221; w Warszawie na spektakl pt.&nbsp;&#8222;Nic nowego pod&nbsp;&nbsp;s\u0142o\u0144cem&#8221;. Przed spektaklem zwiedzili\u015bmy z przewodnikiem Trakt Kr\u00f3lewski.<\/p>\n\n\n\n<p>07.06 &#8211;&nbsp; odby\u0142 si\u0119 wyk\u0142ad Doroty Kie\u0142ek pt. &#8221; Humor, \u017cart,dowcip, pogoda ducha -jako sposobie ze staro\u015bci\u0105&#8221;.<\/p>\n\n\n\n<p>09.06.&nbsp; &#8211; uczestniczyli\u015bmy w rajdzie &#8221; Zielone Starachowice&#8221; oraz ognisku integracyjnym&nbsp; zorganizowanym&nbsp;nad Lubiank\u0105 z okazji zako\u0144czenia II kadencji Starachowickiej&nbsp; Rady&nbsp; Senior\u00f3w.<\/p>\n\n\n\n<p>14. 06. &#8211; W dworku \u015awi\u0119tokrzyskim odby\u0142o si\u0119 uroczyste zako\u0144czenie roku akademickiego&nbsp;&nbsp; 2021\/2022, podczas kt\u00f3rego wr\u0119czyli\u015bmy nagrody w konkursie&nbsp; &#8221; Moja&nbsp; przygoda z UTW&#8221;.<\/p>\n\n\n\n<p>19.06.- odby\u0142 si\u0119&nbsp;&nbsp;Piknik w Amfiteatrze Parku Miejskiego&nbsp;pn.&nbsp;&#8222;Wsp\u00f3lne dzia\u0142anie to si\u0142a&nbsp; Senior\u00f3w&#8221; zadanie&nbsp;dofinansowane prze Starostwo&nbsp; Powiatowe w Starachowicach.<\/p>\n\n\n\n<p>&nbsp;W okresie&nbsp;&nbsp;wakacyjnym&nbsp;w ka\u017cd\u0105 sobot\u0119&nbsp;odbywa\u0142y si\u0119 spacery&nbsp;z kijkami nordic walking&nbsp;w ramach Letniej Akademia&nbsp;Senior\u00f3w. Spacery prowadzi\u0142a&nbsp;Anna&nbsp;Przygoda&nbsp;-pracownik&nbsp;naukowy&nbsp;UJK w Kielcach.<\/p>\n\n\n\n<p>Ko\u0142o PTTK przy UTW zorganizowa\u0142o 3 w\u0119dr\u00f3wki wakacyjne :<\/p>\n\n\n\n<p>&#8211; 13 lipca na trasie Dziur\u00f3w &#8211; Styk\u00f3w,<\/p>\n\n\n\n<p>&#8211; 17 sierpnia do&nbsp;Rezerwatu Ska\u0142 w Krynkach,<\/p>\n\n\n\n<p>&#8211;&nbsp;21&nbsp;wrze\u015bnia&nbsp;&#8211; do Rezerwatu Ska\u0142y pod Adamowem.<\/p>\n\n\n\n<p>W okresie wakacji dla ch\u0119tnych s\u0142uchaczy UTW&nbsp; prowadzone by\u0142y zaj\u0119cia z jogi oraz aerobik na basenie.&nbsp;Zaj\u0119cia prowadzi\u0142a Agata Musia\u0142owska.<\/p>\n\n\n\n<p>20.08 &#8211; wzi\u0119li\u015bmy udzia\u0142 w z\u0142azie turystycznym D\u0119bowa G\u00f3ra organizowanym przez Staropolskie Towarzystwo&nbsp;&nbsp;Przyrodniczo &#8211; Le\u015bne &#8221; Kotyzka&#8221;.<\/p>\n\n\n\n<p>06.09 &#8211;&nbsp;<strong>odby\u0142a si\u0119&nbsp;<\/strong><strong>wycieczka do Buska Zdroju ( na t\u0119\u017cnie) w ramach zadania publicznego wsp\u00f3lfinansowanego&nbsp;<\/strong><strong>przez Urz\u0105d Marsza\u0142kowski Wojew\u00f3dztwa \u015awi\u0119tokrzyskiego w Kielcach pt&#8221;Senior stawia&nbsp; na&nbsp; aktywno\u015b\u0107&#8221;.<\/strong><\/p>\n\n\n\n<p>08.09.&nbsp;&#8211;&nbsp;Zarz\u0105d UTW&nbsp;uczestniczy\u0142 w&nbsp;I \u015aWI\u0118TOKRZYSKIM KONGRESIE UNIWERSYTET\u00d3W&nbsp; TRZECIEGO&nbsp;WIEKU&nbsp; w Kielcach. Nasi przedstawiciele&nbsp; wzi\u0119li&nbsp; udzia\u0142 w dw\u00f3ch&nbsp; panelach&nbsp; dyskusyjnych&nbsp; dotycz\u0105cych&nbsp;&nbsp;standard\u00f3w&nbsp; i&nbsp; finansowania UTW.<\/p>\n\n\n\n<p>10.09. &#8211; uczestniczyli\u015bmy w VIII Starachowickich Dniach Seniora, kt\u00f3re odby\u0142y si\u0119 w&nbsp; Parku&nbsp; Kultury.<\/p>\n\n\n\n<p>16.09. &#8211; tradycyjnie ju\u017c wzi\u0119li\u015bmy udzia\u0142 w akcji&nbsp;Sprz\u0105tanie \u015awiata &#8211; Polska 2022.<\/p>\n\n\n\n<p>Nasi s\u0142uchacze sprz\u0105tali teren wok\u00f3\u0142 zbiornika wodnego &#8221; Piachy&#8221;. Na zako\u0144czenie&nbsp; odby\u0142o si\u0119&nbsp; ognisko integracyjne.<\/p>\n\n\n\n<p>18.09 &#8211; na zaproszenie&nbsp;Muzeum Przyrody i Techniki&nbsp;uczestniczyli\u015bmy w&nbsp;ciekawym wydarzeniu&nbsp; pod&nbsp; has\u0142em&nbsp;Pokaz Stylu i Kolory Seniora.<\/p>\n\n\n\n<p>05.10 &#8211; w Sali Konferencyjnej Urz\u0119du Miasta Starachowice OLIMPIA odby\u0142a&nbsp; si\u0119 Gala&nbsp; inauguracyjna&nbsp; nowy rok&nbsp;akademicki&nbsp;2022\/2023.<\/p>\n\n\n\n<p>06.10 &#8211;&nbsp;uczestniczyli\u015bmy w Pikniku Ekologicznym organizowanym przez Szkol\u0119 Podstawow\u0105 Podstawow\u0105&nbsp; nr 11&nbsp;w Starachowicach. Nasze UTW zaprezentowa\u0142o stoisko z zio\u0142ami , naparami zio\u0142owymi i sokami.<\/p>\n\n\n\n<p>Zesp\u00f3\u0142 wokalny&nbsp;&#8222;Srebrne Nuty&#8221;u\u015bwietni\u0142 imprez\u0119 swoim wyst\u0119pem. W tym dniu&nbsp; zosta\u0142a&nbsp; podpisana&nbsp; umowa o&nbsp;wsp\u00f3\u0142pracy w ramach Eko- Szko\u0142y.<\/p>\n\n\n\n<p>15.10 &#8211; odby\u0142 si\u0119 rajd z okazji 15- lecia UTW, zako\u0144czony ogniskiem w Parowozowni.<\/p>\n\n\n\n<p>16.10- Zarz\u0105d i S\u0142uchacze UTW&nbsp;wzi\u0119li&nbsp;udzia\u0142 w akcji &#8222;Starachowice- miasto zielonej&nbsp; przysz\u0142o\u015bci&#8221;.<\/p>\n\n\n\n<p>Uczestniczyli\u015bmy w akcji&nbsp;Sprz\u0105tanie Placu na Szlakowisku i sadzeniu&nbsp; drzewek dostarczonych&nbsp; przez&nbsp; Nadle\u015bnictwo. UTW te\u017c ma swoje&nbsp; drzewko.<\/p>\n\n\n\n<p>&nbsp;19.10 &#8211; odby\u0142 si\u0119&nbsp;zorganizowany przez CUS&nbsp;autokarowy wyjazd do Nowej S\u0142upi -zwiedzanie Muzeum Archeologicznego oraz&nbsp; ognisko integracyjne.<\/p>\n\n\n\n<p>07. 11 &#8211; odby\u0142a si\u0119 w Hotelu Europa Gala&nbsp;&#8221;&nbsp;Z\u0142ote Sowy&nbsp;&#8222;.&nbsp;Podczas uroczysto\u015bci dla zas\u0142u\u017conych&nbsp; s\u0142uchaczy&nbsp; i&nbsp;wyk\u0142adowc\u00f3w wr\u0119czone zosta\u0142y statuetki &#8221; Z\u0142ote Sowy&#8221;. W\u015br\u00f3d&nbsp; nich&nbsp; by\u0142a zas\u0142u\u017cona nestorka&nbsp; Jadwiga&nbsp;Cwalina -Krajewska. Na zako\u0144czenie&nbsp; Gali odby\u0142 si\u0119 bal.<\/p>\n\n\n\n<p>24.11.&nbsp;&#8211;&nbsp;S\u0142uchacze UTW z sekcji teatralnej Scena UTW go\u015bcinnie wyst\u0105pili w ZSZ nr.3 na spotkaniu&nbsp; zorganizowanym&nbsp; z okazji&nbsp; roku&nbsp; Marii Konopnickiej.<\/p>\n\n\n\n<p>27. 11- uczestniczyli\u015bmy w zabawie andrzejkowej z DJ Viki. By\u0142 to prezent od Prezydenta&nbsp; Miasta Marka Materka.<\/p>\n\n\n\n<p>29.11 &#8211; wzi\u0119li\u015bmy udzia\u0142 w Pikniku propaguj\u0105cym zdrowy tryb&nbsp; \u017cycia&#8221; RUCH&nbsp; TO&nbsp; ZDROWIE&#8221;&nbsp;&nbsp;zorganizowanym przez&nbsp;Stowarzyszenie Zdrowy kr\u0119gos\u0142up przy MOGKIK w Starachowicach.&nbsp;&nbsp;&nbsp;&nbsp;&nbsp;&nbsp;&nbsp; &nbsp;&nbsp;&nbsp;&nbsp;&nbsp;<\/p>\n\n\n\n<p>01.12. &#8211;&nbsp;&#8222;Scena UTW&#8221;&nbsp;zorganizowa\u0142a w Szkole Podstawowej nr 10 spotkanie&nbsp; mi\u0119dzypokoleniowe po\u015bwi\u0119cone&nbsp;Marii Konopnickiej &#8211; Patronce Roku 2022.<\/p>\n\n\n\n<p>06.12&nbsp;&#8211;&nbsp;odby\u0142 si\u0119 wyk\u0142ad Bogumi\u0142y Skrobisz pt.&nbsp;Legenda &#8222;Wesela&#8221; Stanis\u0142awa&nbsp; Wyspia\u0144skiego &#8211; realia&nbsp; znane i nieznane.<\/p>\n\n\n\n<p>13.12 &#8211;&nbsp;Rok Romantyzmu &#8211; refleksje wok\u00f3\u0142 ballad i romans\u00f3w Adama Mickiewicza.&nbsp; Wyk\u0142ad&nbsp; Doroty&nbsp; Kie\u0142ek.<\/p>\n\n\n\n<p>17.12 &#8211; odby\u0142o si\u0119&nbsp;spotkanie \u015awi\u0105teczno &#8211; Noworoczne&nbsp;zorganizowane&nbsp;przez ZARZ\u0104D&nbsp; i SAMORZ\u0104D&nbsp; UTW&nbsp;w&nbsp; Patio&nbsp;lokalu przy Polskich Odlewniach.<\/p>\n\n\n\n<p>18.12 &#8211; kolejne spotkanie mi\u0119dzypokoleniowe&nbsp;sekcji&nbsp;teatralnej&nbsp;SCENA UTW tym razem ze spo\u0142eczno\u015bci\u0105&nbsp; szkoln\u0105&nbsp;SP nr 11-&nbsp;po\u015bwi\u0119cone Marii Konopnickiej -Patronce&nbsp; Roku&nbsp; 2022.<\/p>\n\n\n\n<p><strong>W 2022 roku realizowali\u015bmy nast\u0119puj\u0105ce projekty:<\/strong><\/p>\n\n\n\n<p><strong>1.&nbsp;<\/strong>&nbsp;&#8222;Wsp\u00f3lne dzia\u0142anie to&nbsp;si\u0142a Senior\u00f3w&#8221; zadanie dofinansowane przez&nbsp;Starostwo Powiatowe w Starachowicach.<\/p>\n\n\n\n<p>&nbsp;&nbsp;W czerwcu 2022 r. z \u015brodk\u00f3w finansowych przyznanych na to&nbsp; dzia\u0142anie&nbsp; realizowany&nbsp; by\u0142&nbsp; Piknik w Parku&nbsp;&nbsp; Kultury. Projekt&nbsp; zosta\u0142&nbsp; napisany&nbsp; i zrealizowany&nbsp; przez Helen\u0119&nbsp; P\u0119czek, Helen\u0119 Po\u017coga &#8211; Buchelt i Dorot\u0119 Jantos.<\/p>\n\n\n\n<p><strong>2.&nbsp;<\/strong><strong>\u201eSenior stawia na aktywno\u015b\u0107\u201d<\/strong><strong>&nbsp;&#8211; projekt dofinansowany przez&nbsp;<\/strong><strong>Urz\u0105d Marsza\u0142kowski&nbsp; Wojew\u00f3dztwa&nbsp;<\/strong><strong>\u015awi\u0119tokrzyskiego w Kielcach. W ramach&nbsp; przyznanych&nbsp; \u015brodk\u00f3w&nbsp; we wrze\u015bniu&nbsp;&nbsp; wyjechali\u015bmy&nbsp; do t\u0119\u017cni w&nbsp; Busku<\/strong><strong>. Zdroju. Autorem&nbsp; tego projektu&nbsp; by\u0142a&nbsp; Helena&nbsp; Po\u017coga&nbsp; &#8211; Buchelt.<\/strong><\/p>\n\n\n\n<p><strong>3.W ramach p<\/strong><strong>romocji Powiat Starachowicki \u2013 dofinansowa\u0142 kwot\u0105 5. tys z\u0142 na wydanie&nbsp; albumu&nbsp; jubileuszowego<\/strong><strong>&nbsp;z okazji 15 &#8211; lecia Uniwersytetu Trzeciego Wieku. Projekt&nbsp; napisa\u0142a&nbsp; Anna&nbsp; Tokarska.<\/strong><\/p>\n\n\n\n<p><strong>4.<\/strong><strong>G<\/strong><strong>min<\/strong><strong>a<\/strong><strong>&nbsp;Starachowice<\/strong><strong>&nbsp;w ramach&nbsp;<\/strong><strong>wspieranie tradycji edukacyjnych UniwersytetuTrzeciego&nbsp; Wieku<\/strong><strong>&nbsp;w Starachowicach<\/strong><strong>&nbsp;dofinansowa\u0142a&nbsp;<\/strong><strong>kwot\u0105 5. tys z\u0142&nbsp; na&nbsp;<\/strong><strong>w<\/strong><strong>ydanie&nbsp; albumu&nbsp; jubileuszowego&nbsp; z okazji&nbsp; 15 &#8211; lecia&nbsp; UTW.&nbsp;<\/strong><strong>Projekt&nbsp; napisa\u0142a&nbsp; Anna&nbsp; Tokarska.<\/strong><\/p>\n\n\n\n<p><strong>5<\/strong><strong>.&nbsp;<\/strong><strong>&#8222;Seniorzy bli\u017cej natury&#8221; &#8211; zadanie publiczne dofinansowane przez Urz\u0105d Miasta Starachowice.<\/strong><\/p>\n\n\n\n<p><strong>&nbsp;W ramach projektu wyjechali\u015bmy do Szyd\u0142owca , Oro\u0144ska i&nbsp; Chlewisk. Projekt&nbsp; zosta\u0142&nbsp; napisany&nbsp; i zrealizowany&nbsp; przez&nbsp; Helen\u0119,Wies\u0142aw\u0119 P\u0119czek, Helen\u0119&nbsp; Po\u017coga &#8211; Buchelt&nbsp; i Dorot\u0119 Jantos.<\/strong><\/p>\n\n\n\n<p><strong>6<\/strong><strong>.&nbsp;<\/strong><strong>Projekt &#8221; Kierunek Przysz\u0142o\u015b\u0107&#8221; &#8211; z Funduszy Norweskich realizujemy urz\u0105dzanie Ogrodu&nbsp; Spo\u0142eczno\u015bciowego<\/strong><strong>&nbsp;UTW przy ulicy Glinianej 10 a.&nbsp;<\/strong><strong>Kierownikiem projektu&nbsp; z ramienia &nbsp; UTW jest&nbsp; Jerzy&nbsp; Krawczyk.<\/strong><\/p>\n\n\n\n<p><strong>Dzi<\/strong><strong>a<\/strong><strong>\u0142alno\u015b\u0107 edukacyjna i sportowa UTW<\/strong><\/p>\n\n\n\n<p>Uniwersytet Trzeciego Wieku w Starachowicach realizowa\u0142 swoje zadania statutowe w ramach 20 sekcji tematycznych: W 2022 r. powsta\u0142y 3 nowe sekcje:<\/p>\n\n\n\n<p>&#8211; sekcja teatralna<\/p>\n\n\n\n<p>&#8211; sekcja Eko &#8211; Ogr\u00f3d UTW<\/p>\n\n\n\n<p>&#8211; sekcja j\u0119zyka angielskiego dla pocz\u0105tkuj\u0105cych<\/p>\n\n\n\n<p>Natomiast sekcja j\u0119zyka w\u0142oskiego nie podj\u0119\u0142a swojej dzia\u0142alno\u015bci w I semestrze ze wzgl\u0119du na wyjazd lektora za granic\u0119.<\/p>\n\n\n\n<p><strong>1. Sekcja psychologiczna&nbsp;<\/strong><strong>jest&nbsp;<\/strong><strong>prowadzona przez Wand\u0119 Ko\u0142odziejczyk.&nbsp;<\/strong>Skupia 11 aktywnych cz\u0142onk\u00f3w. W&nbsp;I&nbsp;i II&nbsp;semestrze 2022&nbsp;roku&nbsp;zrealizowano&nbsp;20 spotka\u0144 ze s\u0142uchaczami.&nbsp;Frekwencja wynosi\u0142a 62%. Zaj\u0119cia odbywa\u0142y si\u0119 1 w tygodniu.<\/p>\n\n\n\n<p>Tematyka tych spotka\u0144 zwi\u0105zana by\u0142a z problematyk\u0105 szcz\u0119\u015bcia osobistego, czynnikami sk\u0142adaj\u0105cymi si\u0119 na poczucie szcz\u0119\u015bcia, jego wyznacznikami i sposobami jego zwi\u0119kszenia. Program zosta\u0142 zrealizowany.<\/p>\n\n\n\n<p><strong>2. Sekc<\/strong><strong>j<\/strong><strong>a Eko &#8211; Ogr\u00f3d<\/strong>&nbsp;-prowadzona jest przez Mari\u0119 Gola. Nale\u017cy do niej 16 os\u00f3b. Odby\u0142o si\u0119 13 spotka\u0144. Cz\u0119\u015b\u0107 spotka\u0144 prowadzone by\u0142o w formie prac ogrodniczych, cz\u0119\u015b\u0107 w formie wyk\u0142ad\u00f3w tematycznych. Frekwencja grupy wynios\u0142a 38%. Zaj\u0119cia teoretyczne dotyczy\u0142y zdrowotnych w\u0142a\u015bciwo\u015bci zi\u00f3\u0142, prowadzenia upraw ekologicznych. W ramach zaj\u0119\u0107 praktycznych jesieni\u0105 dokonano nasadze\u0144 ro\u015blin i krzew\u00f3w wieloletnich oraz nawiezienia ziemi i przygotowanie rabat pod nowe wiosenne nasadzenia.<\/p>\n\n\n\n<p><strong>3.&nbsp;<\/strong><strong>Sekcja przyrodnicza&nbsp;<\/strong><strong>\u2013 prowadzon<\/strong><strong>a<\/strong><strong>&nbsp;jest przez dr Krystyn\u0119 Dutkiewicz.<\/strong>&nbsp;Nale\u017cy do niej&nbsp;26 s\u0142uchaczy.&nbsp;Sk\u0142ad osobowy sekcji przyrodniczej w por\u00f3wnaniu z poprzednim semestrem pozostaje bez zmian.&nbsp;Zrealizowano \u0142\u0105cznie&nbsp;16&nbsp;godz. zaj\u0119\u0107&nbsp;,&nbsp;wi\u0119kszo\u015b\u0107&nbsp;wyk\u0142ad\u00f3w&nbsp;w formie prezentacji multimedialnychi 1 zaj\u0119cia w terenie. \u015arednio 26 os\u00f3b uczestniczy\u0142o&nbsp;w wyk\u0142adach.&nbsp;Zaj\u0119cia odbywa\u0142y si\u0119 2 razy w miesi\u0105cu.&nbsp;Cz\u0142onkowie sekcji planuj\u0105 w\u0142\u0105czy\u0107 si\u0119 w prace ogrodnicze. Wsp\u00f3\u0142pracuj\u0105 r\u00f3wnie\u017c z Muzeum Przyrody i Techniki w Starachowicach.<\/p>\n\n\n\n<p>Zgodnie z za\u0142o\u017ceniami program zrealizowano w ca\u0142o\u015bci.<\/p>\n\n\n\n<p>4.<strong>Sekcja informatyczna \u2013 prowadzona jest przez Agnieszk\u0119 Pachock\u0105.&nbsp;<\/strong>Nale\u017cy do niej 10&nbsp;s\u0142uchaczy, w I semestrze odby\u0142o si\u0119&nbsp;16&nbsp;godz. z zaj\u0119\u0107 z podstaw obs\u0142ugi&nbsp;smartfona&nbsp;i nauki korzystania program\u00f3w komputerowych&nbsp;w celu szybkiego komunikowania si\u0119 z rodzin\u0105 i&nbsp; znajomymi. Frekwencja&nbsp; wynosi\u0142a85%<\/p>\n\n\n\n<p>Cz\u0119\u015b\u0107 zaj\u0119\u0107 po\u015bwi\u0119cona by\u0142a na nauk\u0119 wykonywania zdj\u0119\u0107 i nagrywania film\u00f3w za pomoc\u0105 smartfona oraz&nbsp;wysy\u0142anie&nbsp;materia\u0142u zdj\u0119ciowego. S\u0142uchacze nauczyli si\u0119 r\u00f3wnie\u017c korzysta\u0107 z lokalizacji w telefonie, wyznaczania trasy, tworzenia profilu zaufanego, korzystania z informacji z IKP.&nbsp;Za\u0142o\u017cony plan pracy&nbsp;zrealizowano 100%.<\/p>\n\n\n\n<p><strong>5. Sekcja geograficzno- turystyczna \u2013 prowadzona jest przez El\u017cbiet\u0119 Durlej.&nbsp;<\/strong>Nale\u017cy do niej&nbsp;22 s\u0142uchaczy. Frekwencja na zaj\u0119ciach wynios\u0142a&nbsp;76%. Zrealizowano&nbsp;20&nbsp;godzin zaj\u0119\u0107 w formie&nbsp;wyk\u0142ad\u00f3w. W ramach sekcji odbywa\u0142y si\u0119 te\u017c w soboty spacery edukacyjne po terenie miasta i okolic.<\/p>\n\n\n\n<p>&nbsp;3&nbsp;wycieczki nie odby\u0142y si\u0119 z przyczyn z\u0142ej pogody.&nbsp;Celem ich by\u0142o poznanie miejsc zwi\u0105zanych z histori\u0105 miasta. W spacerach brali te\u017c udzia\u0142 cz\u0142onkowie innych sekcji UTW.<\/p>\n\n\n\n<p><strong>6. Sekcja poetycka &#8221; Feniks&#8221; \u2013 prowadzona jest przez Lucjan\u0119 El\u017cbiet\u0119 Nowak.&nbsp;<\/strong>Sekcja liczy 12&nbsp;cz\u0142onk\u00f3w.&nbsp;.&nbsp;\u015arednia frekwencja na zaj\u0119ciach wynios\u0142a&nbsp;60&nbsp;%.&nbsp;Spotkania sekcji odbywaj\u0105 si\u0119 raz w miesi\u0105cu&nbsp;w Bibliotece Miejskiej, odby\u0142o si\u0119 16 godz. zaj\u0119\u0107.Grupa Feniks wsp\u00f3\u0142pracuje z sekcj\u0105 literack\u0105 UTW, bierze udzia\u0142 w imprezach organizowanych przez Zarz\u0105d&nbsp;UTW np. Gala &#8221;Z\u0142ote Sowy&#8221; czy wsp\u00f3lne kol\u0119dowanie oraz w spotkaniach z dzie\u0107mi w przedszkolach.<\/p>\n\n\n\n<p><strong>7. Sekcja Edukacji Obywatelskiej \u2013 prowadzona jest przez Jerzego Krawczyka .&nbsp;<\/strong>Nale\u017cy do niej&nbsp;40&nbsp;s\u0142uchaczy. \u015arednia frekwencja wynios\u0142a&nbsp;88% . W I semestrze odby\u0142o si\u0119 15&nbsp;dwugodzinnych wyk\u0142ad\u00f3w.Za\u0142o\u017cony plan wyk\u0142ad\u00f3w zosta\u0142 zrealizowany w 100% .Program zaj\u0119\u0107 sekcja realizuje w formie wyk\u0142ad\u00f3w otwartych w kt\u00f3rych uczestnicz\u0105 te\u017c&nbsp;cz\u0142onkowie innych sekcji zainteresowanych proponowan\u0105 tematyk\u0105 wyk\u0142ad\u00f3w.&nbsp;Tematyka wyk\u0142ad\u00f3w dotyczy bie\u017c\u0105cych problem\u00f3w miasta i powiatu, profilaktyki zdrowotnej senior\u00f3w. Wyk\u0142ady prowadzone przez dyrektora MPiT Paw\u0142a Ko\u0142odziejskiego oraz Wiolett\u0119 Sobieraj cieszy\u0142y si\u0119 du\u017cym zainteresowaniem s\u0142uchaczy. W t\u0119 tematyk\u0119 wpisa\u0142 si\u0119 r\u00f3wnie\u017c ciekawy wyk\u0142ad wicestarosty Dariusza D\u0105browskiego. W&nbsp;wyk\u0142adach uczestniczyli zaproszeni go\u015bcie: Micha\u0142 Walendzik, Marek Pastuszka, Wies\u0142aw Daszkowski, Jerzy Mi\u015bkiewicz i Agnieszka Fabi\u015b.<\/p>\n\n\n\n<p><strong>8. Sekcja literacka \u2013 prowadzona jest przez Dorot\u0119 Kie\u0142ek.&nbsp;<\/strong>Zaj\u0119cia sekcji odbywaj\u0105 si\u0119 raz w miesi\u0105cu. Odby\u0142y si\u0119 cztery spotkania&nbsp;po 2 godz.\u2013 \u0142\u0105cznie&nbsp;8 godz.&nbsp;Nale\u017cy do niej 30&nbsp;s\u0142uchaczy.\u015arednia frekwencja to&nbsp;94%. W tym roku&nbsp;akademickim du\u017ce zainteresowanie s\u0142uchaczy wzbudzi\u0142 konkurs literacki &#8221; Moja przygoda z UTW&#8221;S\u0142uchacze sekcji&nbsp;podczas zaj\u0119\u0107&nbsp;prezentowali i omawiali nagrodzone prace. Realizowane by\u0142y&nbsp;r\u00f3wnie\u017c&nbsp;tematy dotycz\u0105ce kobiet w tradycji i kulturze oraz w \u017cyciu Adama&nbsp; Mickiewicza.<\/p>\n\n\n\n<p><strong>9.<\/strong><strong>Sekcja j\u0119zyka rosyjskiego \u2013 prowadzona jest przez Jadwig\u0119 Hamer\u0119.&nbsp;<\/strong>Nale\u017cy do niej 12&nbsp;s\u0142uchaczy, frekwencja na zaj\u0119ciach wynios\u0142a&nbsp;70%..W ramach sekcji zrealizowano&nbsp;9&nbsp;spotka\u0144. S\u0142uchacze uczyli si\u0119 s\u0142ownictwa i zwrot\u00f3w gramatycznych zgodnie z realizowanymi tematami zaj\u0119\u0107.&nbsp;W I. semestrze s\u0142uchacze przygotowali si\u0119 do testu sprawdzaj\u0105cego nabyt\u0105 wiedz\u0119.<\/p>\n\n\n\n<p>W II semestrze realizowane by\u0142y tematy dotycz\u0105ce ulubionych zawod\u00f3w i s\u0142ownictwa zwi\u0105zanego z prac\u0105 w tych zawodach.&nbsp;Sekcja zorganizowa\u0142a wycieczk\u0119 do teatru S\u0142owackiego w Krakowie oraz spotkanie&nbsp;adwentowe.&nbsp;S\u0142uchacze w\u0142\u0105czyli si\u0119 w prace przygotowawcze do 15 &#8211; lecia UTW.<\/p>\n\n\n\n<p><strong>10. Sekcja j\u0119zyka niemieckiego &#8211; prowadzona jest przez Jolant\u0119 \u0141odej.<\/strong><\/p>\n\n\n\n<p>Sekcja liczy&nbsp;10&nbsp;os\u00f3b&nbsp;.&nbsp;Zaj\u0119cia odbywaj\u0105 si\u0119&nbsp; 2&nbsp;razy w miesi\u0105cu. W I&nbsp;i II&nbsp;semestrze zrealizowano&nbsp;26&nbsp;godziny zaj\u0119\u0107, \u015brednia frekwencja wynios\u0142a&nbsp;100%. Za\u0142o\u017cony plan pracy zosta\u0142 zrealizowany.<\/p>\n\n\n\n<p><strong>11. Sekcja j\u0119zyka w\u0142oskiego \u2013 prowadzona by\u0142a przez Agnieszk\u0119 Iwon.<\/strong><\/p>\n\n\n\n<p>Nale\u017ca\u0142o do niej 15 s\u0142uchaczy. W ramach lektoratu s\u0142uchacze zdobywali wiedz\u0119 z zakresu gramatyki, s\u0142ownictwa i prowadzenia rozm\u00f3wek w j\u0119zyku w\u0142oskim. Sekcja pracowa\u0142a tylko w II semestrze 2022 r. Ze wzgl\u0119du na wyjazd lektorki w nowym roku akademickim sekcja nie podj\u0119\u0142a dzia\u0142alno\u015bci.<\/p>\n\n\n\n<p><strong>12. Sekcja teatralna &#8221; Scena UTW&#8221; prowadzona by\u0142a przez Iwon\u0119 Dziubi\u0144sk\u0105- Czerko.<\/strong><\/p>\n\n\n\n<p>Liczy 20 os\u00f3b. \u015arednia frekwencja 98%. cz\u0142onkowie sekcji w II semestrze wielokrotnie zaprezentowali si\u0119 w wyst\u0119pach dla cz\u0142onk\u00f3w UTW, mieszka\u0144c\u00f3w miasta i okolicznych gmin. Prezentowane sztuki opiera\u0142y si\u0119 g\u0142\u00f3wnie o scenariusze Joanny Matysek. Grupa teatralna wsp\u00f3\u0142pracowa\u0142a \u015bci\u015ble z sekcj\u0105 &#8221; Niespokojne r\u0119ce&#8221; oraz grup\u0105 wokaln\u0105 &#8222;Srebrne Nuty&#8221;.<\/p>\n\n\n\n<p><strong>13. Sekcja plastyczno- techniczna &#8222;Niespokojne r\u0119ce&#8221; &#8211; prowadzona jest przez Gra\u017cyn\u0119 Wysock\u0105.&nbsp;<\/strong>Liczy 13 os\u00f3b. \u015arednia frekwencja to 80%. Grupa bardzo aktywnie uczestniczy w \u017cyciu UTW realizuj\u0105c potrzeby dekoracyjne na wszystkie imprezy okoliczno\u015bciowe, wyst\u0119py, spotkania aktualizuje r\u00f3wnie\u017c tablic\u0119 informacyjn\u0105&nbsp;UTW. W I i II semestrze cz\u0142onkowie grupy przepracowali \u0142\u0105cznie 84 godz. Sekcja&nbsp;szczeg\u00f3lnie aktywnie uczestniczy\u0142a w przygotowaniu dekoracji na15 &#8211; lecie UTW, przygotowaniu&nbsp; statuetek Z\u0141OT oraz plakatu&nbsp;&#8222;Mamy ju\u017c 15 lat.&nbsp;Sekcja przygotowa\u0142a r\u00f3wnie\u017c wszystkie elementy dekoracji na wyst\u0119py &#8222;Sceny UTW&#8221;.<\/p>\n\n\n\n<p><strong>14.<\/strong><strong>Gimnastyka usprawniaj\u0105ca \u2013 zaj\u0119cia prowadzi Barbara Bedorf.&nbsp;<\/strong>Udzia\u0142 w zaj\u0119ciach&nbsp;bierze&nbsp;12&nbsp;s\u0142uchaczy.&nbsp;Frekwencja grupy to 80%Zaj\u0119cia odbywa\u0142y si\u0119&nbsp;w I semestrze 2 razy w tygodniu,&nbsp;\u0141\u0105cznie przeprowadzono 40 godz. zaj\u0119\u0107 ze s\u0142uchaczami.Celem zaj\u0119\u0107 jest utrzymanie b\u0105d\u017a podniesienie sprawno\u015bci psychofizycznej s\u0142uchaczy, u\u015bwiadomienie potrzeby i kszta\u0142towania nawyku aktywno\u015bci ruchowej. \u0106wiczenia maj\u0105 na celu wzmocnienie aparatu ruchowego \u0107wicz\u0105cych i zapobieganiu zmianom w obr\u0119bie poszczeg\u00f3lnych uk\u0142ad\u00f3w: ruchu , kr\u0105\u017cenia I&nbsp; oddychania.<\/p>\n\n\n\n<p><strong>15. Joga \u2013 sekcja prowadzona przez Agat\u0119 Musia\u0142owsk\u0105.<\/strong>&nbsp;Nale\u017cy do niej&nbsp;10&nbsp;s\u0142uchaczy,&nbsp;\u015brednia frekwencja wynios\u0142a 80%.&nbsp;Przeprowadzono 27 godz. zaj\u0119\u0107.&nbsp;Zaj\u0119cia przebiega\u0142y zgodnie z planem i&nbsp; mia\u0142y na celu&nbsp;&nbsp;podniesienie sprawno\u015bci ruchowej s\u0142uchaczy UTW.<\/p>\n\n\n\n<p><strong>16<\/strong>.&nbsp;<strong>Zumba&nbsp;<\/strong><strong>sekcja prowadzona przez Agat\u0119 Musia\u0142owsk\u0105.<\/strong>&nbsp;Nale\u017cy do niej&nbsp;11&nbsp;s\u0142uchaczy,&nbsp;\u015brednia frekwencja wynios\u0142a&nbsp;75%.&nbsp;Przeprowadzono&nbsp;30&nbsp;godz. zaj\u0119\u0107.&nbsp;Zaj\u0119cia przebiega\u0142y zgodnie z planem&nbsp;i mia\u0142y na celu podniesienie sprawno\u015bci ruchowej s\u0142uchaczy UTW.&nbsp;Cz\u0142onkowie sekcji zaprezentowali si\u0119 na Gali Z\u0142ote Sowy z okazji 15- UTW.<\/p>\n\n\n\n<p><strong>17. Aerobik na basenie &#8211;<\/strong>prowadzony by\u0142&nbsp;przez Agat\u0119 Musia\u0142owsk\u0105.&nbsp;Z zaj\u0119\u0107 na basenie g\u0142\u0119bokim&nbsp;i p\u0142ytkim korzysta\u0142o \u015brednio 25 s\u0142uchaczy. \u015arednia frekwencja to 70%.&nbsp;Zaj\u0119cia odbywa\u0142y si\u0119 raz w tygodniu. Plan pracy zosta\u0142 zrealizowany . W okresie wakacji zaj\u0119cia kontynuowa\u0142a grupa ch\u0119tnych s\u0142uchaczy.&nbsp;Ze wzgl\u0119du na remont basenu zaj\u0119cia&nbsp;w I semestrze&nbsp;zosta\u0142y okresowo zawieszone.<\/p>\n\n\n\n<p><strong>18. Zesp\u00f3\u0142 wokalny &#8221; Srebrne Nuty&#8221; \u2013 kierowany jest przez Janin\u0119 Kowalik.<\/strong><\/p>\n\n\n\n<p>Do zespo\u0142u nale\u017cy 12&nbsp;s\u0142uchaczek UTW, kt\u00f3re spotykaj\u0105 si\u0119 raz w tygodniu;&nbsp;I i II semestrze&nbsp;odby\u0142o si\u0119&nbsp;100 godz. zaj\u0119\u0107. Frekwencja wynios\u0142a 75%.&nbsp;Zespo\u0142owi akompaniuje Pawe\u0142 Michalski.&nbsp;Zesp\u00f3\u0142 bierze udzia\u0142 w wydarzeniach UTW oraz wsp\u00f3\u0142pracuje z innymi sekcjami. Swoimi wyst\u0119pami&nbsp;zesp\u00f3\u0142&nbsp;uatrakcyjni\u0142: &#8222;Senioralia&#8221;,&nbsp;wyst\u0119p w Parku Miejskim w ramach projektu &#8221; Wsp\u00f3lne dzia\u0142anie to si\u0142a Senior\u00f3w&#8221;,&nbsp;Inauguracj\u0119 roku akademickiego,&nbsp;Gal\u0119 Z\u0142ote Sowy,&nbsp;Spotkanie Noworoczne,&nbsp;wyst\u0119powa\u0142 wsp\u00f3lnie z grup\u0105 teatraln\u0105 'Scena UTW&#8221; oraz w Orszaku Trzech Kr\u00f3li.<\/p>\n\n\n\n<p><strong>19. Sekcja j\u0119zyka angielskiego dla zaawansowanych prowadzona jest przez Jolant\u0119 Nowak.<\/strong><\/p>\n\n\n\n<p>Grupa liczy 9 s\u0142uchaczy, \u015brednia frekwencja to 90%. odbywaj\u0105 si\u0119 1 raz w tygodniu. Szczeg\u00f3lny nacisk i motywacj\u0119 przyk\u0142ada si\u0119 do pos\u0142ugiwania si\u0119 j\u0119zykiem angielskim w mowie. W tym roku materia\u0142 nauczania zosta\u0142 wzbogacony o elementy wiedzy i kultury anglosaskiej.<\/p>\n\n\n\n<p><strong>20. Sekcja &#8211; J\u0119zyk angielski dla pocz\u0105tkuj\u0105cych &#8211; prowadzona jest przez El\u017cbiet\u0119 Durlej.&nbsp;<\/strong>To nowo powsta\u0142a sekcja ciesz\u0105ca si\u0119 du\u017cym zainteresowaniem s\u0142uchaczy. Obecnie liczy 30 cz\u0142onk\u00f3w. Przeprowadzono 13 godz. zaj\u0119\u0107. Frekwencja wynios\u0142a 81%. Nacisk&nbsp;lektora&nbsp;po\u0142o\u017cony zosta\u0142 na wzajemne komunikowanie si\u0119 w ma\u0142ych grupach oraz poznanie czas\u00f3w gramatycznych niezb\u0119dnych do komunikacji.<\/p>\n","protected":false},"excerpt":{"rendered":"<p>2022 rok by\u0142 rokiem szczeg\u00f3lnym w dzia\u0142alno\u015bci UTW ze wzgl\u0119du na przypadaj\u0105cy&nbsp;w listopadzie&nbsp;jubileusz 15 &#8211; lecia&nbsp;naszej&nbsp;dzia\u0142alno\u015bci. Do&nbsp;uroczystych&nbsp;obchod\u00f3w,&nbsp;przygotowywali\u015bmy si\u0119&nbsp;od ju\u017c&nbsp;od marca &hellip;<\/p>\n","protected":false},"author":3,"featured_media":0,"parent":0,"menu_order":0,"comment_status":"closed","ping_status":"closed","template":"","meta":{"footnotes":""},"categories":[8],"tags":[],"_links":{"self":[{"href":"https:\/\/utwstarachowice.pl\/index.php?rest_route=\/wp\/v2\/pages\/2526"}],"collection":[{"href":"https:\/\/utwstarachowice.pl\/index.php?rest_route=\/wp\/v2\/pages"}],"about":[{"href":"https:\/\/utwstarachowice.pl\/index.php?rest_route=\/wp\/v2\/types\/page"}],"author":[{"embeddable":true,"href":"https:\/\/utwstarachowice.pl\/index.php?rest_route=\/wp\/v2\/users\/3"}],"replies":[{"embeddable":true,"href":"https:\/\/utwstarachowice.pl\/index.php?rest_route=%2Fwp%2Fv2%2Fcomments&post=2526"}],"version-history":[{"count":0,"href":"https:\/\/utwstarachowice.pl\/index.php?rest_route=\/wp\/v2\/pages\/2526\/revisions"}],"wp:attachment":[{"href":"https:\/\/utwstarachowice.pl\/index.php?rest_route=%2Fwp%2Fv2%2Fmedia&parent=2526"}],"wp:term":[{"taxonomy":"category","embeddable":true,"href":"https:\/\/utwstarachowice.pl\/index.php?rest_route=%2Fwp%2Fv2%2Fcategories&post=2526"},{"taxonomy":"post_tag","embeddable":true,"href":"https:\/\/utwstarachowice.pl\/index.php?rest_route=%2Fwp%2Fv2%2Ftags&post=2526"}],"curies":[{"name":"wp","href":"https:\/\/api.w.org\/{rel}","templated":true}]}}