{"id":1051,"date":"2022-03-18T13:29:17","date_gmt":"2022-03-18T12:29:17","guid":{"rendered":"https:\/\/utwstarachowice.pl\/2022\/03\/18\/sprawozdanie-z-dzialalnosci-utw-za-2021-rok\/"},"modified":"2022-03-18T13:29:17","modified_gmt":"2022-03-18T12:29:17","slug":"sprawozdanie-z-dzialalnosci-utw-za-2021-rok","status":"publish","type":"page","link":"https:\/\/utwstarachowice.pl\/?page_id=1051","title":{"rendered":"SPRAWOZDANIE Z  DZIA\u0141ALNO\u015aCI  UTW ZA 2021 ROK"},"content":{"rendered":"<p align=\"center\"><span style=\"font-size: medium;\"><strong>Sprawozdanie z dzia\u0142alno\u015bci merytorycznej Uniwersytetu Trzeciego Wieku<\/strong><\/span><\/p>\n<p align=\"center\"><span style=\"font-size: medium;\"><strong>w Starachowicach w 2021 roku.<\/strong><\/span><\/p>\n<p><span style=\"font-size: medium;\">Rok 2021 zacz\u0105\u0142 si\u0119 wprowadzeniem w ca\u0142ym kraju czerwonej strefy ze wzgl\u0119du na wzrost zachorowa\u0144 na COVID \u2013 19. Wprowadzone obostrzenia i zakaz spotykania si\u0119 zmusi\u0142y nas do odwo\u0142ania zaj\u0119\u0107 od 04.stycznia. Do 18 stycznia cz\u0142onkowie Zarz\u0105du pe\u0142nili dy\u017cury zdalnie. Dopiero 20 stycznia wr\u00f3ci\u0142y dy\u017cury stacjonarne w biurze Zarz\u0105du.<\/span><\/p>\n<p><span style=\"font-size: medium;\">Nasi cz\u0142onkowie wsparli Wielk\u0105 Orkiestr\u0119 \u015awi\u0105tecznej Pomocy uczestnicz\u0105c w internetowej licytacji fant\u00f3w od 15 do 31 stycznia. Przez czas izolacji na stronie internetowej UTW zamieszczali\u015bmy informacje o szczepieniach dla naszych s\u0142uchaczy oraz liczne artyku\u0142y z przeznaczeniem dla senior\u00f3w. W czasie pandemii utrzymywali\u015bmy kontakty telefoniczne naszymi s\u0142uchaczami. Zosta\u0142 uruchomiony wolontariat dla os\u00f3b szczeg\u00f3lnie potrzebuj\u0105cych wsparcia oraz pomocy w codziennym funkcjonowaniu( robienie zakup\u00f3w, wynoszenie \u015bmieci). Jednej z kole\u017canek pomagali\u015bmy za\u0142atwi\u0107 asystent\u00f3w osoby niepe\u0142nosprawnej.<\/span><\/p>\n<p><span style=\"font-size: medium;\">Zdaln\u0105 nauk\u0119 przy pomocy Messengera \u00a0prowadzi\u0142a sekcja j\u0119zyka niemieckiego w 2 grupach oraz sekcja j\u0119zyka rosyjskiego. Frekwencja w tych grupach j\u0119zykowych wynios\u0142a 90%. Sekcje j\u0119zykowe zrealizowa\u0142y zaplanowany plan pracy. Pozosta\u0142e sekcje przenios\u0142y realizacj\u0119 swoich plan\u00f3w pracy na II semestr.<\/span><\/p>\n<p><span style=\"font-size: medium;\">25.02. \u2013 wzi\u0119li\u015bmy udzia\u0142 w wystawie czasowej \u201e Przemys\u0142 domowy, zabytkowe sztu\u0107ce\u201d zorganizowanej w Muzeum Przyrody i Techniki w Starachowicach.<\/span><\/p>\n<p><span style=\"font-size: medium;\">Dopiero w maju po cz\u0119\u015bciowej zmianie obostrze\u0144 zwi\u0105zanych z pandemi\u0105 COVID -19 zacz\u0119li\u015bmy si\u0119 spotyka\u0107 na wolnym powietrzu.<\/span><\/p>\n<p><span style=\"font-size: medium;\">20.05. odby\u0142 si\u0119 \u00a0pierwszy spacer z kijami Nordic Walking le\u015bnymi dr\u00f3\u017ckami do Lipia pod kierunkiem Tomasza Cygana.<\/span><\/p>\n<p><span style=\"font-size: medium;\">Od 01.06. \u2013 ruszy\u0142y zaj\u0119cia ruchowe z gimnastyki, jogi, zumby oraz aerobik na basenie.<\/span><\/p>\n<p><span style=\"font-size: medium;\">04. 06. \u2013 uczestniczyli\u015bmy w wystawie malarskiej Anny Wi\u0105czek \u201e Goni\u0105c marzenia\u201d<\/span><\/p>\n<p><span style=\"font-size: medium;\">05.06.- spacer ze s\u0142uchaczami wok\u00f3\u0142 Zalewu \u201e Pasternik\u201d poprowadzi\u0142a El\u017cbieta Durlej.<\/span><\/p>\n<p><span style=\"font-size: medium;\">Od 07. 06. wr\u00f3cili\u015bmy w UTW do zaj\u0119\u0107 stacjonarnych\u00a0 stosuj\u0105c nadal obostrzenia sanitarne. Prac\u0119 rozpocz\u0119\u0142y wszystkie sekcje, niekt\u00f3re jak grupa rosyjska i niemiecka nadal w formie on- line.<\/span><\/p>\n<p><span style=\"font-size: medium;\">07.06. \u2013 wyjechali\u015bmy do W\u0105chocka poznaj\u0105c tajemnice Pa\u0142acu Schoenberg\u00f3w. Wycieczk\u0119 poprowadzi\u0142a Wioletta Sobieraj.<\/span><\/p>\n<p><span style=\"font-size: medium;\">08.06. \u2013 Dorota Kie\u0142ek przeprowadzi\u0142a wyk\u0142ad pt. \u201eObchodzi mnie tylko aby by\u0107 cz\u0142owiekiem.\u201d<\/span><\/p>\n<p><span style=\"font-size: medium;\">11.06. \u2013 wyjechali\u015bmy do Teatru Powszechnego w Radomiu na sztuk\u0119 \u201e Pomoc domowa.\u201d<\/span><\/p>\n<p><span style=\"font-size: medium;\">28.06.- odby\u0142o si\u0119 Walne Zebranie cz\u0142onk\u00f3w Uniwersytetu Trzeciego Wieku oraz uroczyste zako\u0144czenie roku szkolnego. W tym dniu na terenie Muzeum Przyrody i Techniki odby\u0142o si\u0119 r\u00f3wnie\u017c ognisko.<\/span><\/p>\n<p><span style=\"font-size: medium;\">W okresie wakacji nie zaprzestali\u015bmy ca\u0142kowicie dzia\u0142alno\u015bci. Z uwagi na pro\u015bby s\u0142uchaczy kontynuowali\u015bmy aerobik na basenie oraz zaj\u0119cia gimnastyczne. Nawi\u0105zali\u015bmy wsp\u00f3\u0142prac\u0119 z Centrum Us\u0142ug Spo\u0142ecznych i cz\u0119\u015b\u0107 naszych s\u0142uchaczy wzi\u0119\u0142a udzia\u0142 w Programie OD WAGI skierowanego do os\u00f3b po 60 roku \u017cycia. Co tydzie\u0144 spotykali\u015bmy si\u0119 na dzia\u0142ce\u00a0 w Spo\u0142eczno\u015bciowym Ogrodzie UTW.<\/span><\/p>\n<p><span style=\"font-size: medium;\">Ko\u0142o PTTK przy UTW zorganizowa\u0142o w okresie wakacyjnym 3 wycieczki piesze:<\/span><\/p>\n<p><span style=\"font-size: medium;\">\u00a021 07.- do Kunowa<\/span><\/p>\n<p><span style=\"font-size: medium;\">18.08. \u2013 do Suchedniowa<\/span><\/p>\n<p><span style=\"font-size: medium;\">15.09. &#8211; do Marcinkowa<\/span><\/p>\n<p><span style=\"font-size: medium;\">03.09. \u2013 odby\u0142a si\u0119 wycieczka integracyjna do Nadle\u015bnictwa Marcule.<\/span><\/p>\n<p><span style=\"font-size: medium;\">17.09. \u2013 po raz 5 wzi\u0119li\u015bmy udzia\u0142 w akcji Sprz\u0105tanie \u015awiata. Ju\u017c tradycyjnie sprz\u0105tali\u015bmy teren wok\u00f3\u0142 zbiornika wodnego Piachy. Na zako\u0144czenie akcji odby\u0142o si\u0119 ognisko integracyjne.<\/span><\/p>\n<p><span style=\"font-size: medium;\">We wrze\u015bniu zawi\u0105za\u0142a si\u0119 te\u017c nowa sekcja teatralna UTW pod nazw\u0105 \u201eScena UTW\u201d.<\/span><\/p>\n<p><span style=\"font-size: medium;\">W 2021r. zrealizowali\u015bmy 4 wygrane projekty: 3 z dotacj\u0105 Urz\u0119du Miasta oraz 1 dofinansowany ze Starostwa Powiatowego.<\/span><\/p>\n<p><span style=\"font-size: medium;\">Pierwszy projekt pt.\u201d \u015apiewa\u0107 ka\u017cdy mo\u017ce\u201d \u2013 \u00a0dotycz\u0105cy pracy nad g\u0142osem skierowany by\u0142 do zespo\u0142u wokalnego \u201eSrebrne Nuty\u201d. Rozpocz\u0105\u0142 si\u0119 02.09. \u00a0Udzia\u0142 w nim wzi\u0119\u0142o 12 os\u00f3b. Fina\u0142em by\u0142 wyst\u0119p zespo\u0142u 19.09. na Starachowickich Dniach Seniora w Amfiteatrze Parku Miejskiego.<\/span><\/p>\n<p><span style=\"font-size: medium;\">Drugi pt. \u201ePiknik \u015awi\u0119tokrzyski\u201d \u2013 skierowany by\u0142 do mieszka\u0144c\u00f3w Starachowic. Udzia\u0142\u00a0 w nim wzi\u0119\u0142o 40 s\u0142uchaczy UTW z r\u00f3\u017cnych sekcji.\u00a0 Inscenizacja s\u0142owno \u2013 muzyczna\u00a0 zosta\u0142a zaprezentowana w dniu 08.10. na scenie sali kinowej\u00a0 Parku Kultury, na zako\u0144czenie odby\u0142 si\u0119 koncert \u017cycze\u0144 ze s\u0142odkim pocz\u0119stunkiem. Nasi s\u0142uchacze zaprezentowali te\u017c napary i zestawy zio\u0142owe ze Spo\u0142eczno\u015bciowego Ogrodu UTW. Drugi wyst\u0119p dla mieszka\u0144c\u00f3w Starachowic odby\u0142 si\u0119 19.11. na scenie Starachowickiej Sp\u00f3\u0142dzielni Mieszkaniowej przy ulicy Wojska Polskiego.<\/span><\/p>\n<p><span style=\"font-size: medium;\">Trzeci projekt pt. \u201e XII Rajd Nordic Walking\u201d \u2013 obejmowa\u0142 wycieczk\u0119 pieszo &#8211; autokarow\u0105 do Ka\u0142kowa, ze zwiedzeniem zbiornika Wi\u00f3ry\u00a0 oraz \u00a0Nietuliska. Udzia\u0142 w nim wzi\u0119\u0142o 40 os\u00f3b. Zrealizowany zosta\u0142 13. 10. 2021r.<\/span><\/p>\n<p><span style=\"font-size: medium;\">Czwarty projekt pt. \u201eZdrowy senior to aktywny senior\u201d dofinansowany ze Starostwa Powiatowego realizowany by\u0142 w listopadzie i grudniu 2021r. W ramach projektu 25 s\u0142uchaczy UTW uczestniczy\u0142o w bezp\u0142atnych zaj\u0119ciach aerobiku na basenie p\u0142ytkim i g\u0142\u0119bokim oraz w wyje\u017adzie na baseny siarczkowe do Solca Zdroju.<\/span><\/p>\n<p><span style=\"font-size: medium;\">\u00a0<\/span><\/p>\n<p><span style=\"font-size: medium;\">04.10. \u2013 na scenie Parku Kultury odby\u0142a si\u0119 uroczysta inauguracja nowego roku akademickiego. Wyk\u0142ad inauguracyjny przeprowadzi\u0142a dr Anna Przygoda. Ruszy\u0142y \u00a0zaplanowane zaj\u0119cia poszczeg\u00f3lnych sekcji. Powsta\u0142y nowe sekcje: teatralna pn. \u201eScena UTW\u201d pod kierunkiem Iwony Dziubi\u0144skiej- Czerko, plastyczno &#8211; techniczna pn. \u201eNiespokojne r\u0119ce\u201d \u2013 pod kierunkiem Gra\u017cyny Wysockiej oraz sekcja j\u0119zyka angielskiego, w kt\u00f3rej zaj\u0119cia prowadzi Jolanta Nowak.<\/span><\/p>\n<p><span style=\"font-size: medium;\">09.10. \u2013 uczestniczyli\u015bmy w XX \u2013 leciu zespo\u0142u \u2018 Wiarusy.\u201d<\/span><\/p>\n<p><span style=\"font-size: medium;\">16. 10. \u2013 zorganizowali\u015bmy ognisko integracyjne po\u0142\u0105czone ze sprz\u0105taniem terenu przy zbiorniku \u201e Piachy\u201d.<\/span><\/p>\n<p><span style=\"font-size: medium;\">23. 10.\u00a0 \u2013\u00a0 odby\u0142a si\u0119 wycieczka edukacyjna po\u0142\u0105czona ze zwiedzaniem zak\u0142adu \u201e Perfopol\u201d.<\/span><\/p>\n<p><span style=\"font-size: medium;\">13.11. &#8211;\u00a0 odby\u0142a si\u0119 wycieczka edukacyjna po\u0142\u0105czona ze zwiedzaniem zak\u0142adu \u201e Starpol.\u201d<\/span><\/p>\n<p><span style=\"font-size: medium;\">20.11. \u2013\u00a0 odby\u0142a si\u0119 wycieczka do Cz\u0119stochowy.<\/span><\/p>\n<p><span style=\"font-size: medium;\">21.11. \u2013\u00a0 wsp\u00f3lnie z klubem Manhattan uczestniczyli\u015bmy w zabawie andrzejkowej.<\/span><\/p>\n<p><span style=\"font-size: medium;\">28. 11.- uczestniczyli\u015bmy w wyje\u017adzie do teatru w Radomiu na spektakl \u201e Wstyd\u201d<\/span><\/p>\n<p><span style=\"font-size: medium;\">01.12. \u2013 wyjechali\u015bmy na baseny siarczkowe do Solca Zdroju\u2019.<\/span><\/p>\n<p><span style=\"font-size: medium;\">18.12. \u2013 na strzelnicy Polskiego Zwi\u0105zku \u0141owieckiego odby\u0142o si\u0119 wsp\u00f3lne spotkanie op\u0142atkowe. Samorz\u0105d studencki przygotowa\u0142 program, w ramach kt\u00f3rego odby\u0142y si\u0119 otrz\u0119siny nowych s\u0142uchaczy.<\/span><\/p>\n<p><span style=\"font-size: medium;\">W 2021. mimo obostrze\u0144 i wci\u0105\u017c panuj\u0105cej pandemii COVID -19, zaj\u0119cia poszczeg\u00f3lnych sekcji tematycznych w II semestrze \u00a0zosta\u0142y w znacznej cz\u0119\u015bci zrealizowane.<\/span><\/p>\n<p><span style=\"font-size: medium;\">Odby\u0142o si\u0119 15 wyk\u0142ad\u00f3w plenarnych przeprowadzonych przez zaproszonych go\u015bci: z Muzeum Przyrody\u00a0 i Techniki; Paw\u0142a Ko\u0142odziejskiego, Wiolett\u0119 Sobieraj i Justyn\u0119 Sadz\u0119. Spotkanie z Komend\u0105 Powiatow\u0105 Policji, z pracownikami Narodowego Funduszu Zdrowia w Kielcach, z architektem miasta, z Prezesem Miejskiego Przedsi\u0119biorstwa Wodoci\u0105g\u00f3w i Kanalizacji w Starachowicach oraz ciekawe wyk\u0142ady historyczne przeprowadzone przez wicestarost\u0119 Dariusza D\u0105browskiego. Nasi s\u0142uchacze uczestniczyli r\u00f3wnie\u017c si\u0119 w cyklu wyk\u0142ad\u00f3w min. Bogumi\u0142a Skrobisz przeprowadzi\u0142a 2 wyk\u0142ady\u00a0 &#8211; na temat tw\u00f3rczo\u015bci Krzysztofa Kamila Baczy\u0144skiego i &#8222;Zaduszki i kult zmar\u0142ych w r\u00f3\u017cnych religiach \u015awiata&#8221; a\u00a0 Dorota Kie\u0142ek wyk\u0142ad pt. \u201e Obchodzi mnie tylko aby by\u0107 cz\u0142owiekiem&#8221; refleksje nie tylko literackie.<\/span><\/p>\n<p><span style=\"font-size: medium;\">Z powodu braku planowanych zaj\u0119\u0107 poszczeg\u00f3lnych sekcji\u00a0 i z powodu pandemii w I p\u00f3\u0142roczu 2021r\u00a0 sprawozdanie z pracy sekcji dotyczy \u00a0II p\u00f3\u0142rocza 2021r.<\/span><\/p>\n<p><span style=\"font-size: medium;\">1. Sekcja j\u0119zyka w\u0142oskiego \u2013 prowadz\u0105ca Agnieszka Iwon.<\/span><\/p>\n<p><span style=\"font-size: medium;\">\u00a0\u00a0 Ilo\u015b\u0107 uczestnik\u00f3w 8.<\/span><\/p>\n<p><span style=\"font-size: medium;\">\u00a0\u00a0 Odby\u0142o si\u0119 12 godzin zaj\u0119\u0107.<\/span><\/p>\n<p><span style=\"font-size: medium;\">\u00a0\u00a0 Frekwencja 90%.<\/span><\/p>\n<p><span style=\"font-size: medium;\">\u00a0\u00a0 Plan pracy zrealizowano cz\u0119\u015bciowo.<\/span><\/p>\n<p><span style=\"font-size: medium;\">2. Sekcja j\u0119zyka angielskiego \u2013 prowadzona przez Jolant\u0119 Nowak.<\/span><\/p>\n<p><span style=\"font-size: medium;\">\u00a0 \u00a0Ilo\u015b\u0107 uczestnik\u00f3w 8.<\/span><\/p>\n<p><span style=\"font-size: medium;\">\u00a0\u00a0 Odby\u0142o si\u0119 16 godzin zaj\u0119\u0107.<\/span><\/p>\n<p><span style=\"font-size: medium;\">\u00a0\u00a0 Frekwencja 70%.<\/span><\/p>\n<p><span style=\"font-size: medium;\">\u00a0\u00a0 Plan pracy zrealizowany.<\/span><\/p>\n<p><span style=\"font-size: medium;\">Uczestnicy nabyli podstawowe umiej\u0119tno\u015bci prezentacji, podstawowych danych o sobie, oraz komunikacji w zakresie powita\u0144 oraz prezentacji miejsc zamieszkania.<\/span><\/p>\n<p><span style=\"font-size: medium;\">3. Sekcja j\u0119zyka rosyjskiego \u2013 prowadzona przez Jadwig\u0119 Hamer\u0119.<\/span><\/p>\n<p><span style=\"font-size: medium;\">\u00a0\u00a0 \u00a0Ilo\u015b\u0107 uczestnik\u00f3w 11.<\/span><\/p>\n<p><span style=\"font-size: medium;\">\u00a0\u00a0 Odby\u0142o si\u0119 18 godzin zaj\u0119\u0107.<\/span><\/p>\n<p><span style=\"font-size: medium;\">\u00a0\u00a0 Frekwencja 78%.<\/span><\/p>\n<p><span style=\"font-size: medium;\">\u00a0\u00a0 Plan pracy zrealizowano.<\/span><\/p>\n<p><span style=\"font-size: medium;\">\u00a0Od 19.01.2021 r zaj\u0119cia odbywa\u0142y si\u0119 przy pomocy Messengera.<\/span><\/p>\n<p><span style=\"font-size: medium;\">4. Sekcja j\u0119zyka niemieckiego \u2013 prowadzona \u00a0przez Jolant\u0119 \u0141odej.<\/span><\/p>\n<p><span style=\"font-size: medium;\">\u00a0\u00a0 Ilo\u015b\u0107 uczestnik\u00f3w 13.<\/span><\/p>\n<p><span style=\"font-size: medium;\">\u00a0\u00a0 Odby\u0142o si\u0119 36 godzin zaj\u0119\u0107.<\/span><\/p>\n<p><span style=\"font-size: medium;\">\u00a0\u00a0 Frekwencja 92%.<\/span><\/p>\n<p><span style=\"font-size: medium;\">\u00a0\u00a0 Plan pracy zrealizowano. Zaj\u0119cia odbywa\u0142y si\u0119 w 2 grupach.<\/span><\/p>\n<p><span style=\"font-size: medium;\">Zaj\u0119cia cz\u0119\u015bciowo odbywa\u0142y si\u0119 w formie on-line.<\/span><\/p>\n<p><span style=\"font-size: medium;\">5. Sekcja psychologiczna \u2013 prowadzona \u00a0przez Wand\u0119 Ko\u0142odziejczyk.<\/span><\/p>\n<p><span style=\"font-size: medium;\">\u00a0\u00a0\u00a0\u00a0\u00a0\u00a0 Ilo\u015b\u0107 uczestnik\u00f3w 18.<\/span><\/p>\n<p><span style=\"font-size: medium;\">\u00a0\u00a0 Odby\u0142o si\u0119 9 spotka\u0144 po 1,5 godz.<\/span><\/p>\n<p><span style=\"font-size: medium;\">\u00a0\u00a0 Frekwencja 72%.<\/span><\/p>\n<p><span style=\"font-size: medium;\">\u00a0\u00a0 Plan pracy zrealizowano .<\/span><\/p>\n<p><span style=\"font-size: medium;\">\u00a0<\/span><\/p>\n<p><span style=\"font-size: medium;\">6. Sekcja informatyczna \u2013 prowadz\u0105ca Agnieszka Pachocka.<\/span><\/p>\n<p><span style=\"font-size: medium;\">\u00a0\u00a0 \u00a0Ilo\u015b\u0107 uczestnik\u00f3w 16.<\/span><\/p>\n<p><span style=\"font-size: medium;\">\u00a0\u00a0 Odby\u0142o si\u0119 16 godzin zaj\u0119\u0107.<\/span><\/p>\n<p><span style=\"font-size: medium;\">\u00a0\u00a0 Frekwencja 90%.<\/span><\/p>\n<p><span style=\"font-size: medium;\">\u00a0\u00a0 Plan pracy zrealizowano. Zaj\u0119cia umo\u017cliwia\u0142y poznanie obs\u0142ugi smartfona i komputera\u00a0w celu szybkiego komunikowania si\u0119 z rodzin\u0105 i znajomymi, przegl\u0105dania stron internetowych, wyszukiwania film\u00f3w i program\u00f3w, zgrywania zdj\u0119\u0107 z telefon\u00f3w oraz dokonywania zakup\u00f3w przez Internet.<\/span><\/p>\n<p><span style=\"font-size: medium;\">7. Zesp\u00f3\u0142 wokalny \u201eSrebrne Nuty\u201d \u2013 prowadzona przez Janin\u0119 Kowalik<\/span><\/p>\n<p><span style=\"font-size: medium;\">\u00a0 \u00a0 Ilo\u015b\u0107 uczestnik\u00f3w 12.<\/span><\/p>\n<p><span style=\"font-size: medium;\">\u00a0\u00a0 Odby\u0142o si\u0119 41 godzin zaj\u0119\u0107.<\/span><\/p>\n<p><span style=\"font-size: medium;\">\u00a0\u00a0 Frekwencja 87%.<\/span><\/p>\n<p><span style=\"font-size: medium;\">\u00a0\u00a0 Plan pracy zrealizowano.<\/span><\/p>\n<p><span style=\"font-size: medium;\">\u00a0\u00a0 We wrze\u015bniu zesp\u00f3\u0142 uczestniczy\u0142 w warsztatach wokalnych w ramach projektu \u201e \u015apiewa\u0107 ka\u017cdy mo\u017ce\u201d oraz w Senioraliach.<\/span><\/p>\n<p><span style=\"font-size: medium;\">W pa\u017adzierniku uczestniczy\u0142 w inauguracji roku akademickiego oraz w 2 prezentacjach \u201ePikniku \u015awi\u0119tokrzyskiego\u201d. Grupa wokalna uczestniczy\u0142a\u00a0 w wyst\u0119pach\u00a0 s\u0142uchaczy UTW w przedstawieniu \u201e Magia tego wieczoru\u201d \u2013 Wsp\u00f3\u0142czesny Adwent .<\/span><\/p>\n<p><span style=\"font-size: medium;\">8. Grupa literacka \u201e Feniks\u201d \u2013 prowadzona przez Lucjan\u0119 El\u017cbiet\u0119 Nowak.<\/span><\/p>\n<p><span style=\"font-size: medium;\">\u00a0 \u00a0 Ilo\u015b\u0107 uczestnik\u00f3w 17.\u00a0<\/span><\/p>\n<p><span style=\"font-size: medium;\">\u00a0\u00a0 Odby\u0142o si\u0119 4,5 godzin zaj\u0119\u0107.<\/span><\/p>\n<p><span style=\"font-size: medium;\">\u00a0\u00a0 Frekwencja 90%.<\/span><\/p>\n<p><span style=\"font-size: medium;\">\u00a0\u00a0 Plan pracy zrealizowano cz\u0119\u015bciowo. Zaj\u0119cia przeniesiono do Biblioteki Miejskiej. Odby\u0142y si\u0119 3 spotkania, kt\u00f3re \u00a0dotyczy\u0142y tw\u00f3rczo\u015bci K.K. Baczy\u0144skiego, tw\u00f3rczo\u015bci C.K. Norwida oraz laureat\u00f3w nagrody literackiej Nobla oraz laureat\u00f3w nagrody \u201eNike\u201d oraz tw\u00f3rczo\u015bci Jana Gajzlera poety ludowego z Suchedniowa.<\/span><\/p>\n<p><span style=\"font-size: medium;\">9. Sekcja Literacka \u2013 prowadzona przez Dorot\u0119 Kie\u0142ek.<\/span><\/p>\n<p><span style=\"font-size: medium;\">\u00a0\u00a0\u00a0\u00a0 Ilo\u015b\u0107 uczestnik\u00f3w 28.<\/span><\/p>\n<p><span style=\"font-size: medium;\">\u00a0\u00a0 Odby\u0142y si\u0119 4 spotkania z 8 zaplanowanych.<\/span><\/p>\n<p><span style=\"font-size: medium;\">\u00a0\u00a0 Frekwencja 91%.<\/span><\/p>\n<p><span style=\"font-size: medium;\">\u00a0\u00a0 Plan pracy zrealizowano w 50%.<\/span><\/p>\n<p><span style=\"font-size: medium;\">Cz\u0142onkowie sekcji wzi\u0119li czynny udzia\u0142 w prezentacji \u201e Pikniku \u015awi\u0119tokrzyskiego\u201d oraz w Jase\u0142kach &#8222;Magia tego\u00a0<\/span><\/p>\n<p><span style=\"font-size: medium;\">\u00a0 wieczoru\u201d.<\/span><\/p>\n<p><span style=\"font-size: medium;\">\u00a0<\/span><\/p>\n<p><span style=\"font-size: medium;\">10. Grupa teatralna \u201e Scena UTW\u201d \u2013 prowadzona jest przez Iwon\u0119 Dziubi\u0144sk\u0105 \u2013 Czerko.\u00a0<\/span><\/p>\n<p><span style=\"font-size: medium;\">\u00a0 \u00a0 Ilo\u015b\u0107 uczestnik\u00f3w &#8211; 18.<\/span><\/p>\n<p><span style=\"font-size: medium;\">\u00a0\u00a0 Odby\u0142o si\u0119 21 godzin zaj\u0119\u0107.<\/span><\/p>\n<p><span style=\"font-size: medium;\">\u00a0\u00a0 Frekwencja 97%.<\/span><\/p>\n<p><span style=\"font-size: medium;\">\u00a0\u00a0 Plan pracy zrealizowano.<\/span><\/p>\n<p><span style=\"font-size: medium;\">\u00a0Grupa teatralna zaprezentowa\u0142a na scenie Parku Kultury\u00a0 w widowisku pt. Godki kobit\u201d.<\/span><\/p>\n<p><span style=\"font-size: medium;\">\u00a0<\/span><\/p>\n<p><span style=\"font-size: medium;\">11. Sekcja Edukacji Obywatelskiej \u2013 prowadzona \u00a0przez Jerzego Krawczyka.<\/span><\/p>\n<p><span style=\"font-size: medium;\">\u00a0\u00a0\u00a0 Ilo\u015b\u0107 uczestnik\u00f3w 40.<\/span><\/p>\n<p><span style=\"font-size: medium;\">\u00a0\u00a0 Odby\u0142o si\u0119 20 godzin zaj\u0119\u0107 w formie wyk\u0142ad\u00f3w.<\/span><\/p>\n<p><span style=\"font-size: medium;\">\u00a0\u00a0 Frekwencja 69%.<\/span><\/p>\n<p><span style=\"font-size: medium;\">\u00a0\u00a0 Plan pracy zrealizowano .<\/span><\/p>\n<p><span style=\"font-size: medium;\">\u00a0\u00a0 Cz\u0142onkowie sekcji brali czynny udzia\u0142 jako wolontariusze w przygotowaniach do \u201e Pikniku\u00a0 \u015awi\u0119tokrzyskiego\u201d. Wsp\u00f3\u0142pracowali z wieloma instytucjami, kt\u00f3rych przedstawiciele przybli\u017caj\u0105 nam problematyk\u0119 miasta i powiatu. Zwiedzamy zak\u0142ady pracy\u00a0 i miejsca pami\u0119ci narodowej. Uczestniczymy w akcjach ekologicznych, prowadzimy Spo\u0142eczno\u015bciowy Ogr\u00f3d UTW.<\/span><\/p>\n<p><span style=\"font-size: medium;\">12. Sekcja plastyczno- techniczna \u201e Niespokojne r\u0119ce\u201d \u2013 prowadzona przez Gra\u017cyn\u0119 Wysock\u0105.<\/span><\/p>\n<p><span style=\"font-size: medium;\">\u00a0\u00a0 Ilo\u015b\u0107 uczestnik\u00f3w 8.<\/span><\/p>\n<p><span style=\"font-size: medium;\">\u00a0\u00a0 Odby\u0142o si\u0119\u00a0 20 godz. zaj\u0119\u0107.<\/span><\/p>\n<p><span style=\"font-size: medium;\">\u00a0\u00a0 Frekwencja 90%<\/span><\/p>\n<p><span style=\"font-size: medium;\">\u00a0\u00a0 Plan pracy zrealizowano .<\/span><\/p>\n<p><span style=\"font-size: medium;\">\u00a0\u00a0 Cz\u0142onkowie sekcji aktywnie uczestniczyli w przygotowaniach scenografii do wydarze\u0144 UTW: mi\u0119dzy innymi do Inauguracji roku akademickiego, do Pikniku \u015awi\u0119tokrzyskiego, redagowali tablice\u00a0 informacyjne UTW, prowadzili Kronik\u0119 UTW oraz dbali o wystr\u00f3j sal wyk\u0142adowych.<\/span><\/p>\n<p><span style=\"font-size: medium;\">\u00a0<\/span><\/p>\n<p><span style=\"font-size: medium;\">13.Sekcja gimnastyki \u2013 prowadzona \u00a0przez Barbar\u0119 Bedorf.\u00a0<\/span><\/p>\n<p><span style=\"font-size: medium;\">\u00a0\u00a0 Ilo\u015b\u0107 uczestnik\u00f3w 31 os\u00f3b.<\/span><\/p>\n<p><span style=\"font-size: medium;\">\u00a0\u00a0 Odby\u0142o si\u0119 27 godzin zaj\u0119\u0107.\u00a0<\/span><\/p>\n<p><span style=\"font-size: medium;\">\u00a0\u00a0 Plan pracy zrealizowano.<\/span><\/p>\n<p><span style=\"font-size: medium;\">Po przebytym locdownie uwaga prowadz\u0105cej zaj\u0119cia skupiona by\u0142a g\u0142\u00f3wnie na wzmocnieniu uk\u0142adu kostno- mi\u0119\u015bniowego oraz og\u00f3ln\u0105 popraw\u0105 wydolno\u015bci organizmu.<\/span><\/p>\n<p><span style=\"font-size: medium;\">14. Zumba \u2013 prowadz\u0105ca Agata Musia\u0142owska.<\/span><\/p>\n<p><span style=\"font-size: medium;\">\u00a0\u00a0 Ilo\u015b\u0107 uczestnik\u00f3w 12.<\/span><\/p>\n<p><span style=\"font-size: medium;\">\u00a0\u00a0 Odby\u0142o si\u0119 11 godz. zaj\u0119\u0107.<\/span><\/p>\n<p><span style=\"font-size: medium;\">\u00a0\u00a0 Frekwencja 50%<\/span><\/p>\n<p><span style=\"font-size: medium;\">\u00a0\u00a0 Plan pracy zrealizowano.<\/span><\/p>\n<p><span style=\"font-size: medium;\">15. Joga z elementami pilates &#8211; prowadz\u0105ca Agata Musia\u0142owska.<\/span><\/p>\n<p><span style=\"font-size: medium;\">\u00a0\u00a0\u00a0\u00a0 Ilo\u015b\u0107 uczestnik\u00f3w 10.<\/span><\/p>\n<p><span style=\"font-size: medium;\">\u00a0\u00a0 Odby\u0142o si\u0119 18 godz. zaj\u0119\u0107.<\/span><\/p>\n<p><span style=\"font-size: medium;\">\u00a0\u00a0 Frekwencja 50%<\/span><\/p>\n<p><span style=\"font-size: medium;\">\u00a0\u00a0 Plan pracy zrealizowano.<\/span><\/p>\n<p><span style=\"font-size: medium;\">16. Aqua Fitness na basenie &#8211; prowadz\u0105ca Agata Musia\u0142owska.<\/span><\/p>\n<p><span style=\"font-size: medium;\">\u00a0\u00a0\u00a0\u00a0 Ilo\u015b\u0107 uczestnik\u00f3w 25.<\/span><\/p>\n<p><span style=\"font-size: medium;\">\u00a0\u00a0 Odby\u0142o si\u0119 28 godz. zaj\u0119\u0107.<\/span><\/p>\n<p><span style=\"font-size: medium;\">\u00a0\u00a0 Frekwencja 70%<\/span><\/p>\n<p><span style=\"font-size: medium;\">\u00a0\u00a0 Plan pracy zrealizowano. Zaj\u0119cia odbywa\u0142y si\u0119 w 2 grupach:\u00a0 na basenie p\u0142ytkim i na g\u0142\u0119bokim.<\/span><\/p>\n<p><span style=\"font-size: medium;\">17. Sekcja geograficzno \u2013 turystyczna \u2013 prowadzona przez El\u017cbiet\u0119 Durlej<\/span><\/p>\n<p><span style=\"font-size: medium;\">\u00a0\u00a0 Ilo\u015b\u0107 uczestnik\u00f3w 16.<\/span><\/p>\n<p><span style=\"font-size: medium;\">\u00a0\u00a0 Odby\u0142o si\u0119 24 godz. zaj\u0119\u0107.<\/span><\/p>\n<p><span style=\"font-size: medium;\">\u00a0\u00a0 Frekwencja 70%<\/span><\/p>\n<p><span style=\"font-size: medium;\">\u00a0\u00a0 Plan pracy zrealizowano. Zaj\u0119cia odbywaj\u0105 si\u0119 2 razy w miesi\u0105cu. Sekcja organizuje spacery edukacyjne po Starachowicach i okolicy, jest to forma wypoczynku senior\u00f3w na \u015bwie\u017cym powietrzu oraz wzmacnianie ich fizycznej kondycji. Jednocze\u015bnie pog\u0142\u0119biaj\u0105 swoj\u0105 wiedz\u0119 o regionie. Sekcja organizuje r\u00f3wnie\u017c wycieczki i wyk\u0142ady.\u00a0 Tematy wyk\u0142ad\u00f3w obejmuj\u0105 problemy wsp\u00f3\u0142czesnego \u015bwiata, rolnictwa i\u00a0 demografii.\u00a0<\/span><\/p>\n<p><span style=\"font-size: medium;\">18. Sekcja przyrodnicza \u2013prowadzona przez Krystyn\u0119 Dutkiewicz.<\/span><\/p>\n<p><span style=\"font-size: medium;\">\u00a0 \u00a0\u00a0Ilo\u015b\u0107 uczestnik\u00f3w 15<\/span><\/p>\n<p><span style=\"font-size: medium;\">\u00a0\u00a0 Odby\u0142o si\u0119 12 godz. zaj\u0119\u0107.<\/span><\/p>\n<p><span style=\"font-size: medium;\">\u00a0\u00a0 Frekwencja\u00a0 63%<\/span><\/p>\n<p><span style=\"font-size: medium;\">\u00a0\u00a0 Zaj\u0119cia odbywaj\u0105 si\u0119 2 razy w miesi\u0105cu. Wyk\u0142ady prowadzone s\u0105 w formie prezentacji multimedialnych\u00a0\u00a0 po\u0142\u0105czonych\u00a0 z dyskusj\u0105 prowadz\u0105cej i s\u0142uchaczy. Nie zosta\u0142y zrealizowane zaj\u0119cia muzealne z powodu pandemii.<\/span><\/p>\n<p><span style=\"font-size: medium;\">\u00a0<\/span><\/p>\n<p><span style=\"font-size: medium;\">Opracowa\u0142a:\u00a0 Anna Tokarska\u00a0 \u00a0 \u00a0 \u00a0 \u00a0 \u00a0 \u00a0 \u00a0 \u00a0 \u00a0 \u00a0 \u00a0 \u00a0 \u00a0 \u00a0 \u00a0 \u00a0 \u00a0 \u00a0 \u00a0 \u00a0 \u00a0 \u00a0 \u00a0 \u00a0 \u00a0 \u00a0 \u00a0 \u00a0\u00a0<\/span><\/p>\n","protected":false},"excerpt":{"rendered":"<p>Sprawozdanie z dzia\u0142alno\u015bci merytorycznej Uniwersytetu Trzeciego Wieku w Starachowicach w 2021 roku. Rok 2021 zacz\u0105\u0142 si\u0119 wprowadzeniem w ca\u0142ym kraju &hellip;<\/p>\n","protected":false},"author":3,"featured_media":0,"parent":0,"menu_order":1,"comment_status":"open","ping_status":"open","template":"","meta":{"footnotes":""},"categories":[8],"tags":[],"_links":{"self":[{"href":"https:\/\/utwstarachowice.pl\/index.php?rest_route=\/wp\/v2\/pages\/1051"}],"collection":[{"href":"https:\/\/utwstarachowice.pl\/index.php?rest_route=\/wp\/v2\/pages"}],"about":[{"href":"https:\/\/utwstarachowice.pl\/index.php?rest_route=\/wp\/v2\/types\/page"}],"author":[{"embeddable":true,"href":"https:\/\/utwstarachowice.pl\/index.php?rest_route=\/wp\/v2\/users\/3"}],"replies":[{"embeddable":true,"href":"https:\/\/utwstarachowice.pl\/index.php?rest_route=%2Fwp%2Fv2%2Fcomments&post=1051"}],"version-history":[{"count":0,"href":"https:\/\/utwstarachowice.pl\/index.php?rest_route=\/wp\/v2\/pages\/1051\/revisions"}],"wp:attachment":[{"href":"https:\/\/utwstarachowice.pl\/index.php?rest_route=%2Fwp%2Fv2%2Fmedia&parent=1051"}],"wp:term":[{"taxonomy":"category","embeddable":true,"href":"https:\/\/utwstarachowice.pl\/index.php?rest_route=%2Fwp%2Fv2%2Fcategories&post=1051"},{"taxonomy":"post_tag","embeddable":true,"href":"https:\/\/utwstarachowice.pl\/index.php?rest_route=%2Fwp%2Fv2%2Ftags&post=1051"}],"curies":[{"name":"wp","href":"https:\/\/api.w.org\/{rel}","templated":true}]}}